{"id":39,"date":"2024-03-10T18:54:47","date_gmt":"2024-03-10T17:54:47","guid":{"rendered":"http:\/\/fokussrl.com\/home\/"},"modified":"2025-08-29T14:59:59","modified_gmt":"2025-08-29T12:59:59","slug":"home","status":"publish","type":"page","link":"https:\/\/www.fokussrl.com\/fr\/","title":{"rendered":"Home"},"content":{"rendered":"<div class=\"gb-container gb-container-308f0436\">\n<div class=\"gb-container gb-container-ad8f72cf\">\n\n<h2 class=\"gb-headline gb-headline-2c529112 gb-headline-text\"><a href=\"https:\/\/www.fokussrl.com\/fr\/categorie-produit\/cheminees\/cheminees-design\/\" data-type=\"product_cat\" data-id=\"4529\">Chemin\u00e9es design<\/a><\/h2>\n\n<\/div>\n\n<div class=\"gb-container gb-container-320f4d5f\">\n\n<div data-wp-context=\"{&quot;notices&quot;:[],&quot;hideNextPreviousButtons&quot;:false,&quot;isDisabledPrevious&quot;:true,&quot;isDisabledNext&quot;:false,&quot;ariaLabelPrevious&quot;:&quot;Produits pr\\u00e9c\\u00e9dents&quot;,&quot;ariaLabelNext&quot;:&quot;Produits suivants&quot;}\" data-wp-init=\"callbacks.onRender\" data-wp-interactive=\"woocommerce\/product-collection\" data-wp-router-region=\"wc-product-collection-0\" data-__private-preview-state=\"{&quot;isPreview&quot;:false,&quot;previewMessage&quot;:&quot;I prodotti effettivi variano a seconda della pagina visualizzata.&quot;}\" data-block-name=\"woocommerce\/product-collection\" data-dimensions=\"{&quot;widthType&quot;:&quot;fill&quot;}\" data-display-layout=\"{&quot;type&quot;:&quot;flex&quot;,&quot;columns&quot;:3,&quot;shrinkColumns&quot;:false}\" data-query-context-includes=\"[&quot;collection&quot;]\" data-query-id=\"0\" data-query=\"{&quot;perPage&quot;:9,&quot;pages&quot;:0,&quot;offset&quot;:0,&quot;postType&quot;:&quot;product&quot;,&quot;order&quot;:&quot;desc&quot;,&quot;orderBy&quot;:&quot;date&quot;,&quot;search&quot;:&quot;&quot;,&quot;exclude&quot;:[],&quot;inherit&quot;:false,&quot;taxQuery&quot;:{&quot;product_cat&quot;:[4529]},&quot;isProductCollectionBlock&quot;:true,&quot;featured&quot;:false,&quot;woocommerceOnSale&quot;:false,&quot;woocommerceStockStatus&quot;:[&quot;instock&quot;,&quot;outofstock&quot;,&quot;onbackorder&quot;],&quot;woocommerceAttributes&quot;:[],&quot;woocommerceHandPickedProducts&quot;:[],&quot;filterable&quot;:false,&quot;relatedBy&quot;:{&quot;categories&quot;:true,&quot;tags&quot;:true}}\" data-tag-name=\"div\" class=\"wp-block-woocommerce-product-collection is-layout-flow wp-block-woocommerce-product-collection-is-layout-flow\">\t\t<div data-wp-interactive=\"woocommerce\/store-notices\" class=\"wc-block-components-notices alignwide\">\n\t\t\t<template data-wp-each--notice=\"state.notices\" data-wp-each-key=\"context.notice.id\">\n\t\t\t\t<div\n\t\t\t\t\tclass=\"wc-block-components-notice-banner\"\n\t\t\t\t\tdata-wp-init=\"callbacks.scrollIntoView\"\n\t\t\t\t\tdata-wp-class--is-error=\"state.isError\"\n\t\t\t\t\tdata-wp-class--is-success=\"state.isSuccess\"\n\t\t\t\t\tdata-wp-class--is-info=\"state.isInfo\"\n\t\t\t\t\tdata-wp-class--is-dismissible=\"context.notice.dismissible\"\n\t\t\t\t\tdata-wp-bind--role=\"state.role\"\n\t\t\t\t\tdata-wp-watch=\"callbacks.injectIcon\"\n\t\t\t\t>\n\t\t\t\t\t<div class=\"wc-block-components-notice-banner__content\">\n\t\t\t\t\t\t<span data-wp-init=\"callbacks.renderNoticeContent\" aria-live=\"assertive\" aria-atomic=\"true\"><\/span>\n\t\t\t\t\t<\/div>\n\t\t\t\t\t<button\n\t\t\t\t\t\tdata-wp-bind--hidden=\"!context.notice.dismissible\"\n\t\t\t\t\t\tclass=\"wc-block-components-button wp-element-button wc-block-components-notice-banner__dismiss contained\"\n\t\t\t\t\t\taria-label=\"D\u00e9sactiver cette notification\"\n\t\t\t\t\t\tdata-wp-on--click=\"actions.removeNotice\"\n\t\t\t\t\t>\n\t\t\t\t\t\t<svg xmlns=\"http:\/\/www.w3.org\/2000\/svg\" viewBox=\"0 0 24 24\">\n\t\t\t\t\t\t\t<path d=\"M13 11.8l6.1-6.3-1-1-6.1 6.2-6.1-6.2-1 1 6.1 6.3-6.5 6.7 1 1 6.5-6.6 6.5 6.6 1-1z\" \/>\n\t\t\t\t\t\t<\/svg>\n\t\t\t\t\t<\/button>\n\t\t\t\t<\/div>\n\t\t\t<\/template>\n\t\t<\/div>\n\t\t<ul data-block-name=\"woocommerce\/product-template\" class=\"is-flex-container columns-3 wc-block-product-template wp-block-woocommerce-product-template is-layout-flow wp-block-woocommerce-product-template-is-layout-flow\" data-wp-on--scroll=\"actions.watchScroll\" data-wp-init=\"callbacks.initResizeObserver\"><li class=\"wc-block-product post-70850 product type-product status-publish has-post-thumbnail product_brand-focgrup-fr product_cat-cheminees-design product_shipping_class-caminetti-di-design-2-2 sales-flash-overlay woocommerce-text-align-center woocommerce-image-align-center do-quantity-buttons first instock taxable shipping-taxable purchasable product-type-simple\"\n\t\t\t\t\t\n\t\t\t\tdata-wp-interactive=\"woocommerce\/product-collection\"\n\t\t\t\tdata-wp-context='{\"productId\":70850}'\n\t\t\t\tdata-wp-key=\"product-item-70850\"\n\t\t\t\n\t\t\t\t>\n\t\t\t\t\t\n<div data-block-name=\"woocommerce\/product-image\" data-image-sizing=\"thumbnail\" data-is-descendent-of-query-loop=\"true\" data-show-sale-badge=\"false\" class=\"wc-block-components-product-image wc-block-grid__product-image wc-block-components-product-image--aspect-ratio-auto wp-block-woocommerce-product-image\"><a href=\"https:\/\/www.fokussrl.com\/fr\/produit\/cheminee-dangle-ouverte-a-bois-ch-03-145-kw-focgrup-copia\/\" style=\"\" data-wp-on--click=\"woocommerce\/product-collection::actions.viewProduct\"><img decoding=\"async\" width=\"300\" height=\"300\" src=\"https:\/\/www.fokussrl.com\/wp-content\/uploads\/2025\/01\/camino-a-legna-angolare-ch-03-aperto-14-5kw-focgrup-300x300.jpg\" class=\"attachment-woocommerce_thumbnail size-woocommerce_thumbnail\" alt=\"Camino a legna angolare CH 03 aperto 14,5 kW - Focgrup\" data-testid=\"product-image\" data-image-id=\"67805\" style=\"object-fit:cover;\" loading=\"lazy\" srcset=\"https:\/\/www.fokussrl.com\/wp-content\/uploads\/2025\/01\/camino-a-legna-angolare-ch-03-aperto-14-5kw-focgrup-300x300.jpg 300w, https:\/\/www.fokussrl.com\/wp-content\/uploads\/2025\/01\/camino-a-legna-angolare-ch-03-aperto-14-5kw-focgrup-150x150.jpg 150w, https:\/\/www.fokussrl.com\/wp-content\/uploads\/2025\/01\/camino-a-legna-angolare-ch-03-aperto-14-5kw-focgrup-768x768.jpg 768w, https:\/\/www.fokussrl.com\/wp-content\/uploads\/2025\/01\/camino-a-legna-angolare-ch-03-aperto-14-5kw-focgrup-600x600.jpg 600w, https:\/\/www.fokussrl.com\/wp-content\/uploads\/2025\/01\/camino-a-legna-angolare-ch-03-aperto-14-5kw-focgrup-100x100.jpg 100w, https:\/\/www.fokussrl.com\/wp-content\/uploads\/2025\/01\/camino-a-legna-angolare-ch-03-aperto-14-5kw-focgrup-64x64.jpg 64w, https:\/\/www.fokussrl.com\/wp-content\/uploads\/2025\/01\/camino-a-legna-angolare-ch-03-aperto-14-5kw-focgrup.jpg 1024w\" sizes=\"auto, (max-width: 300px) 100vw, 300px\" \/><div class=\"wc-block-components-product-image__inner-container\">\n\n<\/div><\/a><\/div>\n\n<h3 style=\"font-size:13px;font-style:normal;font-weight:500;text-transform:uppercase; margin-bottom:0.75rem;margin-top:0;\" class=\"has-text-align-center has-link-color wp-elements-f49df5a45cd9fc927f3a9fccc3b84773 wp-block-post-title has-text-color has-contrast-color\"><a data-wp-on--click=\"woocommerce\/product-collection::actions.viewProduct\" href=\"https:\/\/www.fokussrl.com\/fr\/produit\/cheminee-dangle-ouverte-a-bois-ch-03-145-kw-focgrup-copia\/\" target=\"_self\" >Chemin\u00e9e d&rsquo;angle ouverte \u00e0 bois CH 03 14,5 kW &#8211; Focgrup (Copia)<\/a><\/h3>\n\n<div data-block-name=\"woocommerce\/product-price\" data-is-descendent-of-query-loop=\"true\" data-style=\"{&quot;typography&quot;:{&quot;fontSize&quot;:&quot;14px&quot;},&quot;elements&quot;:{&quot;link&quot;:{&quot;color&quot;:{&quot;text&quot;:&quot;var:preset|color|prezzo&quot;}}}}\" data-text-align=\"center\" data-text-color=\"prezzo\" style=\"font-size: 14px; font-size:14px;\" class=\"has-text-align-center has-text-color has-prezzo-color wp-elements-8cdf4749307a23b4b49ac430d9b5e2e6 wp-elements-8cdf4749307a23b4b49ac430d9b5e2e6 wp-block-woocommerce-product-price has-text-color has-prezzo-color\" ><div class=\"wc-block-components-product-price wc-block-grid__product-price\" >\n\t\t\t\t\t<span class=\"woocommerce-Price-amount amount\"><bdi>2.986,48&nbsp;<span class=\"woocommerce-Price-currencySymbol\">&euro;<\/span><\/bdi><\/span> <small class=\"woocommerce-price-suffix\">HT<\/small>\n\t\t\t\t<\/div><\/div>\n\n\t\t\t\t<\/li><li class=\"wc-block-product post-70845 product type-product status-publish has-post-thumbnail product_brand-fugar-fr product_cat-cheminees-design product_shipping_class-caminetti-di-design-2-2 sales-flash-overlay woocommerce-text-align-center woocommerce-image-align-center do-quantity-buttons  instock taxable shipping-taxable purchasable product-type-simple\"\n\t\t\t\t\t\n\t\t\t\tdata-wp-interactive=\"woocommerce\/product-collection\"\n\t\t\t\tdata-wp-context='{\"productId\":70845}'\n\t\t\t\tdata-wp-key=\"product-item-70845\"\n\t\t\t\n\t\t\t\t>\n\t\t\t\t\t\n<div data-block-name=\"woocommerce\/product-image\" data-image-sizing=\"thumbnail\" data-is-descendent-of-query-loop=\"true\" data-show-sale-badge=\"false\" class=\"wc-block-components-product-image wc-block-grid__product-image wc-block-components-product-image--aspect-ratio-auto wp-block-woocommerce-product-image\"><a href=\"https:\/\/www.fokussrl.com\/fr\/produit\/cheminee-ouverte-a-bois-loiret-9-kw-fugar-copia\/\" style=\"\" data-wp-on--click=\"woocommerce\/product-collection::actions.viewProduct\"><img decoding=\"async\" width=\"300\" height=\"300\" src=\"https:\/\/www.fokussrl.com\/wp-content\/uploads\/2025\/01\/70423a_cce47545302943a686599bd426282594mv2-300x300.jpg\" class=\"attachment-woocommerce_thumbnail size-woocommerce_thumbnail\" alt=\"Chemin\u00e9e ouverte \u00e0 bois LOIRET 9 kW - Fugar (Copia)\" data-testid=\"product-image\" data-image-id=\"52982\" style=\"object-fit:cover;\" loading=\"lazy\" srcset=\"https:\/\/www.fokussrl.com\/wp-content\/uploads\/2025\/01\/70423a_cce47545302943a686599bd426282594mv2-300x300.jpg 300w, https:\/\/www.fokussrl.com\/wp-content\/uploads\/2025\/01\/70423a_cce47545302943a686599bd426282594mv2-150x150.jpg 150w, https:\/\/www.fokussrl.com\/wp-content\/uploads\/2025\/01\/70423a_cce47545302943a686599bd426282594mv2-100x100.jpg 100w\" sizes=\"auto, (max-width: 300px) 100vw, 300px\" \/><div class=\"wc-block-components-product-image__inner-container\">\n\n<\/div><\/a><\/div>\n\n<h3 style=\"font-size:13px;font-style:normal;font-weight:500;text-transform:uppercase; margin-bottom:0.75rem;margin-top:0;\" class=\"has-text-align-center has-link-color wp-elements-f49df5a45cd9fc927f3a9fccc3b84773 wp-block-post-title has-text-color has-contrast-color\"><a data-wp-on--click=\"woocommerce\/product-collection::actions.viewProduct\" href=\"https:\/\/www.fokussrl.com\/fr\/produit\/cheminee-ouverte-a-bois-loiret-9-kw-fugar-copia\/\" target=\"_self\" >Chemin\u00e9e ouverte \u00e0 bois LOIRET 9 kW &#8211; Fugar (Copia)<\/a><\/h3>\n\n<div data-block-name=\"woocommerce\/product-price\" data-is-descendent-of-query-loop=\"true\" data-style=\"{&quot;typography&quot;:{&quot;fontSize&quot;:&quot;14px&quot;},&quot;elements&quot;:{&quot;link&quot;:{&quot;color&quot;:{&quot;text&quot;:&quot;var:preset|color|prezzo&quot;}}}}\" data-text-align=\"center\" data-text-color=\"prezzo\" style=\"font-size: 14px; font-size:14px;\" class=\"has-text-align-center has-text-color has-prezzo-color wp-elements-8cdf4749307a23b4b49ac430d9b5e2e6 wp-elements-8cdf4749307a23b4b49ac430d9b5e2e6 wp-block-woocommerce-product-price has-text-color has-prezzo-color\" ><div class=\"wc-block-components-product-price wc-block-grid__product-price\" >\n\t\t\t\t\t<span class=\"woocommerce-Price-amount amount\"><bdi>3.419,39&nbsp;<span class=\"woocommerce-Price-currencySymbol\">&euro;<\/span><\/bdi><\/span> <small class=\"woocommerce-price-suffix\">HT<\/small>\n\t\t\t\t<\/div><\/div>\n\n\t\t\t\t<\/li><li class=\"wc-block-product post-70797 product type-product status-publish has-post-thumbnail product_brand-bronpi-fr product_cat-cheminees-design product_shipping_class-caminetti-di-design-2-2 pa_modello-convection-naturelle pa_modello-ventilee pa_versione-avec-base-au-sol pa_versione-avec-support pa_versione-installation-libre sales-flash-overlay woocommerce-text-align-center woocommerce-image-align-center do-quantity-buttons  instock taxable shipping-taxable purchasable product-type-variable\"\n\t\t\t\t\t\n\t\t\t\tdata-wp-interactive=\"woocommerce\/product-collection\"\n\t\t\t\tdata-wp-context='{\"productId\":70797}'\n\t\t\t\tdata-wp-key=\"product-item-70797\"\n\t\t\t\n\t\t\t\t>\n\t\t\t\t\t\n<div data-block-name=\"woocommerce\/product-image\" data-image-sizing=\"thumbnail\" data-is-descendent-of-query-loop=\"true\" data-show-sale-badge=\"false\" class=\"wc-block-components-product-image wc-block-grid__product-image wc-block-components-product-image--aspect-ratio-auto wp-block-woocommerce-product-image\"><a href=\"https:\/\/www.fokussrl.com\/fr\/produit\/cheminee-a-bois-cairo-110-3c-box-13-kw-bronpi\/\" style=\"\" data-wp-on--click=\"woocommerce\/product-collection::actions.viewProduct\"><img decoding=\"async\" width=\"300\" height=\"300\" src=\"https:\/\/www.fokussrl.com\/wp-content\/uploads\/2026\/04\/cairo-110-3c-box-foto-1-300x300.jpg\" class=\"attachment-woocommerce_thumbnail size-woocommerce_thumbnail\" alt=\"Chemin\u00e9e \u00e0 bois  CAIRO 110 3C BOX 13 Kw - Bronpi\" data-testid=\"product-image\" data-image-id=\"70818\" style=\"object-fit:cover;\" loading=\"lazy\" srcset=\"https:\/\/www.fokussrl.com\/wp-content\/uploads\/2026\/04\/cairo-110-3c-box-foto-1-300x300.jpg 300w, https:\/\/www.fokussrl.com\/wp-content\/uploads\/2026\/04\/cairo-110-3c-box-foto-1-150x150.jpg 150w, https:\/\/www.fokussrl.com\/wp-content\/uploads\/2026\/04\/cairo-110-3c-box-foto-1-100x100.jpg 100w\" sizes=\"auto, (max-width: 300px) 100vw, 300px\" \/><div class=\"wc-block-components-product-image__inner-container\">\n\n<\/div><\/a><\/div>\n\n<h3 style=\"font-size:13px;font-style:normal;font-weight:500;text-transform:uppercase; margin-bottom:0.75rem;margin-top:0;\" class=\"has-text-align-center has-link-color wp-elements-f49df5a45cd9fc927f3a9fccc3b84773 wp-block-post-title has-text-color has-contrast-color\"><a data-wp-on--click=\"woocommerce\/product-collection::actions.viewProduct\" href=\"https:\/\/www.fokussrl.com\/fr\/produit\/cheminee-a-bois-cairo-110-3c-box-13-kw-bronpi\/\" target=\"_self\" >Chemin\u00e9e \u00e0 bois  CAIRO 110 3C BOX 13 Kw &#8211; Bronpi<\/a><\/h3>\n\n<div data-block-name=\"woocommerce\/product-price\" data-is-descendent-of-query-loop=\"true\" data-style=\"{&quot;typography&quot;:{&quot;fontSize&quot;:&quot;14px&quot;},&quot;elements&quot;:{&quot;link&quot;:{&quot;color&quot;:{&quot;text&quot;:&quot;var:preset|color|prezzo&quot;}}}}\" data-text-align=\"center\" data-text-color=\"prezzo\" style=\"font-size: 14px; font-size:14px;\" class=\"has-text-align-center has-text-color has-prezzo-color wp-elements-8cdf4749307a23b4b49ac430d9b5e2e6 wp-elements-8cdf4749307a23b4b49ac430d9b5e2e6 wp-block-woocommerce-product-price has-text-color has-prezzo-color\" ><div class=\"wc-block-components-product-price wc-block-grid__product-price\" >\n\t\t\t\t\t<span class=\"woocommerce-Price-amount amount\" aria-hidden=\"true\"><bdi>2.635,33&nbsp;<span class=\"woocommerce-Price-currencySymbol\">&euro;<\/span><\/bdi><\/span> <span aria-hidden=\"true\">\u00a0\u2013\u00a0<\/span> <span class=\"woocommerce-Price-amount amount\" aria-hidden=\"true\"><bdi>3.190,45&nbsp;<span class=\"woocommerce-Price-currencySymbol\">&euro;<\/span><\/bdi><\/span><span class=\"screen-reader-text\">Plage de prix\u00a0: 2.635,33&nbsp;&euro; \u00e0 3.190,45&nbsp;&euro;<\/span> <small class=\"woocommerce-price-suffix\">HT<\/small>\n\t\t\t\t<\/div><\/div>\n\n\t\t\t\t<\/li><li class=\"wc-block-product post-66850 product type-product status-publish has-post-thumbnail product_brand-rocal-fr product_cat-cheminees-design product_cat-cheminees-modernes-au-bois-murales product_shipping_class-caminetti-di-design-2-2 sales-flash-overlay woocommerce-text-align-center woocommerce-image-align-center do-quantity-buttons last instock taxable shipping-taxable product-type-simple\"\n\t\t\t\t\t\n\t\t\t\tdata-wp-interactive=\"woocommerce\/product-collection\"\n\t\t\t\tdata-wp-context='{\"productId\":66850}'\n\t\t\t\tdata-wp-key=\"product-item-66850\"\n\t\t\t\n\t\t\t\t>\n\t\t\t\t\t\n<div data-block-name=\"woocommerce\/product-image\" data-image-sizing=\"thumbnail\" data-is-descendent-of-query-loop=\"true\" data-show-sale-badge=\"false\" class=\"wc-block-components-product-image wc-block-grid__product-image wc-block-components-product-image--aspect-ratio-auto wp-block-woocommerce-product-image\"><a href=\"https:\/\/www.fokussrl.com\/fr\/produit\/cheminee-murale-a-bois-d-8-13-kw-rocal\/\" style=\"\" data-wp-on--click=\"woocommerce\/product-collection::actions.viewProduct\"><img decoding=\"async\" width=\"300\" height=\"300\" src=\"https:\/\/www.fokussrl.com\/wp-content\/uploads\/2025\/01\/70423a_604c3d54a83b49978cd258364c6c6becmv2-300x300.jpg\" class=\"attachment-woocommerce_thumbnail size-woocommerce_thumbnail\" alt=\"Chemin\u00e9e murale \u00e0 bois D-8 13 kW - Rocal\" data-testid=\"product-image\" data-image-id=\"53274\" style=\"object-fit:cover;\" loading=\"lazy\" srcset=\"https:\/\/www.fokussrl.com\/wp-content\/uploads\/2025\/01\/70423a_604c3d54a83b49978cd258364c6c6becmv2-300x300.jpg 300w, https:\/\/www.fokussrl.com\/wp-content\/uploads\/2025\/01\/70423a_604c3d54a83b49978cd258364c6c6becmv2-150x150.jpg 150w, https:\/\/www.fokussrl.com\/wp-content\/uploads\/2025\/01\/70423a_604c3d54a83b49978cd258364c6c6becmv2-100x100.jpg 100w\" sizes=\"auto, (max-width: 300px) 100vw, 300px\" \/><div class=\"wc-block-components-product-image__inner-container\">\n\n<\/div><\/a><\/div>\n\n<h3 style=\"font-size:13px;font-style:normal;font-weight:500;text-transform:uppercase; margin-bottom:0.75rem;margin-top:0;\" class=\"has-text-align-center has-link-color wp-elements-f49df5a45cd9fc927f3a9fccc3b84773 wp-block-post-title has-text-color has-contrast-color\"><a data-wp-on--click=\"woocommerce\/product-collection::actions.viewProduct\" href=\"https:\/\/www.fokussrl.com\/fr\/produit\/cheminee-murale-a-bois-d-8-13-kw-rocal\/\" target=\"_self\" >Chemin\u00e9e murale \u00e0 bois D-8 13 kW &#8211; Rocal<\/a><\/h3>\n\n<div data-block-name=\"woocommerce\/product-price\" data-is-descendent-of-query-loop=\"true\" data-style=\"{&quot;typography&quot;:{&quot;fontSize&quot;:&quot;14px&quot;},&quot;elements&quot;:{&quot;link&quot;:{&quot;color&quot;:{&quot;text&quot;:&quot;var:preset|color|prezzo&quot;}}}}\" data-text-align=\"center\" data-text-color=\"prezzo\" style=\"font-size: 14px; font-size:14px;\" class=\"has-text-align-center has-text-color has-prezzo-color wp-elements-8cdf4749307a23b4b49ac430d9b5e2e6 wp-elements-8cdf4749307a23b4b49ac430d9b5e2e6 wp-block-woocommerce-product-price has-text-color has-prezzo-color\" ><div class=\"wc-block-components-product-price wc-block-grid__product-price\" >\n\t\t\t\t\t<a href=\"#preventivo\" class=\"smooth-scroll\"><span class=\"no-price\">Contactez-nous pour un devis personnalis\u00e9<\/span><\/a>\n\t\t\t\t<\/div><\/div>\n\n\t\t\t\t<\/li><li class=\"wc-block-product post-61336 product type-product status-publish has-post-thumbnail product_brand-bellido-fr product_cat-cheminees-design product_shipping_class-caminetti-di-design-2-2 pa_versione-droite-3 pa_versione-gauche-fr sales-flash-overlay woocommerce-text-align-center woocommerce-image-align-center do-quantity-buttons first instock taxable shipping-taxable purchasable product-type-variable\"\n\t\t\t\t\t\n\t\t\t\tdata-wp-interactive=\"woocommerce\/product-collection\"\n\t\t\t\tdata-wp-context='{\"productId\":61336}'\n\t\t\t\tdata-wp-key=\"product-item-61336\"\n\t\t\t\n\t\t\t\t>\n\t\t\t\t\t\n<div data-block-name=\"woocommerce\/product-image\" data-image-sizing=\"thumbnail\" data-is-descendent-of-query-loop=\"true\" data-show-sale-badge=\"false\" class=\"wc-block-components-product-image wc-block-grid__product-image wc-block-components-product-image--aspect-ratio-auto wp-block-woocommerce-product-image\"><a href=\"https:\/\/www.fokussrl.com\/fr\/produit\/cheminee-bois-deux-faces-diamantine-80\/\" style=\"\" data-wp-on--click=\"woocommerce\/product-collection::actions.viewProduct\"><img decoding=\"async\" width=\"300\" height=\"300\" src=\"https:\/\/www.fokussrl.com\/wp-content\/uploads\/2025\/01\/70423a_77e120ff74004f298a825f901ccc2aa7mv2-300x300.jpg\" class=\"attachment-woocommerce_thumbnail size-woocommerce_thumbnail\" alt=\"Chemin\u00e9e \u00e0 bois deux faces DIAMANTINE 80 - Bellido\" data-testid=\"product-image\" data-image-id=\"60252\" style=\"object-fit:cover;\" loading=\"lazy\" srcset=\"https:\/\/www.fokussrl.com\/wp-content\/uploads\/2025\/01\/70423a_77e120ff74004f298a825f901ccc2aa7mv2-300x300.jpg 300w, https:\/\/www.fokussrl.com\/wp-content\/uploads\/2025\/01\/70423a_77e120ff74004f298a825f901ccc2aa7mv2-150x150.jpg 150w, https:\/\/www.fokussrl.com\/wp-content\/uploads\/2025\/01\/70423a_77e120ff74004f298a825f901ccc2aa7mv2-100x100.jpg 100w\" sizes=\"auto, (max-width: 300px) 100vw, 300px\" \/><div class=\"wc-block-components-product-image__inner-container\">\n\n<\/div><\/a><\/div>\n\n<h3 style=\"font-size:13px;font-style:normal;font-weight:500;text-transform:uppercase; margin-bottom:0.75rem;margin-top:0;\" class=\"has-text-align-center has-link-color wp-elements-f49df5a45cd9fc927f3a9fccc3b84773 wp-block-post-title has-text-color has-contrast-color\"><a data-wp-on--click=\"woocommerce\/product-collection::actions.viewProduct\" href=\"https:\/\/www.fokussrl.com\/fr\/produit\/cheminee-bois-deux-faces-diamantine-80\/\" target=\"_self\" >Chemin\u00e9e \u00e0 bois deux faces DIAMANTINE 80 &#8211; Bellido<\/a><\/h3>\n\n<div data-block-name=\"woocommerce\/product-price\" data-is-descendent-of-query-loop=\"true\" data-style=\"{&quot;typography&quot;:{&quot;fontSize&quot;:&quot;14px&quot;},&quot;elements&quot;:{&quot;link&quot;:{&quot;color&quot;:{&quot;text&quot;:&quot;var:preset|color|prezzo&quot;}}}}\" data-text-align=\"center\" data-text-color=\"prezzo\" style=\"font-size: 14px; font-size:14px;\" class=\"has-text-align-center has-text-color has-prezzo-color wp-elements-8cdf4749307a23b4b49ac430d9b5e2e6 wp-elements-8cdf4749307a23b4b49ac430d9b5e2e6 wp-block-woocommerce-product-price has-text-color has-prezzo-color\" ><div class=\"wc-block-components-product-price wc-block-grid__product-price\" >\n\t\t\t\t\t<span class=\"woocommerce-Price-amount amount\"><bdi>2.952,91&nbsp;<span class=\"woocommerce-Price-currencySymbol\">&euro;<\/span><\/bdi><\/span> <small class=\"woocommerce-price-suffix\">HT<\/small>\n\t\t\t\t<\/div><\/div>\n\n\t\t\t\t<\/li><li class=\"wc-block-product post-61339 product type-product status-publish has-post-thumbnail product_brand-focgrup-fr product_cat-cheminees-design product_shipping_class-caminetti-di-design-2-2 pa_versione-droite-3 pa_versione-gauche-fr sales-flash-overlay woocommerce-text-align-center woocommerce-image-align-center do-quantity-buttons  instock taxable shipping-taxable purchasable product-type-variable\"\n\t\t\t\t\t\n\t\t\t\tdata-wp-interactive=\"woocommerce\/product-collection\"\n\t\t\t\tdata-wp-context='{\"productId\":61339}'\n\t\t\t\tdata-wp-key=\"product-item-61339\"\n\t\t\t\n\t\t\t\t>\n\t\t\t\t\t\n<div data-block-name=\"woocommerce\/product-image\" data-image-sizing=\"thumbnail\" data-is-descendent-of-query-loop=\"true\" data-show-sale-badge=\"false\" class=\"wc-block-components-product-image wc-block-grid__product-image wc-block-components-product-image--aspect-ratio-auto wp-block-woocommerce-product-image\"><a href=\"https:\/\/www.fokussrl.com\/fr\/produit\/cheminee-d-angle-suspendue-bois-ch-57-avec-verre-12-kw\/\" style=\"\" data-wp-on--click=\"woocommerce\/product-collection::actions.viewProduct\"><img decoding=\"async\" width=\"300\" height=\"300\" src=\"https:\/\/www.fokussrl.com\/wp-content\/uploads\/2025\/02\/camino-a-legna-sospeso-angolare-ch-57-con-vetro-12-kw-focgrup-300x300.jpg\" class=\"attachment-woocommerce_thumbnail size-woocommerce_thumbnail\" alt=\"Camino a legna sospeso angolare CH 57 con vetro 12 kW Focgrup\" data-testid=\"product-image\" data-image-id=\"67667\" style=\"object-fit:cover;\" loading=\"lazy\" srcset=\"https:\/\/www.fokussrl.com\/wp-content\/uploads\/2025\/02\/camino-a-legna-sospeso-angolare-ch-57-con-vetro-12-kw-focgrup-300x300.jpg 300w, https:\/\/www.fokussrl.com\/wp-content\/uploads\/2025\/02\/camino-a-legna-sospeso-angolare-ch-57-con-vetro-12-kw-focgrup-150x150.jpg 150w, https:\/\/www.fokussrl.com\/wp-content\/uploads\/2025\/02\/camino-a-legna-sospeso-angolare-ch-57-con-vetro-12-kw-focgrup-768x768.jpg 768w, https:\/\/www.fokussrl.com\/wp-content\/uploads\/2025\/02\/camino-a-legna-sospeso-angolare-ch-57-con-vetro-12-kw-focgrup-600x600.jpg 600w, https:\/\/www.fokussrl.com\/wp-content\/uploads\/2025\/02\/camino-a-legna-sospeso-angolare-ch-57-con-vetro-12-kw-focgrup-100x100.jpg 100w, https:\/\/www.fokussrl.com\/wp-content\/uploads\/2025\/02\/camino-a-legna-sospeso-angolare-ch-57-con-vetro-12-kw-focgrup-64x64.jpg 64w, https:\/\/www.fokussrl.com\/wp-content\/uploads\/2025\/02\/camino-a-legna-sospeso-angolare-ch-57-con-vetro-12-kw-focgrup.jpg 864w\" sizes=\"auto, (max-width: 300px) 100vw, 300px\" \/><div class=\"wc-block-components-product-image__inner-container\">\n\n<\/div><\/a><\/div>\n\n<h3 style=\"font-size:13px;font-style:normal;font-weight:500;text-transform:uppercase; margin-bottom:0.75rem;margin-top:0;\" class=\"has-text-align-center has-link-color wp-elements-f49df5a45cd9fc927f3a9fccc3b84773 wp-block-post-title has-text-color has-contrast-color\"><a data-wp-on--click=\"woocommerce\/product-collection::actions.viewProduct\" href=\"https:\/\/www.fokussrl.com\/fr\/produit\/cheminee-d-angle-suspendue-bois-ch-57-avec-verre-12-kw\/\" target=\"_self\" >Chemin\u00e9e d&rsquo;angle suspendue \u00e0 bois CH 57 avec verre 12 kW &#8211; Focgrup<\/a><\/h3>\n\n<div data-block-name=\"woocommerce\/product-price\" data-is-descendent-of-query-loop=\"true\" data-style=\"{&quot;typography&quot;:{&quot;fontSize&quot;:&quot;14px&quot;},&quot;elements&quot;:{&quot;link&quot;:{&quot;color&quot;:{&quot;text&quot;:&quot;var:preset|color|prezzo&quot;}}}}\" data-text-align=\"center\" data-text-color=\"prezzo\" style=\"font-size: 14px; font-size:14px;\" class=\"has-text-align-center has-text-color has-prezzo-color wp-elements-8cdf4749307a23b4b49ac430d9b5e2e6 wp-elements-8cdf4749307a23b4b49ac430d9b5e2e6 wp-block-woocommerce-product-price has-text-color has-prezzo-color\" ><div class=\"wc-block-components-product-price wc-block-grid__product-price\" >\n\t\t\t\t\t<span class=\"woocommerce-Price-amount amount\"><bdi>2.881,48&nbsp;<span class=\"woocommerce-Price-currencySymbol\">&euro;<\/span><\/bdi><\/span> <small class=\"woocommerce-price-suffix\">HT<\/small>\n\t\t\t\t<\/div><\/div>\n\n\t\t\t\t<\/li><li class=\"wc-block-product post-61316 product type-product status-publish has-post-thumbnail product_brand-focgrup-fr product_cat-cheminees-design product_shipping_class-caminetti-di-design-2-2 pa_colore-anthracite-fr pa_colore-anthracite-finition-chrome pa_versione-droite-3 pa_versione-gauche-fr sales-flash-overlay woocommerce-text-align-center woocommerce-image-align-center do-quantity-buttons  instock taxable shipping-taxable purchasable product-type-variable\"\n\t\t\t\t\t\n\t\t\t\tdata-wp-interactive=\"woocommerce\/product-collection\"\n\t\t\t\tdata-wp-context='{\"productId\":61316}'\n\t\t\t\tdata-wp-key=\"product-item-61316\"\n\t\t\t\n\t\t\t\t>\n\t\t\t\t\t\n<div data-block-name=\"woocommerce\/product-image\" data-image-sizing=\"thumbnail\" data-is-descendent-of-query-loop=\"true\" data-show-sale-badge=\"false\" class=\"wc-block-components-product-image wc-block-grid__product-image wc-block-components-product-image--aspect-ratio-auto wp-block-woocommerce-product-image\"><a href=\"https:\/\/www.fokussrl.com\/fr\/produit\/cheminee-d-angle-bois-ch-83-ouverte-14-4-kw\/\" style=\"\" data-wp-on--click=\"woocommerce\/product-collection::actions.viewProduct\"><img decoding=\"async\" width=\"284\" height=\"300\" src=\"https:\/\/www.fokussrl.com\/wp-content\/uploads\/2025\/01\/70423a_6ca3dc2cc07c4918a2b6361be02e1befmv2-284x300.jpg\" class=\"attachment-woocommerce_thumbnail size-woocommerce_thumbnail\" alt=\"Chemin\u00e9e d&#039;angle \u00e0 bois CH 83 ouverte 14,4 kW - Focgrup\" data-testid=\"product-image\" data-image-id=\"60184\" style=\"object-fit:cover;\" loading=\"lazy\" \/><div class=\"wc-block-components-product-image__inner-container\">\n\n<\/div><\/a><\/div>\n\n<h3 style=\"font-size:13px;font-style:normal;font-weight:500;text-transform:uppercase; margin-bottom:0.75rem;margin-top:0;\" class=\"has-text-align-center has-link-color wp-elements-f49df5a45cd9fc927f3a9fccc3b84773 wp-block-post-title has-text-color has-contrast-color\"><a data-wp-on--click=\"woocommerce\/product-collection::actions.viewProduct\" href=\"https:\/\/www.fokussrl.com\/fr\/produit\/cheminee-d-angle-bois-ch-83-ouverte-14-4-kw\/\" target=\"_self\" >Chemin\u00e9e d&rsquo;angle \u00e0 bois CH 83 ouverte 14,4 kW &#8211; Focgrup<\/a><\/h3>\n\n<div data-block-name=\"woocommerce\/product-price\" data-is-descendent-of-query-loop=\"true\" data-style=\"{&quot;typography&quot;:{&quot;fontSize&quot;:&quot;14px&quot;},&quot;elements&quot;:{&quot;link&quot;:{&quot;color&quot;:{&quot;text&quot;:&quot;var:preset|color|prezzo&quot;}}}}\" data-text-align=\"center\" data-text-color=\"prezzo\" style=\"font-size: 14px; font-size:14px;\" class=\"has-text-align-center has-text-color has-prezzo-color wp-elements-8cdf4749307a23b4b49ac430d9b5e2e6 wp-elements-8cdf4749307a23b4b49ac430d9b5e2e6 wp-block-woocommerce-product-price has-text-color has-prezzo-color\" ><div class=\"wc-block-components-product-price wc-block-grid__product-price\" >\n\t\t\t\t\t<span class=\"woocommerce-Price-amount amount\"><bdi>3.402,17&nbsp;<span class=\"woocommerce-Price-currencySymbol\">&euro;<\/span><\/bdi><\/span> <small class=\"woocommerce-price-suffix\">HT<\/small>\n\t\t\t\t<\/div><\/div>\n\n\t\t\t\t<\/li><li class=\"wc-block-product post-61321 product type-product status-publish has-post-thumbnail product_brand-focgrup-fr product_cat-cheminees-design product_shipping_class-caminetti-di-design-2-2 pa_colore-anthracite-fr pa_colore-anthracite-finition-chrome pa_versione-droite-3 pa_versione-gauche-fr sales-flash-overlay woocommerce-text-align-center woocommerce-image-align-center do-quantity-buttons last instock taxable shipping-taxable purchasable product-type-variable\"\n\t\t\t\t\t\n\t\t\t\tdata-wp-interactive=\"woocommerce\/product-collection\"\n\t\t\t\tdata-wp-context='{\"productId\":61321}'\n\t\t\t\tdata-wp-key=\"product-item-61321\"\n\t\t\t\n\t\t\t\t>\n\t\t\t\t\t\n<div data-block-name=\"woocommerce\/product-image\" data-image-sizing=\"thumbnail\" data-is-descendent-of-query-loop=\"true\" data-show-sale-badge=\"false\" class=\"wc-block-components-product-image wc-block-grid__product-image wc-block-components-product-image--aspect-ratio-auto wp-block-woocommerce-product-image\"><a href=\"https:\/\/www.fokussrl.com\/fr\/produit\/cheminee-d-angle-bois-ch-83-avec-verre-14-4-kw\/\" style=\"\" data-wp-on--click=\"woocommerce\/product-collection::actions.viewProduct\"><img decoding=\"async\" width=\"284\" height=\"300\" src=\"https:\/\/www.fokussrl.com\/wp-content\/uploads\/2025\/01\/70423a_6ca3dc2cc07c4918a2b6361be02e1befmv2-284x300.jpg\" class=\"attachment-woocommerce_thumbnail size-woocommerce_thumbnail\" alt=\"Chemin\u00e9e d&#039;angle \u00e0 bois CH 83 avec verre 14,4 kW - Focgrup\" data-testid=\"product-image\" data-image-id=\"60184\" style=\"object-fit:cover;\" loading=\"lazy\" \/><div class=\"wc-block-components-product-image__inner-container\">\n\n<\/div><\/a><\/div>\n\n<h3 style=\"font-size:13px;font-style:normal;font-weight:500;text-transform:uppercase; margin-bottom:0.75rem;margin-top:0;\" class=\"has-text-align-center has-link-color wp-elements-f49df5a45cd9fc927f3a9fccc3b84773 wp-block-post-title has-text-color has-contrast-color\"><a data-wp-on--click=\"woocommerce\/product-collection::actions.viewProduct\" href=\"https:\/\/www.fokussrl.com\/fr\/produit\/cheminee-d-angle-bois-ch-83-avec-verre-14-4-kw\/\" target=\"_self\" >Chemin\u00e9e d&rsquo;angle \u00e0 bois CH 83 avec verre 14,4 kW &#8211; Focgrup<\/a><\/h3>\n\n<div data-block-name=\"woocommerce\/product-price\" data-is-descendent-of-query-loop=\"true\" data-style=\"{&quot;typography&quot;:{&quot;fontSize&quot;:&quot;14px&quot;},&quot;elements&quot;:{&quot;link&quot;:{&quot;color&quot;:{&quot;text&quot;:&quot;var:preset|color|prezzo&quot;}}}}\" data-text-align=\"center\" data-text-color=\"prezzo\" style=\"font-size: 14px; font-size:14px;\" class=\"has-text-align-center has-text-color has-prezzo-color wp-elements-8cdf4749307a23b4b49ac430d9b5e2e6 wp-elements-8cdf4749307a23b4b49ac430d9b5e2e6 wp-block-woocommerce-product-price has-text-color has-prezzo-color\" ><div class=\"wc-block-components-product-price wc-block-grid__product-price\" >\n\t\t\t\t\t<span class=\"woocommerce-Price-amount amount\" aria-hidden=\"true\"><bdi>5.020,20&nbsp;<span class=\"woocommerce-Price-currencySymbol\">&euro;<\/span><\/bdi><\/span> <span aria-hidden=\"true\">\u00a0\u2013\u00a0<\/span> <span class=\"woocommerce-Price-amount amount\" aria-hidden=\"true\"><bdi>5.090,78&nbsp;<span class=\"woocommerce-Price-currencySymbol\">&euro;<\/span><\/bdi><\/span><span class=\"screen-reader-text\">Plage de prix\u00a0: 5.020,20&nbsp;&euro; \u00e0 5.090,78&nbsp;&euro;<\/span> <small class=\"woocommerce-price-suffix\">HT<\/small>\n\t\t\t\t<\/div><\/div>\n\n\t\t\t\t<\/li><li class=\"wc-block-product post-61326 product type-product status-publish has-post-thumbnail product_brand-focgrup-fr product_cat-cheminees-design product_shipping_class-caminetti-di-design-2-2 pa_colore-anthracite-fr pa_colore-anthracite-finition-chrome sales-flash-overlay woocommerce-text-align-center woocommerce-image-align-center do-quantity-buttons first instock taxable shipping-taxable purchasable product-type-variable\"\n\t\t\t\t\t\n\t\t\t\tdata-wp-interactive=\"woocommerce\/product-collection\"\n\t\t\t\tdata-wp-context='{\"productId\":61326}'\n\t\t\t\tdata-wp-key=\"product-item-61326\"\n\t\t\t\n\t\t\t\t>\n\t\t\t\t\t\n<div data-block-name=\"woocommerce\/product-image\" data-image-sizing=\"thumbnail\" data-is-descendent-of-query-loop=\"true\" data-show-sale-badge=\"false\" class=\"wc-block-components-product-image wc-block-grid__product-image wc-block-components-product-image--aspect-ratio-auto wp-block-woocommerce-product-image\"><a href=\"https:\/\/www.fokussrl.com\/fr\/produit\/cheminee-d-angle-bois-ch-89-10-5-kw\/\" style=\"\" data-wp-on--click=\"woocommerce\/product-collection::actions.viewProduct\"><img decoding=\"async\" width=\"300\" height=\"300\" src=\"https:\/\/www.fokussrl.com\/wp-content\/uploads\/2025\/01\/70423a_000aa575b4fe45ba81726704e0343a13mv2-300x300.jpg\" class=\"attachment-woocommerce_thumbnail size-woocommerce_thumbnail\" alt=\"Chemin\u00e9e d&#039;angle \u00e0 bois CH 89 10,5 kW - Focgrup\" data-testid=\"product-image\" data-image-id=\"60206\" style=\"object-fit:cover;\" loading=\"lazy\" srcset=\"https:\/\/www.fokussrl.com\/wp-content\/uploads\/2025\/01\/70423a_000aa575b4fe45ba81726704e0343a13mv2-300x300.jpg 300w, https:\/\/www.fokussrl.com\/wp-content\/uploads\/2025\/01\/70423a_000aa575b4fe45ba81726704e0343a13mv2-150x150.jpg 150w, https:\/\/www.fokussrl.com\/wp-content\/uploads\/2025\/01\/70423a_000aa575b4fe45ba81726704e0343a13mv2-100x100.jpg 100w\" sizes=\"auto, (max-width: 300px) 100vw, 300px\" \/><div class=\"wc-block-components-product-image__inner-container\">\n\n<\/div><\/a><\/div>\n\n<h3 style=\"font-size:13px;font-style:normal;font-weight:500;text-transform:uppercase; margin-bottom:0.75rem;margin-top:0;\" class=\"has-text-align-center has-link-color wp-elements-f49df5a45cd9fc927f3a9fccc3b84773 wp-block-post-title has-text-color has-contrast-color\"><a data-wp-on--click=\"woocommerce\/product-collection::actions.viewProduct\" href=\"https:\/\/www.fokussrl.com\/fr\/produit\/cheminee-d-angle-bois-ch-89-10-5-kw\/\" target=\"_self\" >Chemin\u00e9e d&rsquo;angle \u00e0 bois CH 89 10,5 kW &#8211; Focgrup<\/a><\/h3>\n\n<div data-block-name=\"woocommerce\/product-price\" data-is-descendent-of-query-loop=\"true\" data-style=\"{&quot;typography&quot;:{&quot;fontSize&quot;:&quot;14px&quot;},&quot;elements&quot;:{&quot;link&quot;:{&quot;color&quot;:{&quot;text&quot;:&quot;var:preset|color|prezzo&quot;}}}}\" data-text-align=\"center\" data-text-color=\"prezzo\" style=\"font-size: 14px; font-size:14px;\" class=\"has-text-align-center has-text-color has-prezzo-color wp-elements-8cdf4749307a23b4b49ac430d9b5e2e6 wp-elements-8cdf4749307a23b4b49ac430d9b5e2e6 wp-block-woocommerce-product-price has-text-color has-prezzo-color\" ><div class=\"wc-block-components-product-price wc-block-grid__product-price\" >\n\t\t\t\t\t<span class=\"woocommerce-Price-amount amount\" aria-hidden=\"true\"><bdi>4.040,78&nbsp;<span class=\"woocommerce-Price-currencySymbol\">&euro;<\/span><\/bdi><\/span> <span aria-hidden=\"true\">\u00a0\u2013\u00a0<\/span> <span class=\"woocommerce-Price-amount amount\" aria-hidden=\"true\"><bdi>4.099,30&nbsp;<span class=\"woocommerce-Price-currencySymbol\">&euro;<\/span><\/bdi><\/span><span class=\"screen-reader-text\">Plage de prix\u00a0: 4.040,78&nbsp;&euro; \u00e0 4.099,30&nbsp;&euro;<\/span> <small class=\"woocommerce-price-suffix\">HT<\/small>\n\t\t\t\t<\/div><\/div>\n\n\t\t\t\t<\/li><\/ul><\/div>\n\n<\/div>\n\n<div class=\"gb-container gb-container-df5764f8\">\n\n<a class=\"gb-button gb-button-c97a9a5f gb-button-text\" href=\"https:\/\/www.fokussrl.com\/fr\/categorie-produit\/cheminees\/cheminees-design\/\">Voir toutes les chemin\u00e9es design<\/a>\n\n<\/div>\n<\/div><div class=\"gb-container gb-container-77acb49a\">\n<div class=\"gb-container gb-container-aac23b8f\">\n\n<h2 class=\"gb-headline gb-headline-b6897dc9 gb-headline-text\"><a href=\"https:\/\/www.fokussrl.com\/fr\/categorie-produit\/cheminees\/cheminees-a-bioethanol\/\" data-type=\"product_cat\" data-id=\"4525\">Chemin\u00e9es au bio\u00e9thanol<\/a><\/h2>\n\n<\/div>\n\n<div class=\"gb-container gb-container-8a2824c6\">\n\n<div data-wp-context=\"{&quot;notices&quot;:[],&quot;hideNextPreviousButtons&quot;:false,&quot;isDisabledPrevious&quot;:true,&quot;isDisabledNext&quot;:false,&quot;ariaLabelPrevious&quot;:&quot;Produits pr\\u00e9c\\u00e9dents&quot;,&quot;ariaLabelNext&quot;:&quot;Produits suivants&quot;}\" data-wp-init=\"callbacks.onRender\" data-wp-interactive=\"woocommerce\/product-collection\" data-wp-router-region=\"wc-product-collection-1\" data-__private-preview-state=\"{&quot;isPreview&quot;:false,&quot;previewMessage&quot;:&quot;I prodotti effettivi variano a seconda della pagina visualizzata.&quot;}\" data-block-name=\"woocommerce\/product-collection\" data-dimensions=\"{&quot;widthType&quot;:&quot;fill&quot;}\" data-display-layout=\"{&quot;type&quot;:&quot;flex&quot;,&quot;columns&quot;:3,&quot;shrinkColumns&quot;:true}\" data-query-context-includes=\"[&quot;collection&quot;]\" data-query-id=\"1\" data-query=\"{&quot;perPage&quot;:9,&quot;pages&quot;:0,&quot;offset&quot;:0,&quot;postType&quot;:&quot;product&quot;,&quot;order&quot;:&quot;desc&quot;,&quot;orderBy&quot;:&quot;date&quot;,&quot;search&quot;:&quot;&quot;,&quot;exclude&quot;:[],&quot;inherit&quot;:false,&quot;taxQuery&quot;:{&quot;product_cat&quot;:[4525]},&quot;isProductCollectionBlock&quot;:true,&quot;featured&quot;:false,&quot;woocommerceOnSale&quot;:false,&quot;woocommerceStockStatus&quot;:[&quot;instock&quot;,&quot;outofstock&quot;,&quot;onbackorder&quot;],&quot;woocommerceAttributes&quot;:[],&quot;woocommerceHandPickedProducts&quot;:[],&quot;filterable&quot;:false,&quot;relatedBy&quot;:{&quot;categories&quot;:true,&quot;tags&quot;:true}}\" data-tag-name=\"div\" class=\"wp-block-woocommerce-product-collection is-layout-flow wp-block-woocommerce-product-collection-is-layout-flow\">\t\t<div data-wp-interactive=\"woocommerce\/store-notices\" class=\"wc-block-components-notices alignwide\">\n\t\t\t<template data-wp-each--notice=\"state.notices\" data-wp-each-key=\"context.notice.id\">\n\t\t\t\t<div\n\t\t\t\t\tclass=\"wc-block-components-notice-banner\"\n\t\t\t\t\tdata-wp-init=\"callbacks.scrollIntoView\"\n\t\t\t\t\tdata-wp-class--is-error=\"state.isError\"\n\t\t\t\t\tdata-wp-class--is-success=\"state.isSuccess\"\n\t\t\t\t\tdata-wp-class--is-info=\"state.isInfo\"\n\t\t\t\t\tdata-wp-class--is-dismissible=\"context.notice.dismissible\"\n\t\t\t\t\tdata-wp-bind--role=\"state.role\"\n\t\t\t\t\tdata-wp-watch=\"callbacks.injectIcon\"\n\t\t\t\t>\n\t\t\t\t\t<div class=\"wc-block-components-notice-banner__content\">\n\t\t\t\t\t\t<span data-wp-init=\"callbacks.renderNoticeContent\" aria-live=\"assertive\" aria-atomic=\"true\"><\/span>\n\t\t\t\t\t<\/div>\n\t\t\t\t\t<button\n\t\t\t\t\t\tdata-wp-bind--hidden=\"!context.notice.dismissible\"\n\t\t\t\t\t\tclass=\"wc-block-components-button wp-element-button wc-block-components-notice-banner__dismiss contained\"\n\t\t\t\t\t\taria-label=\"D\u00e9sactiver cette notification\"\n\t\t\t\t\t\tdata-wp-on--click=\"actions.removeNotice\"\n\t\t\t\t\t>\n\t\t\t\t\t\t<svg xmlns=\"http:\/\/www.w3.org\/2000\/svg\" viewBox=\"0 0 24 24\">\n\t\t\t\t\t\t\t<path d=\"M13 11.8l6.1-6.3-1-1-6.1 6.2-6.1-6.2-1 1 6.1 6.3-6.5 6.7 1 1 6.5-6.6 6.5 6.6 1-1z\" \/>\n\t\t\t\t\t\t<\/svg>\n\t\t\t\t\t<\/button>\n\t\t\t\t<\/div>\n\t\t\t<\/template>\n\t\t<\/div>\n\t\t<ul data-block-name=\"woocommerce\/product-template\" class=\"wc-block-product-template__responsive columns-3 wc-block-product-template wp-block-woocommerce-product-template is-layout-flow wp-block-woocommerce-product-template-is-layout-flow\" data-wp-on--scroll=\"actions.watchScroll\" data-wp-init=\"callbacks.initResizeObserver\"><li class=\"wc-block-product post-58778 product type-product status-publish has-post-thumbnail product_brand-cocoon-fires-fr product_cat-cheminees-a-bioethanol product_shipping_class-caminetti-a-bioetanolo-2-2 pa_colore-inox-fr pa_colore-noir sales-flash-overlay woocommerce-text-align-center woocommerce-image-align-center do-quantity-buttons  instock taxable shipping-taxable purchasable product-type-variable\"\n\t\t\t\t\t\n\t\t\t\tdata-wp-interactive=\"woocommerce\/product-collection\"\n\t\t\t\tdata-wp-context='{\"productId\":58778}'\n\t\t\t\tdata-wp-key=\"product-item-58778\"\n\t\t\t\n\t\t\t\t>\n\t\t\t\t\t\n<div data-block-name=\"woocommerce\/product-image\" data-image-sizing=\"thumbnail\" data-is-descendent-of-query-loop=\"true\" data-show-sale-badge=\"false\" class=\"wc-block-components-product-image wc-block-grid__product-image wc-block-components-product-image--aspect-ratio-auto wp-block-woocommerce-product-image\"><a href=\"https:\/\/www.fokussrl.com\/fr\/produit\/cheminee-bioethanol-aeris\/\" style=\"\" data-wp-on--click=\"woocommerce\/product-collection::actions.viewProduct\"><img decoding=\"async\" width=\"300\" height=\"300\" src=\"https:\/\/www.fokussrl.com\/wp-content\/uploads\/2025\/01\/70423a_d5b7ece0d02f4e5e8fb9b97ccb4958e5mv2-300x300.jpg\" class=\"attachment-woocommerce_thumbnail size-woocommerce_thumbnail\" alt=\"Chemin\u00e9e bio\u00e9thanol AERIS - Cocoon Fires\" data-testid=\"product-image\" data-image-id=\"54444\" style=\"object-fit:cover;\" loading=\"lazy\" srcset=\"https:\/\/www.fokussrl.com\/wp-content\/uploads\/2025\/01\/70423a_d5b7ece0d02f4e5e8fb9b97ccb4958e5mv2-300x300.jpg 300w, https:\/\/www.fokussrl.com\/wp-content\/uploads\/2025\/01\/70423a_d5b7ece0d02f4e5e8fb9b97ccb4958e5mv2-150x150.jpg 150w, https:\/\/www.fokussrl.com\/wp-content\/uploads\/2025\/01\/70423a_d5b7ece0d02f4e5e8fb9b97ccb4958e5mv2-100x100.jpg 100w\" sizes=\"auto, (max-width: 300px) 100vw, 300px\" \/><div class=\"wc-block-components-product-image__inner-container\">\n\n<\/div><\/a><\/div>\n\n<h3 style=\"font-size:13px;font-style:normal;font-weight:500;text-transform:uppercase; margin-bottom:0.75rem;margin-top:0;\" class=\"has-text-align-center has-link-color wp-elements-f49df5a45cd9fc927f3a9fccc3b84773 wp-block-post-title has-text-color has-contrast-color\"><a data-wp-on--click=\"woocommerce\/product-collection::actions.viewProduct\" href=\"https:\/\/www.fokussrl.com\/fr\/produit\/cheminee-bioethanol-aeris\/\" target=\"_self\" >Chemin\u00e9e bio\u00e9thanol AERIS &#8211; Cocoon Fires<\/a><\/h3>\n\n<div data-block-name=\"woocommerce\/product-price\" data-is-descendent-of-query-loop=\"true\" data-style=\"{&quot;typography&quot;:{&quot;fontSize&quot;:&quot;14px&quot;},&quot;elements&quot;:{&quot;link&quot;:{&quot;color&quot;:{&quot;text&quot;:&quot;var:preset|color|prezzo&quot;}}}}\" data-text-align=\"center\" data-text-color=\"prezzo\" style=\"font-size: 14px; font-size:14px;\" class=\"has-text-align-center has-text-color has-prezzo-color wp-elements-8cdf4749307a23b4b49ac430d9b5e2e6 wp-elements-8cdf4749307a23b4b49ac430d9b5e2e6 wp-block-woocommerce-product-price has-text-color has-prezzo-color\" ><div class=\"wc-block-components-product-price wc-block-grid__product-price\" >\n\t\t\t\t\t<span class=\"woocommerce-Price-amount amount\" aria-hidden=\"true\"><bdi>2.361,64&nbsp;<span class=\"woocommerce-Price-currencySymbol\">&euro;<\/span><\/bdi><\/span> <span aria-hidden=\"true\">\u00a0\u2013\u00a0<\/span> <span class=\"woocommerce-Price-amount amount\" aria-hidden=\"true\"><bdi>3.076,84&nbsp;<span class=\"woocommerce-Price-currencySymbol\">&euro;<\/span><\/bdi><\/span><span class=\"screen-reader-text\">Plage de prix\u00a0: 2.361,64&nbsp;&euro; \u00e0 3.076,84&nbsp;&euro;<\/span> <small class=\"woocommerce-price-suffix\">HT<\/small>\n\t\t\t\t<\/div><\/div>\n\n\t\t\t\t<\/li><li class=\"wc-block-product post-58781 product type-product status-publish has-post-thumbnail product_brand-cocoon-fires-fr product_cat-cheminees-a-bioethanol product_shipping_class-caminetti-a-bioetanolo-2-2 pa_colore-inox-fr pa_colore-noir sales-flash-overlay woocommerce-text-align-center woocommerce-image-align-center do-quantity-buttons  instock taxable shipping-taxable purchasable product-type-variable\"\n\t\t\t\t\t\n\t\t\t\tdata-wp-interactive=\"woocommerce\/product-collection\"\n\t\t\t\tdata-wp-context='{\"productId\":58781}'\n\t\t\t\tdata-wp-key=\"product-item-58781\"\n\t\t\t\n\t\t\t\t>\n\t\t\t\t\t\n<div data-block-name=\"woocommerce\/product-image\" data-image-sizing=\"thumbnail\" data-is-descendent-of-query-loop=\"true\" data-show-sale-badge=\"false\" class=\"wc-block-components-product-image wc-block-grid__product-image wc-block-components-product-image--aspect-ratio-auto wp-block-woocommerce-product-image\"><a href=\"https:\/\/www.fokussrl.com\/fr\/produit\/cheminee-bioethanol-terra\/\" style=\"\" data-wp-on--click=\"woocommerce\/product-collection::actions.viewProduct\"><img decoding=\"async\" width=\"300\" height=\"300\" src=\"https:\/\/www.fokussrl.com\/wp-content\/uploads\/2025\/01\/70423a_91e5f04f4f9543748ae6307def89556dmv2-300x300.jpg\" class=\"attachment-woocommerce_thumbnail size-woocommerce_thumbnail\" alt=\"Chemin\u00e9e bio\u00e9thanol TERRA - Cocoon Fires\" data-testid=\"product-image\" data-image-id=\"54479\" style=\"object-fit:cover;\" loading=\"lazy\" srcset=\"https:\/\/www.fokussrl.com\/wp-content\/uploads\/2025\/01\/70423a_91e5f04f4f9543748ae6307def89556dmv2-300x300.jpg 300w, https:\/\/www.fokussrl.com\/wp-content\/uploads\/2025\/01\/70423a_91e5f04f4f9543748ae6307def89556dmv2-150x150.jpg 150w, https:\/\/www.fokussrl.com\/wp-content\/uploads\/2025\/01\/70423a_91e5f04f4f9543748ae6307def89556dmv2-100x100.jpg 100w\" sizes=\"auto, (max-width: 300px) 100vw, 300px\" \/><div class=\"wc-block-components-product-image__inner-container\">\n\n<\/div><\/a><\/div>\n\n<h3 style=\"font-size:13px;font-style:normal;font-weight:500;text-transform:uppercase; margin-bottom:0.75rem;margin-top:0;\" class=\"has-text-align-center has-link-color wp-elements-f49df5a45cd9fc927f3a9fccc3b84773 wp-block-post-title has-text-color has-contrast-color\"><a data-wp-on--click=\"woocommerce\/product-collection::actions.viewProduct\" href=\"https:\/\/www.fokussrl.com\/fr\/produit\/cheminee-bioethanol-terra\/\" target=\"_self\" >Chemin\u00e9e bio\u00e9thanol TERRA &#8211; Cocoon Fires<\/a><\/h3>\n\n<div data-block-name=\"woocommerce\/product-price\" data-is-descendent-of-query-loop=\"true\" data-style=\"{&quot;typography&quot;:{&quot;fontSize&quot;:&quot;14px&quot;},&quot;elements&quot;:{&quot;link&quot;:{&quot;color&quot;:{&quot;text&quot;:&quot;var:preset|color|prezzo&quot;}}}}\" data-text-align=\"center\" data-text-color=\"prezzo\" style=\"font-size: 14px; font-size:14px;\" class=\"has-text-align-center has-text-color has-prezzo-color wp-elements-8cdf4749307a23b4b49ac430d9b5e2e6 wp-elements-8cdf4749307a23b4b49ac430d9b5e2e6 wp-block-woocommerce-product-price has-text-color has-prezzo-color\" ><div class=\"wc-block-components-product-price wc-block-grid__product-price\" >\n\t\t\t\t\t<span class=\"woocommerce-Price-amount amount\" aria-hidden=\"true\"><bdi>2.238,57&nbsp;<span class=\"woocommerce-Price-currencySymbol\">&euro;<\/span><\/bdi><\/span> <span aria-hidden=\"true\">\u00a0\u2013\u00a0<\/span> <span class=\"woocommerce-Price-amount amount\" aria-hidden=\"true\"><bdi>2.840,16&nbsp;<span class=\"woocommerce-Price-currencySymbol\">&euro;<\/span><\/bdi><\/span><span class=\"screen-reader-text\">Plage de prix\u00a0: 2.238,57&nbsp;&euro; \u00e0 2.840,16&nbsp;&euro;<\/span> <small class=\"woocommerce-price-suffix\">HT<\/small>\n\t\t\t\t<\/div><\/div>\n\n\t\t\t\t<\/li><li class=\"wc-block-product post-58784 product type-product status-publish has-post-thumbnail product_brand-cocoon-fires-fr product_cat-cheminees-a-bioethanol product_shipping_class-caminetti-a-bioetanolo-2-2 pa_colore-inox-fr pa_colore-noir sales-flash-overlay woocommerce-text-align-center woocommerce-image-align-center do-quantity-buttons last instock taxable shipping-taxable purchasable product-type-variable\"\n\t\t\t\t\t\n\t\t\t\tdata-wp-interactive=\"woocommerce\/product-collection\"\n\t\t\t\tdata-wp-context='{\"productId\":58784}'\n\t\t\t\tdata-wp-key=\"product-item-58784\"\n\t\t\t\n\t\t\t\t>\n\t\t\t\t\t\n<div data-block-name=\"woocommerce\/product-image\" data-image-sizing=\"thumbnail\" data-is-descendent-of-query-loop=\"true\" data-show-sale-badge=\"false\" class=\"wc-block-components-product-image wc-block-grid__product-image wc-block-components-product-image--aspect-ratio-auto wp-block-woocommerce-product-image\"><a href=\"https:\/\/www.fokussrl.com\/fr\/produit\/cheminee-bioethanol-vellum\/\" style=\"\" data-wp-on--click=\"woocommerce\/product-collection::actions.viewProduct\"><img decoding=\"async\" width=\"300\" height=\"300\" src=\"https:\/\/www.fokussrl.com\/wp-content\/uploads\/2025\/01\/70423a_cb2669d027884982af610a958ca0b102mv2-300x300.jpg\" class=\"attachment-woocommerce_thumbnail size-woocommerce_thumbnail\" alt=\"Chemin\u00e9e bio\u00e9thanol VELLUM - Cocoon Fires\" data-testid=\"product-image\" data-image-id=\"54510\" style=\"object-fit:cover;\" loading=\"lazy\" srcset=\"https:\/\/www.fokussrl.com\/wp-content\/uploads\/2025\/01\/70423a_cb2669d027884982af610a958ca0b102mv2-300x300.jpg 300w, https:\/\/www.fokussrl.com\/wp-content\/uploads\/2025\/01\/70423a_cb2669d027884982af610a958ca0b102mv2-150x150.jpg 150w, https:\/\/www.fokussrl.com\/wp-content\/uploads\/2025\/01\/70423a_cb2669d027884982af610a958ca0b102mv2-100x100.jpg 100w\" sizes=\"auto, (max-width: 300px) 100vw, 300px\" \/><div class=\"wc-block-components-product-image__inner-container\">\n\n<\/div><\/a><\/div>\n\n<h3 style=\"font-size:13px;font-style:normal;font-weight:500;text-transform:uppercase; margin-bottom:0.75rem;margin-top:0;\" class=\"has-text-align-center has-link-color wp-elements-f49df5a45cd9fc927f3a9fccc3b84773 wp-block-post-title has-text-color has-contrast-color\"><a data-wp-on--click=\"woocommerce\/product-collection::actions.viewProduct\" href=\"https:\/\/www.fokussrl.com\/fr\/produit\/cheminee-bioethanol-vellum\/\" target=\"_self\" >Chemin\u00e9e bio\u00e9thanol VELLUM &#8211; Cocoon Fires<\/a><\/h3>\n\n<div data-block-name=\"woocommerce\/product-price\" data-is-descendent-of-query-loop=\"true\" data-style=\"{&quot;typography&quot;:{&quot;fontSize&quot;:&quot;14px&quot;},&quot;elements&quot;:{&quot;link&quot;:{&quot;color&quot;:{&quot;text&quot;:&quot;var:preset|color|prezzo&quot;}}}}\" data-text-align=\"center\" data-text-color=\"prezzo\" style=\"font-size: 14px; font-size:14px;\" class=\"has-text-align-center has-text-color has-prezzo-color wp-elements-8cdf4749307a23b4b49ac430d9b5e2e6 wp-elements-8cdf4749307a23b4b49ac430d9b5e2e6 wp-block-woocommerce-product-price has-text-color has-prezzo-color\" ><div class=\"wc-block-components-product-price wc-block-grid__product-price\" >\n\t\t\t\t\t<span class=\"woocommerce-Price-amount amount\" aria-hidden=\"true\"><bdi>2.340,12&nbsp;<span class=\"woocommerce-Price-currencySymbol\">&euro;<\/span><\/bdi><\/span> <span aria-hidden=\"true\">\u00a0\u2013\u00a0<\/span> <span class=\"woocommerce-Price-amount amount\" aria-hidden=\"true\"><bdi>3.075,98&nbsp;<span class=\"woocommerce-Price-currencySymbol\">&euro;<\/span><\/bdi><\/span><span class=\"screen-reader-text\">Plage de prix\u00a0: 2.340,12&nbsp;&euro; \u00e0 3.075,98&nbsp;&euro;<\/span> <small class=\"woocommerce-price-suffix\">HT<\/small>\n\t\t\t\t<\/div><\/div>\n\n\t\t\t\t<\/li><li class=\"wc-block-product post-52622 product type-product status-publish has-post-thumbnail product_brand-british-fire-fr product_cat-cheminees-a-bioethanol product_shipping_class-caminetti-a-bioetanolo-2-2 sales-flash-overlay woocommerce-text-align-center woocommerce-image-align-center do-quantity-buttons first instock taxable shipping-taxable purchasable product-type-simple\"\n\t\t\t\t\t\n\t\t\t\tdata-wp-interactive=\"woocommerce\/product-collection\"\n\t\t\t\tdata-wp-context='{\"productId\":52622}'\n\t\t\t\tdata-wp-key=\"product-item-52622\"\n\t\t\t\n\t\t\t\t>\n\t\t\t\t\t\n<div data-block-name=\"woocommerce\/product-image\" data-image-sizing=\"thumbnail\" data-is-descendent-of-query-loop=\"true\" data-show-sale-badge=\"false\" class=\"wc-block-components-product-image wc-block-grid__product-image wc-block-components-product-image--aspect-ratio-auto wp-block-woocommerce-product-image\"><a href=\"https:\/\/www.fokussrl.com\/fr\/produit\/cheminee-murale-bioethanol-umbria\/\" style=\"\" data-wp-on--click=\"woocommerce\/product-collection::actions.viewProduct\"><img decoding=\"async\" width=\"300\" height=\"300\" src=\"https:\/\/www.fokussrl.com\/wp-content\/uploads\/2025\/01\/70423a_35213c5f4198485a9aa2837dde751453mv2-300x300.jpg\" class=\"attachment-woocommerce_thumbnail size-woocommerce_thumbnail\" alt=\"Chemin\u00e9e murale \u00e0 bio\u00e9thanol UMBRIA - British Fire\" data-testid=\"product-image\" data-image-id=\"52623\" style=\"object-fit:cover;\" loading=\"lazy\" srcset=\"https:\/\/www.fokussrl.com\/wp-content\/uploads\/2025\/01\/70423a_35213c5f4198485a9aa2837dde751453mv2-300x300.jpg 300w, https:\/\/www.fokussrl.com\/wp-content\/uploads\/2025\/01\/70423a_35213c5f4198485a9aa2837dde751453mv2-150x150.jpg 150w, https:\/\/www.fokussrl.com\/wp-content\/uploads\/2025\/01\/70423a_35213c5f4198485a9aa2837dde751453mv2-100x100.jpg 100w\" sizes=\"auto, (max-width: 300px) 100vw, 300px\" \/><div class=\"wc-block-components-product-image__inner-container\">\n\n<\/div><\/a><\/div>\n\n<h3 style=\"font-size:13px;font-style:normal;font-weight:500;text-transform:uppercase; margin-bottom:0.75rem;margin-top:0;\" class=\"has-text-align-center has-link-color wp-elements-f49df5a45cd9fc927f3a9fccc3b84773 wp-block-post-title has-text-color has-contrast-color\"><a data-wp-on--click=\"woocommerce\/product-collection::actions.viewProduct\" href=\"https:\/\/www.fokussrl.com\/fr\/produit\/cheminee-murale-bioethanol-umbria\/\" target=\"_self\" >Chemin\u00e9e murale \u00e0 bio\u00e9thanol UMBRIA &#8211; British Fire<\/a><\/h3>\n\n<div data-block-name=\"woocommerce\/product-price\" data-is-descendent-of-query-loop=\"true\" data-style=\"{&quot;typography&quot;:{&quot;fontSize&quot;:&quot;14px&quot;},&quot;elements&quot;:{&quot;link&quot;:{&quot;color&quot;:{&quot;text&quot;:&quot;var:preset|color|prezzo&quot;}}}}\" data-text-align=\"center\" data-text-color=\"prezzo\" style=\"font-size: 14px; font-size:14px;\" class=\"has-text-align-center has-text-color has-prezzo-color wp-elements-8cdf4749307a23b4b49ac430d9b5e2e6 wp-elements-8cdf4749307a23b4b49ac430d9b5e2e6 wp-block-woocommerce-product-price has-text-color has-prezzo-color\" ><div class=\"wc-block-components-product-price wc-block-grid__product-price\" >\n\t\t\t\t\t<span class=\"woocommerce-Price-amount amount\"><bdi>1.389,10&nbsp;<span class=\"woocommerce-Price-currencySymbol\">&euro;<\/span><\/bdi><\/span> <small class=\"woocommerce-price-suffix\">HT<\/small>\n\t\t\t\t<\/div><\/div>\n\n\t\t\t\t<\/li><\/ul><\/div>\n\n<\/div>\n\n<div class=\"gb-container gb-container-a5806ab7\">\n\n<a class=\"gb-button gb-button-7e213516 gb-button-text\" href=\"https:\/\/www.fokussrl.com\/fr\/categorie-produit\/cheminees\/cheminees-a-bioethanol\/\">Voir toutes les chemin\u00e9es au bio\u00e9thanol<\/a>\n\n<\/div>\n<\/div><div class=\"gb-container gb-container-e2163f90\">\n<div class=\"gb-container gb-container-d3252a58\">\n\n<h2 class=\"gb-headline gb-headline-03b9f125 gb-headline-text\"><a href=\"https:\/\/www.fokussrl.com\/fr\/categorie-produit\/cheminees\/cheminees-electriques\/\" data-type=\"product_cat\" data-id=\"4530\">Chemin\u00e9es \u00e9lectriques<\/a><\/h2>\n\n<\/div>\n\n<div class=\"gb-container gb-container-6b3426e2\">\n\n<div data-wp-context=\"{&quot;notices&quot;:[],&quot;hideNextPreviousButtons&quot;:false,&quot;isDisabledPrevious&quot;:true,&quot;isDisabledNext&quot;:false,&quot;ariaLabelPrevious&quot;:&quot;Produits pr\\u00e9c\\u00e9dents&quot;,&quot;ariaLabelNext&quot;:&quot;Produits suivants&quot;}\" data-wp-init=\"callbacks.onRender\" data-wp-interactive=\"woocommerce\/product-collection\" data-wp-router-region=\"wc-product-collection-2\" data-__private-preview-state=\"{&quot;isPreview&quot;:false,&quot;previewMessage&quot;:&quot;I prodotti effettivi variano a seconda della pagina visualizzata.&quot;}\" data-block-name=\"woocommerce\/product-collection\" data-dimensions=\"{&quot;widthType&quot;:&quot;fill&quot;}\" data-display-layout=\"{&quot;type&quot;:&quot;flex&quot;,&quot;columns&quot;:3,&quot;shrinkColumns&quot;:true}\" data-query-context-includes=\"[&quot;collection&quot;]\" data-query-id=\"2\" data-query=\"{&quot;perPage&quot;:9,&quot;pages&quot;:0,&quot;offset&quot;:0,&quot;postType&quot;:&quot;product&quot;,&quot;order&quot;:&quot;desc&quot;,&quot;orderBy&quot;:&quot;date&quot;,&quot;search&quot;:&quot;&quot;,&quot;exclude&quot;:[],&quot;inherit&quot;:false,&quot;taxQuery&quot;:{&quot;product_cat&quot;:[4530]},&quot;isProductCollectionBlock&quot;:true,&quot;featured&quot;:false,&quot;woocommerceOnSale&quot;:false,&quot;woocommerceStockStatus&quot;:[&quot;instock&quot;,&quot;outofstock&quot;,&quot;onbackorder&quot;],&quot;woocommerceAttributes&quot;:[],&quot;woocommerceHandPickedProducts&quot;:[],&quot;filterable&quot;:false,&quot;relatedBy&quot;:{&quot;categories&quot;:true,&quot;tags&quot;:true}}\" data-tag-name=\"div\" class=\"wp-block-woocommerce-product-collection is-layout-flow wp-block-woocommerce-product-collection-is-layout-flow\">\t\t<div data-wp-interactive=\"woocommerce\/store-notices\" class=\"wc-block-components-notices alignwide\">\n\t\t\t<template data-wp-each--notice=\"state.notices\" data-wp-each-key=\"context.notice.id\">\n\t\t\t\t<div\n\t\t\t\t\tclass=\"wc-block-components-notice-banner\"\n\t\t\t\t\tdata-wp-init=\"callbacks.scrollIntoView\"\n\t\t\t\t\tdata-wp-class--is-error=\"state.isError\"\n\t\t\t\t\tdata-wp-class--is-success=\"state.isSuccess\"\n\t\t\t\t\tdata-wp-class--is-info=\"state.isInfo\"\n\t\t\t\t\tdata-wp-class--is-dismissible=\"context.notice.dismissible\"\n\t\t\t\t\tdata-wp-bind--role=\"state.role\"\n\t\t\t\t\tdata-wp-watch=\"callbacks.injectIcon\"\n\t\t\t\t>\n\t\t\t\t\t<div class=\"wc-block-components-notice-banner__content\">\n\t\t\t\t\t\t<span data-wp-init=\"callbacks.renderNoticeContent\" aria-live=\"assertive\" aria-atomic=\"true\"><\/span>\n\t\t\t\t\t<\/div>\n\t\t\t\t\t<button\n\t\t\t\t\t\tdata-wp-bind--hidden=\"!context.notice.dismissible\"\n\t\t\t\t\t\tclass=\"wc-block-components-button wp-element-button wc-block-components-notice-banner__dismiss contained\"\n\t\t\t\t\t\taria-label=\"D\u00e9sactiver cette notification\"\n\t\t\t\t\t\tdata-wp-on--click=\"actions.removeNotice\"\n\t\t\t\t\t>\n\t\t\t\t\t\t<svg xmlns=\"http:\/\/www.w3.org\/2000\/svg\" viewBox=\"0 0 24 24\">\n\t\t\t\t\t\t\t<path d=\"M13 11.8l6.1-6.3-1-1-6.1 6.2-6.1-6.2-1 1 6.1 6.3-6.5 6.7 1 1 6.5-6.6 6.5 6.6 1-1z\" \/>\n\t\t\t\t\t\t<\/svg>\n\t\t\t\t\t<\/button>\n\t\t\t\t<\/div>\n\t\t\t<\/template>\n\t\t<\/div>\n\t\t<ul data-block-name=\"woocommerce\/product-template\" class=\"wc-block-product-template__responsive columns-3 wc-block-product-template wp-block-woocommerce-product-template is-layout-flow wp-block-woocommerce-product-template-is-layout-flow\" data-wp-on--scroll=\"actions.watchScroll\" data-wp-init=\"callbacks.initResizeObserver\"><li class=\"wc-block-product post-68545 product type-product status-publish has-post-thumbnail product_cat-cheminees-electriques product_shipping_class-caminetti-elettrici-2-2 sales-flash-overlay woocommerce-text-align-center woocommerce-image-align-center do-quantity-buttons  instock taxable shipping-taxable purchasable product-type-simple\"\n\t\t\t\t\t\n\t\t\t\tdata-wp-interactive=\"woocommerce\/product-collection\"\n\t\t\t\tdata-wp-context='{\"productId\":68545}'\n\t\t\t\tdata-wp-key=\"product-item-68545\"\n\t\t\t\n\t\t\t\t>\n\t\t\t\t\t\n<div data-block-name=\"woocommerce\/product-image\" data-image-sizing=\"thumbnail\" data-is-descendent-of-query-loop=\"true\" data-show-sale-badge=\"false\" class=\"wc-block-components-product-image wc-block-grid__product-image wc-block-components-product-image--aspect-ratio-auto wp-block-woocommerce-product-image\"><a href=\"https:\/\/www.fokussrl.com\/fr\/produit\/cheminee-electrique-solus-220-e-trimline-copia-2\/\" style=\"\" data-wp-on--click=\"woocommerce\/product-collection::actions.viewProduct\"><img decoding=\"async\" width=\"300\" height=\"300\" src=\"https:\/\/www.fokussrl.com\/wp-content\/uploads\/2026\/01\/solus-220-e-4-300x300.jpg\" class=\"attachment-woocommerce_thumbnail size-woocommerce_thumbnail\" alt=\"Chemin\u00e9e \u00e9lectrique SOLUS 220 E - Trimline\" data-testid=\"product-image\" data-image-id=\"68548\" style=\"object-fit:cover;\" loading=\"lazy\" srcset=\"https:\/\/www.fokussrl.com\/wp-content\/uploads\/2026\/01\/solus-220-e-4-300x300.jpg 300w, https:\/\/www.fokussrl.com\/wp-content\/uploads\/2026\/01\/solus-220-e-4-150x150.jpg 150w, https:\/\/www.fokussrl.com\/wp-content\/uploads\/2026\/01\/solus-220-e-4-100x100.jpg 100w\" sizes=\"auto, (max-width: 300px) 100vw, 300px\" \/><div class=\"wc-block-components-product-image__inner-container\">\n\n<\/div><\/a><\/div>\n\n<h3 style=\"font-size:13px;font-style:normal;font-weight:500;text-transform:uppercase; margin-bottom:0.75rem;margin-top:0;\" class=\"has-text-align-center has-link-color wp-elements-f49df5a45cd9fc927f3a9fccc3b84773 wp-block-post-title has-text-color has-contrast-color\"><a data-wp-on--click=\"woocommerce\/product-collection::actions.viewProduct\" href=\"https:\/\/www.fokussrl.com\/fr\/produit\/cheminee-electrique-solus-220-e-trimline-copia-2\/\" target=\"_self\" >Chemin\u00e9e \u00e9lectrique SOLUS 220 E &#8211; Trimline<\/a><\/h3>\n\n<div data-block-name=\"woocommerce\/product-price\" data-is-descendent-of-query-loop=\"true\" data-style=\"{&quot;typography&quot;:{&quot;fontSize&quot;:&quot;14px&quot;},&quot;elements&quot;:{&quot;link&quot;:{&quot;color&quot;:{&quot;text&quot;:&quot;var:preset|color|prezzo&quot;}}}}\" data-text-align=\"center\" data-text-color=\"prezzo\" style=\"font-size: 14px; font-size:14px;\" class=\"has-text-align-center has-text-color has-prezzo-color wp-elements-8cdf4749307a23b4b49ac430d9b5e2e6 wp-elements-8cdf4749307a23b4b49ac430d9b5e2e6 wp-block-woocommerce-product-price has-text-color has-prezzo-color\" ><div class=\"wc-block-components-product-price wc-block-grid__product-price\" >\n\t\t\t\t\t<span class=\"woocommerce-Price-amount amount\"><bdi>4.558,03&nbsp;<span class=\"woocommerce-Price-currencySymbol\">&euro;<\/span><\/bdi><\/span> <small class=\"woocommerce-price-suffix\">HT<\/small>\n\t\t\t\t<\/div><\/div>\n\n\t\t\t\t<\/li><li class=\"wc-block-product post-67580 product type-product status-publish has-post-thumbnail product_cat-cheminees-electriques product_shipping_class-caminetti-elettrici-2-2 sales-flash-overlay woocommerce-text-align-center woocommerce-image-align-center do-quantity-buttons  instock taxable shipping-taxable purchasable product-type-simple\"\n\t\t\t\t\t\n\t\t\t\tdata-wp-interactive=\"woocommerce\/product-collection\"\n\t\t\t\tdata-wp-context='{\"productId\":67580}'\n\t\t\t\tdata-wp-key=\"product-item-67580\"\n\t\t\t\n\t\t\t\t>\n\t\t\t\t\t\n<div data-block-name=\"woocommerce\/product-image\" data-image-sizing=\"thumbnail\" data-is-descendent-of-query-loop=\"true\" data-show-sale-badge=\"false\" class=\"wc-block-components-product-image wc-block-grid__product-image wc-block-components-product-image--aspect-ratio-auto wp-block-woocommerce-product-image\"><a href=\"https:\/\/www.fokussrl.com\/fr\/produit\/cheminee-electrique-solus-80-e-trimline\/\" style=\"\" data-wp-on--click=\"woocommerce\/product-collection::actions.viewProduct\"><img decoding=\"async\" width=\"300\" height=\"300\" src=\"https:\/\/www.fokussrl.com\/wp-content\/uploads\/2025\/11\/solus-80-e-300x300.jpg\" class=\"attachment-woocommerce_thumbnail size-woocommerce_thumbnail\" alt=\"Chemin\u00e9e \u00e9lectrique SOLUS 80 E - Trimline\" data-testid=\"product-image\" data-image-id=\"67584\" style=\"object-fit:cover;\" loading=\"lazy\" srcset=\"https:\/\/www.fokussrl.com\/wp-content\/uploads\/2025\/11\/solus-80-e-300x300.jpg 300w, https:\/\/www.fokussrl.com\/wp-content\/uploads\/2025\/11\/solus-80-e-150x150.jpg 150w, https:\/\/www.fokussrl.com\/wp-content\/uploads\/2025\/11\/solus-80-e-100x100.jpg 100w\" sizes=\"auto, (max-width: 300px) 100vw, 300px\" \/><div class=\"wc-block-components-product-image__inner-container\">\n\n<\/div><\/a><\/div>\n\n<h3 style=\"font-size:13px;font-style:normal;font-weight:500;text-transform:uppercase; margin-bottom:0.75rem;margin-top:0;\" class=\"has-text-align-center has-link-color wp-elements-f49df5a45cd9fc927f3a9fccc3b84773 wp-block-post-title has-text-color has-contrast-color\"><a data-wp-on--click=\"woocommerce\/product-collection::actions.viewProduct\" href=\"https:\/\/www.fokussrl.com\/fr\/produit\/cheminee-electrique-solus-80-e-trimline\/\" target=\"_self\" >Chemin\u00e9e \u00e9lectrique SOLUS 80 E &#8211; Trimline<\/a><\/h3>\n\n<div data-block-name=\"woocommerce\/product-price\" data-is-descendent-of-query-loop=\"true\" data-style=\"{&quot;typography&quot;:{&quot;fontSize&quot;:&quot;14px&quot;},&quot;elements&quot;:{&quot;link&quot;:{&quot;color&quot;:{&quot;text&quot;:&quot;var:preset|color|prezzo&quot;}}}}\" data-text-align=\"center\" data-text-color=\"prezzo\" style=\"font-size: 14px; font-size:14px;\" class=\"has-text-align-center has-text-color has-prezzo-color wp-elements-8cdf4749307a23b4b49ac430d9b5e2e6 wp-elements-8cdf4749307a23b4b49ac430d9b5e2e6 wp-block-woocommerce-product-price has-text-color has-prezzo-color\" ><div class=\"wc-block-components-product-price wc-block-grid__product-price\" >\n\t\t\t\t\t<span class=\"woocommerce-Price-amount amount\"><bdi>2.423,61&nbsp;<span class=\"woocommerce-Price-currencySymbol\">&euro;<\/span><\/bdi><\/span> <small class=\"woocommerce-price-suffix\">HT<\/small>\n\t\t\t\t<\/div><\/div>\n\n\t\t\t\t<\/li><li class=\"wc-block-product post-53021 product type-product status-publish has-post-thumbnail product_cat-cheminees-electriques product_shipping_class-caminetti-elettrici-2-2 sales-flash-overlay woocommerce-text-align-center woocommerce-image-align-center do-quantity-buttons last instock taxable shipping-taxable purchasable product-type-simple\"\n\t\t\t\t\t\n\t\t\t\tdata-wp-interactive=\"woocommerce\/product-collection\"\n\t\t\t\tdata-wp-context='{\"productId\":53021}'\n\t\t\t\tdata-wp-key=\"product-item-53021\"\n\t\t\t\n\t\t\t\t>\n\t\t\t\t\t\n<div data-block-name=\"woocommerce\/product-image\" data-image-sizing=\"thumbnail\" data-is-descendent-of-query-loop=\"true\" data-show-sale-badge=\"false\" class=\"wc-block-components-product-image wc-block-grid__product-image wc-block-components-product-image--aspect-ratio-auto wp-block-woocommerce-product-image\"><a href=\"https:\/\/www.fokussrl.com\/fr\/produit\/cheminee-electrique-solus-75-e-trimline\/\" style=\"\" data-wp-on--click=\"woocommerce\/product-collection::actions.viewProduct\"><img decoding=\"async\" width=\"300\" height=\"300\" src=\"https:\/\/www.fokussrl.com\/wp-content\/uploads\/2025\/01\/solus-75-e-panoramic-300x300.jpg\" class=\"attachment-woocommerce_thumbnail size-woocommerce_thumbnail\" alt=\"Chemin\u00e9e \u00e9lectrique SOLUS 75 E - Trimline\" data-testid=\"product-image\" data-image-id=\"67545\" style=\"object-fit:cover;\" loading=\"lazy\" srcset=\"https:\/\/www.fokussrl.com\/wp-content\/uploads\/2025\/01\/solus-75-e-panoramic-300x300.jpg 300w, https:\/\/www.fokussrl.com\/wp-content\/uploads\/2025\/01\/solus-75-e-panoramic-150x150.jpg 150w, https:\/\/www.fokussrl.com\/wp-content\/uploads\/2025\/01\/solus-75-e-panoramic-100x100.jpg 100w\" sizes=\"auto, (max-width: 300px) 100vw, 300px\" \/><div class=\"wc-block-components-product-image__inner-container\">\n\n<\/div><\/a><\/div>\n\n<h3 style=\"font-size:13px;font-style:normal;font-weight:500;text-transform:uppercase; margin-bottom:0.75rem;margin-top:0;\" class=\"has-text-align-center has-link-color wp-elements-f49df5a45cd9fc927f3a9fccc3b84773 wp-block-post-title has-text-color has-contrast-color\"><a data-wp-on--click=\"woocommerce\/product-collection::actions.viewProduct\" href=\"https:\/\/www.fokussrl.com\/fr\/produit\/cheminee-electrique-solus-75-e-trimline\/\" target=\"_self\" >Chemin\u00e9e \u00e9lectrique SOLUS 75 E &#8211; Trimline<\/a><\/h3>\n\n<div data-block-name=\"woocommerce\/product-price\" data-is-descendent-of-query-loop=\"true\" data-style=\"{&quot;typography&quot;:{&quot;fontSize&quot;:&quot;14px&quot;},&quot;elements&quot;:{&quot;link&quot;:{&quot;color&quot;:{&quot;text&quot;:&quot;var:preset|color|prezzo&quot;}}}}\" data-text-align=\"center\" data-text-color=\"prezzo\" style=\"font-size: 14px; font-size:14px;\" class=\"has-text-align-center has-text-color has-prezzo-color wp-elements-8cdf4749307a23b4b49ac430d9b5e2e6 wp-elements-8cdf4749307a23b4b49ac430d9b5e2e6 wp-block-woocommerce-product-price has-text-color has-prezzo-color\" ><div class=\"wc-block-components-product-price wc-block-grid__product-price\" >\n\t\t\t\t\t<span class=\"woocommerce-Price-amount amount\"><bdi>2.518,28&nbsp;<span class=\"woocommerce-Price-currencySymbol\">&euro;<\/span><\/bdi><\/span> <small class=\"woocommerce-price-suffix\">HT<\/small>\n\t\t\t\t<\/div><\/div>\n\n\t\t\t\t<\/li><li class=\"wc-block-product post-58818 product type-product status-publish has-post-thumbnail product_brand-gazco-fr product_cat-cheminees-electriques product_shipping_class-caminetti-elettrici-2-2 pa_versione-droite pa_versione-frontal-fr pa_versione-gauche sales-flash-overlay woocommerce-text-align-center woocommerce-image-align-center do-quantity-buttons first instock taxable shipping-taxable purchasable product-type-variable\"\n\t\t\t\t\t\n\t\t\t\tdata-wp-interactive=\"woocommerce\/product-collection\"\n\t\t\t\tdata-wp-context='{\"productId\":58818}'\n\t\t\t\tdata-wp-key=\"product-item-58818\"\n\t\t\t\n\t\t\t\t>\n\t\t\t\t\t\n<div data-block-name=\"woocommerce\/product-image\" data-image-sizing=\"thumbnail\" data-is-descendent-of-query-loop=\"true\" data-show-sale-badge=\"false\" class=\"wc-block-components-product-image wc-block-grid__product-image wc-block-components-product-image--aspect-ratio-auto wp-block-woocommerce-product-image\"><a href=\"https:\/\/www.fokussrl.com\/fr\/produit\/cheminee-electrique-skope-trento-70-w\/\" style=\"\" data-wp-on--click=\"woocommerce\/product-collection::actions.viewProduct\"><img decoding=\"async\" width=\"300\" height=\"300\" src=\"https:\/\/www.fokussrl.com\/wp-content\/uploads\/2025\/01\/70423a_7bd4e856d8f1434f81e88b57b3d94283mv2-300x300.jpg\" class=\"attachment-woocommerce_thumbnail size-woocommerce_thumbnail\" alt=\"Chemin\u00e9e \u00e9lectrique SKOPE TRENTO 70 W - Gazco\" data-testid=\"product-image\" data-image-id=\"54708\" style=\"object-fit:cover;\" loading=\"lazy\" srcset=\"https:\/\/www.fokussrl.com\/wp-content\/uploads\/2025\/01\/70423a_7bd4e856d8f1434f81e88b57b3d94283mv2-300x300.jpg 300w, https:\/\/www.fokussrl.com\/wp-content\/uploads\/2025\/01\/70423a_7bd4e856d8f1434f81e88b57b3d94283mv2-150x150.jpg 150w, https:\/\/www.fokussrl.com\/wp-content\/uploads\/2025\/01\/70423a_7bd4e856d8f1434f81e88b57b3d94283mv2-100x100.jpg 100w\" sizes=\"auto, (max-width: 300px) 100vw, 300px\" \/><div class=\"wc-block-components-product-image__inner-container\">\n\n<\/div><\/a><\/div>\n\n<h3 style=\"font-size:13px;font-style:normal;font-weight:500;text-transform:uppercase; margin-bottom:0.75rem;margin-top:0;\" class=\"has-text-align-center has-link-color wp-elements-f49df5a45cd9fc927f3a9fccc3b84773 wp-block-post-title has-text-color has-contrast-color\"><a data-wp-on--click=\"woocommerce\/product-collection::actions.viewProduct\" href=\"https:\/\/www.fokussrl.com\/fr\/produit\/cheminee-electrique-skope-trento-70-w\/\" target=\"_self\" >Chemin\u00e9e \u00e9lectrique SKOPE TRENTO 70 W &#8211; Gazco<\/a><\/h3>\n\n<div data-block-name=\"woocommerce\/product-price\" data-is-descendent-of-query-loop=\"true\" data-style=\"{&quot;typography&quot;:{&quot;fontSize&quot;:&quot;14px&quot;},&quot;elements&quot;:{&quot;link&quot;:{&quot;color&quot;:{&quot;text&quot;:&quot;var:preset|color|prezzo&quot;}}}}\" data-text-align=\"center\" data-text-color=\"prezzo\" style=\"font-size: 14px; font-size:14px;\" class=\"has-text-align-center has-text-color has-prezzo-color wp-elements-8cdf4749307a23b4b49ac430d9b5e2e6 wp-elements-8cdf4749307a23b4b49ac430d9b5e2e6 wp-block-woocommerce-product-price has-text-color has-prezzo-color\" ><div class=\"wc-block-components-product-price wc-block-grid__product-price\" >\n\t\t\t\t\t<span class=\"woocommerce-Price-amount amount\"><bdi>3.086,31&nbsp;<span class=\"woocommerce-Price-currencySymbol\">&euro;<\/span><\/bdi><\/span> <small class=\"woocommerce-price-suffix\">HT<\/small>\n\t\t\t\t<\/div><\/div>\n\n\t\t\t\t<\/li><li class=\"wc-block-product post-58809 product type-product status-publish has-post-thumbnail product_brand-kalfire-fr product_cat-cheminees-electriques product_shipping_class-caminetti-elettrici-2-2 pa_versione-droite pa_versione-frontal-fr pa_versione-gauche pa_versione-trifacial sales-flash-overlay woocommerce-text-align-center woocommerce-image-align-center do-quantity-buttons  instock taxable shipping-taxable purchasable product-type-variable\"\n\t\t\t\t\t\n\t\t\t\tdata-wp-interactive=\"woocommerce\/product-collection\"\n\t\t\t\tdata-wp-context='{\"productId\":58809}'\n\t\t\t\tdata-wp-key=\"product-item-58809\"\n\t\t\t\n\t\t\t\t>\n\t\t\t\t\t\n<div data-block-name=\"woocommerce\/product-image\" data-image-sizing=\"thumbnail\" data-is-descendent-of-query-loop=\"true\" data-show-sale-badge=\"false\" class=\"wc-block-components-product-image wc-block-grid__product-image wc-block-components-product-image--aspect-ratio-auto wp-block-woocommerce-product-image\"><a href=\"https:\/\/www.fokussrl.com\/fr\/produit\/cheminee-electrique-e-one-130\/\" style=\"\" data-wp-on--click=\"woocommerce\/product-collection::actions.viewProduct\"><img decoding=\"async\" width=\"300\" height=\"300\" src=\"https:\/\/www.fokussrl.com\/wp-content\/uploads\/2025\/01\/70423a_9f653f7b49644d6cbb0e8912fd4b5895mv2-300x300.jpg\" class=\"attachment-woocommerce_thumbnail size-woocommerce_thumbnail\" alt=\"Chemin\u00e9e \u00e9lectrique E-ONE 130 - Kalfire\" data-testid=\"product-image\" data-image-id=\"54651\" style=\"object-fit:cover;\" loading=\"lazy\" srcset=\"https:\/\/www.fokussrl.com\/wp-content\/uploads\/2025\/01\/70423a_9f653f7b49644d6cbb0e8912fd4b5895mv2-300x300.jpg 300w, https:\/\/www.fokussrl.com\/wp-content\/uploads\/2025\/01\/70423a_9f653f7b49644d6cbb0e8912fd4b5895mv2-150x150.jpg 150w, https:\/\/www.fokussrl.com\/wp-content\/uploads\/2025\/01\/70423a_9f653f7b49644d6cbb0e8912fd4b5895mv2-100x100.jpg 100w\" sizes=\"auto, (max-width: 300px) 100vw, 300px\" \/><div class=\"wc-block-components-product-image__inner-container\">\n\n<\/div><\/a><\/div>\n\n<h3 style=\"font-size:13px;font-style:normal;font-weight:500;text-transform:uppercase; margin-bottom:0.75rem;margin-top:0;\" class=\"has-text-align-center has-link-color wp-elements-f49df5a45cd9fc927f3a9fccc3b84773 wp-block-post-title has-text-color has-contrast-color\"><a data-wp-on--click=\"woocommerce\/product-collection::actions.viewProduct\" href=\"https:\/\/www.fokussrl.com\/fr\/produit\/cheminee-electrique-e-one-130\/\" target=\"_self\" >Chemin\u00e9e \u00e9lectrique E-ONE 130 &#8211; Kalfire<\/a><\/h3>\n\n<div data-block-name=\"woocommerce\/product-price\" data-is-descendent-of-query-loop=\"true\" data-style=\"{&quot;typography&quot;:{&quot;fontSize&quot;:&quot;14px&quot;},&quot;elements&quot;:{&quot;link&quot;:{&quot;color&quot;:{&quot;text&quot;:&quot;var:preset|color|prezzo&quot;}}}}\" data-text-align=\"center\" data-text-color=\"prezzo\" style=\"font-size: 14px; font-size:14px;\" class=\"has-text-align-center has-text-color has-prezzo-color wp-elements-8cdf4749307a23b4b49ac430d9b5e2e6 wp-elements-8cdf4749307a23b4b49ac430d9b5e2e6 wp-block-woocommerce-product-price has-text-color has-prezzo-color\" ><div class=\"wc-block-components-product-price wc-block-grid__product-price\" >\n\t\t\t\t\t<span class=\"woocommerce-Price-amount amount\" aria-hidden=\"true\"><bdi>9.100,57&nbsp;<span class=\"woocommerce-Price-currencySymbol\">&euro;<\/span><\/bdi><\/span> <span aria-hidden=\"true\">\u00a0\u2013\u00a0<\/span> <span class=\"woocommerce-Price-amount amount\" aria-hidden=\"true\"><bdi>9.795,12&nbsp;<span class=\"woocommerce-Price-currencySymbol\">&euro;<\/span><\/bdi><\/span><span class=\"screen-reader-text\">Plage de prix\u00a0: 9.100,57&nbsp;&euro; \u00e0 9.795,12&nbsp;&euro;<\/span> <small class=\"woocommerce-price-suffix\">HT<\/small>\n\t\t\t\t<\/div><\/div>\n\n\t\t\t\t<\/li><li class=\"wc-block-product post-58814 product type-product status-publish has-post-thumbnail product_brand-gazco-fr product_cat-cheminees-electriques product_shipping_class-caminetti-elettrici-2-2 pa_versione-droite pa_versione-frontal-fr pa_versione-gauche sales-flash-overlay woocommerce-text-align-center woocommerce-image-align-center do-quantity-buttons  instock taxable shipping-taxable purchasable product-type-variable\"\n\t\t\t\t\t\n\t\t\t\tdata-wp-interactive=\"woocommerce\/product-collection\"\n\t\t\t\tdata-wp-context='{\"productId\":58814}'\n\t\t\t\tdata-wp-key=\"product-item-58814\"\n\t\t\t\n\t\t\t\t>\n\t\t\t\t\t\n<div data-block-name=\"woocommerce\/product-image\" data-image-sizing=\"thumbnail\" data-is-descendent-of-query-loop=\"true\" data-show-sale-badge=\"false\" class=\"wc-block-components-product-image wc-block-grid__product-image wc-block-components-product-image--aspect-ratio-auto wp-block-woocommerce-product-image\"><a href=\"https:\/\/www.fokussrl.com\/fr\/produit\/cheminee-electrique-skope-trento-110-w\/\" style=\"\" data-wp-on--click=\"woocommerce\/product-collection::actions.viewProduct\"><img decoding=\"async\" width=\"300\" height=\"300\" src=\"https:\/\/www.fokussrl.com\/wp-content\/uploads\/2025\/01\/70423a_70738bd2a2ce448694c745069a42ac21mv2-300x300.jpg\" class=\"attachment-woocommerce_thumbnail size-woocommerce_thumbnail\" alt=\"Chemin\u00e9e \u00e9lectrique SKOPE TRENTO 110 W - Gazco\" data-testid=\"product-image\" data-image-id=\"54688\" style=\"object-fit:cover;\" loading=\"lazy\" srcset=\"https:\/\/www.fokussrl.com\/wp-content\/uploads\/2025\/01\/70423a_70738bd2a2ce448694c745069a42ac21mv2-300x300.jpg 300w, https:\/\/www.fokussrl.com\/wp-content\/uploads\/2025\/01\/70423a_70738bd2a2ce448694c745069a42ac21mv2-150x150.jpg 150w, https:\/\/www.fokussrl.com\/wp-content\/uploads\/2025\/01\/70423a_70738bd2a2ce448694c745069a42ac21mv2-100x100.jpg 100w\" sizes=\"auto, (max-width: 300px) 100vw, 300px\" \/><div class=\"wc-block-components-product-image__inner-container\">\n\n<\/div><\/a><\/div>\n\n<h3 style=\"font-size:13px;font-style:normal;font-weight:500;text-transform:uppercase; margin-bottom:0.75rem;margin-top:0;\" class=\"has-text-align-center has-link-color wp-elements-f49df5a45cd9fc927f3a9fccc3b84773 wp-block-post-title has-text-color has-contrast-color\"><a data-wp-on--click=\"woocommerce\/product-collection::actions.viewProduct\" href=\"https:\/\/www.fokussrl.com\/fr\/produit\/cheminee-electrique-skope-trento-110-w\/\" target=\"_self\" >Chemin\u00e9e \u00e9lectrique SKOPE TRENTO 110 W &#8211; Gazco<\/a><\/h3>\n\n<div data-block-name=\"woocommerce\/product-price\" data-is-descendent-of-query-loop=\"true\" data-style=\"{&quot;typography&quot;:{&quot;fontSize&quot;:&quot;14px&quot;},&quot;elements&quot;:{&quot;link&quot;:{&quot;color&quot;:{&quot;text&quot;:&quot;var:preset|color|prezzo&quot;}}}}\" data-text-align=\"center\" data-text-color=\"prezzo\" style=\"font-size: 14px; font-size:14px;\" class=\"has-text-align-center has-text-color has-prezzo-color wp-elements-8cdf4749307a23b4b49ac430d9b5e2e6 wp-elements-8cdf4749307a23b4b49ac430d9b5e2e6 wp-block-woocommerce-product-price has-text-color has-prezzo-color\" ><div class=\"wc-block-components-product-price wc-block-grid__product-price\" >\n\t\t\t\t\t<span class=\"woocommerce-Price-amount amount\"><bdi>3.704,26&nbsp;<span class=\"woocommerce-Price-currencySymbol\">&euro;<\/span><\/bdi><\/span> <small class=\"woocommerce-price-suffix\">HT<\/small>\n\t\t\t\t<\/div><\/div>\n\n\t\t\t\t<\/li><li class=\"wc-block-product post-58806 product type-product status-publish has-post-thumbnail product_brand-kalfire-fr product_cat-cheminees-electriques product_shipping_class-caminetti-elettrici-2-2 pa_versione-encastrable pa_versione-installation-libre sales-flash-overlay woocommerce-text-align-center woocommerce-image-align-center do-quantity-buttons last instock taxable shipping-taxable product-type-variable\"\n\t\t\t\t\t\n\t\t\t\tdata-wp-interactive=\"woocommerce\/product-collection\"\n\t\t\t\tdata-wp-context='{\"productId\":58806}'\n\t\t\t\tdata-wp-key=\"product-item-58806\"\n\t\t\t\n\t\t\t\t>\n\t\t\t\t\t\n<div data-block-name=\"woocommerce\/product-image\" data-image-sizing=\"thumbnail\" data-is-descendent-of-query-loop=\"true\" data-show-sale-badge=\"false\" class=\"wc-block-components-product-image wc-block-grid__product-image wc-block-components-product-image--aspect-ratio-auto wp-block-woocommerce-product-image\"><a href=\"https:\/\/www.fokussrl.com\/fr\/produit\/cheminee-electrique-e-one-100\/\" style=\"\" data-wp-on--click=\"woocommerce\/product-collection::actions.viewProduct\"><img decoding=\"async\" width=\"300\" height=\"300\" src=\"https:\/\/www.fokussrl.com\/wp-content\/uploads\/2025\/01\/70423a_f283df94a85142f99a40ee0e02ff7361mv2-300x300.jpg\" class=\"attachment-woocommerce_thumbnail size-woocommerce_thumbnail\" alt=\"Chemin\u00e9e \u00e9lectrique E-ONE 100 - Kalfire\" data-testid=\"product-image\" data-image-id=\"54636\" style=\"object-fit:cover;\" loading=\"lazy\" srcset=\"https:\/\/www.fokussrl.com\/wp-content\/uploads\/2025\/01\/70423a_f283df94a85142f99a40ee0e02ff7361mv2-300x300.jpg 300w, https:\/\/www.fokussrl.com\/wp-content\/uploads\/2025\/01\/70423a_f283df94a85142f99a40ee0e02ff7361mv2-150x150.jpg 150w, https:\/\/www.fokussrl.com\/wp-content\/uploads\/2025\/01\/70423a_f283df94a85142f99a40ee0e02ff7361mv2-600x600.jpg 600w, https:\/\/www.fokussrl.com\/wp-content\/uploads\/2025\/01\/70423a_f283df94a85142f99a40ee0e02ff7361mv2-100x100.jpg 100w, https:\/\/www.fokussrl.com\/wp-content\/uploads\/2025\/01\/70423a_f283df94a85142f99a40ee0e02ff7361mv2-64x64.jpg 64w, https:\/\/www.fokussrl.com\/wp-content\/uploads\/2025\/01\/70423a_f283df94a85142f99a40ee0e02ff7361mv2.jpg 605w\" sizes=\"auto, (max-width: 300px) 100vw, 300px\" \/><div class=\"wc-block-components-product-image__inner-container\">\n\n<\/div><\/a><\/div>\n\n<h3 style=\"font-size:13px;font-style:normal;font-weight:500;text-transform:uppercase; margin-bottom:0.75rem;margin-top:0;\" class=\"has-text-align-center has-link-color wp-elements-f49df5a45cd9fc927f3a9fccc3b84773 wp-block-post-title has-text-color has-contrast-color\"><a data-wp-on--click=\"woocommerce\/product-collection::actions.viewProduct\" href=\"https:\/\/www.fokussrl.com\/fr\/produit\/cheminee-electrique-e-one-100\/\" target=\"_self\" >Chemin\u00e9e \u00e9lectrique E-ONE 100 &#8211; Kalfire<\/a><\/h3>\n\n<div data-block-name=\"woocommerce\/product-price\" data-is-descendent-of-query-loop=\"true\" data-style=\"{&quot;typography&quot;:{&quot;fontSize&quot;:&quot;14px&quot;},&quot;elements&quot;:{&quot;link&quot;:{&quot;color&quot;:{&quot;text&quot;:&quot;var:preset|color|prezzo&quot;}}}}\" data-text-align=\"center\" data-text-color=\"prezzo\" style=\"font-size: 14px; font-size:14px;\" class=\"has-text-align-center has-text-color has-prezzo-color wp-elements-8cdf4749307a23b4b49ac430d9b5e2e6 wp-elements-8cdf4749307a23b4b49ac430d9b5e2e6 wp-block-woocommerce-product-price has-text-color has-prezzo-color\" ><div class=\"wc-block-components-product-price wc-block-grid__product-price\" >\n\t\t\t\t\t<span class=\"woocommerce-Price-amount amount\" aria-hidden=\"true\"><bdi>7.896,52&nbsp;<span class=\"woocommerce-Price-currencySymbol\">&euro;<\/span><\/bdi><\/span> <span aria-hidden=\"true\">\u00a0\u2013\u00a0<\/span> <span class=\"woocommerce-Price-amount amount\" aria-hidden=\"true\"><bdi>8.615,16&nbsp;<span class=\"woocommerce-Price-currencySymbol\">&euro;<\/span><\/bdi><\/span><span class=\"screen-reader-text\">Plage de prix\u00a0: 7.896,52&nbsp;&euro; \u00e0 8.615,16&nbsp;&euro;<\/span> <small class=\"woocommerce-price-suffix\">HT<\/small>\n\t\t\t\t<\/div><\/div>\n\n\t\t\t\t<\/li><li class=\"wc-block-product post-53018 product type-product status-publish has-post-thumbnail product_brand-gazco-fr product_cat-cheminees-electriques product_shipping_class-caminetti-elettrici-2-2 sales-flash-overlay woocommerce-text-align-center woocommerce-image-align-center do-quantity-buttons first instock taxable shipping-taxable purchasable product-type-simple\"\n\t\t\t\t\t\n\t\t\t\tdata-wp-interactive=\"woocommerce\/product-collection\"\n\t\t\t\tdata-wp-context='{\"productId\":53018}'\n\t\t\t\tdata-wp-key=\"product-item-53018\"\n\t\t\t\n\t\t\t\t>\n\t\t\t\t\t\n<div data-block-name=\"woocommerce\/product-image\" data-image-sizing=\"thumbnail\" data-is-descendent-of-query-loop=\"true\" data-show-sale-badge=\"false\" class=\"wc-block-components-product-image wc-block-grid__product-image wc-block-components-product-image--aspect-ratio-auto wp-block-woocommerce-product-image\"><a href=\"https:\/\/www.fokussrl.com\/fr\/produit\/cheminee-electrique-ereflex-outset-75-rw\/\" style=\"\" data-wp-on--click=\"woocommerce\/product-collection::actions.viewProduct\"><img decoding=\"async\" width=\"300\" height=\"300\" src=\"https:\/\/www.fokussrl.com\/wp-content\/uploads\/2025\/01\/70423a_e7713d503eac40fc94e248f5c0cfa044mv2-300x300.jpg\" class=\"attachment-woocommerce_thumbnail size-woocommerce_thumbnail\" alt=\"Chemin\u00e9e \u00e9lectrique eReflex Outset 75 RW - Gazco\" data-testid=\"product-image\" data-image-id=\"53019\" style=\"object-fit:cover;\" loading=\"lazy\" srcset=\"https:\/\/www.fokussrl.com\/wp-content\/uploads\/2025\/01\/70423a_e7713d503eac40fc94e248f5c0cfa044mv2-300x300.jpg 300w, https:\/\/www.fokussrl.com\/wp-content\/uploads\/2025\/01\/70423a_e7713d503eac40fc94e248f5c0cfa044mv2-150x150.jpg 150w, https:\/\/www.fokussrl.com\/wp-content\/uploads\/2025\/01\/70423a_e7713d503eac40fc94e248f5c0cfa044mv2-100x100.jpg 100w\" sizes=\"auto, (max-width: 300px) 100vw, 300px\" \/><div class=\"wc-block-components-product-image__inner-container\">\n\n<\/div><\/a><\/div>\n\n<h3 style=\"font-size:13px;font-style:normal;font-weight:500;text-transform:uppercase; margin-bottom:0.75rem;margin-top:0;\" class=\"has-text-align-center has-link-color wp-elements-f49df5a45cd9fc927f3a9fccc3b84773 wp-block-post-title has-text-color has-contrast-color\"><a data-wp-on--click=\"woocommerce\/product-collection::actions.viewProduct\" href=\"https:\/\/www.fokussrl.com\/fr\/produit\/cheminee-electrique-ereflex-outset-75-rw\/\" target=\"_self\" >Chemin\u00e9e \u00e9lectrique eReflex Outset 75 RW &#8211; Gazco<\/a><\/h3>\n\n<div data-block-name=\"woocommerce\/product-price\" data-is-descendent-of-query-loop=\"true\" data-style=\"{&quot;typography&quot;:{&quot;fontSize&quot;:&quot;14px&quot;},&quot;elements&quot;:{&quot;link&quot;:{&quot;color&quot;:{&quot;text&quot;:&quot;var:preset|color|prezzo&quot;}}}}\" data-text-align=\"center\" data-text-color=\"prezzo\" style=\"font-size: 14px; font-size:14px;\" class=\"has-text-align-center has-text-color has-prezzo-color wp-elements-8cdf4749307a23b4b49ac430d9b5e2e6 wp-elements-8cdf4749307a23b4b49ac430d9b5e2e6 wp-block-woocommerce-product-price has-text-color has-prezzo-color\" ><div class=\"wc-block-components-product-price wc-block-grid__product-price\" >\n\t\t\t\t\t<span class=\"woocommerce-Price-amount amount\"><bdi>2.518,28&nbsp;<span class=\"woocommerce-Price-currencySymbol\">&euro;<\/span><\/bdi><\/span> <small class=\"woocommerce-price-suffix\">HT<\/small>\n\t\t\t\t<\/div><\/div>\n\n\t\t\t\t<\/li><li class=\"wc-block-product post-53024 product type-product status-publish has-post-thumbnail product_brand-gazco-fr product_cat-cheminees-electriques product_shipping_class-caminetti-elettrici-2-2 sales-flash-overlay woocommerce-text-align-center woocommerce-image-align-center do-quantity-buttons  instock taxable shipping-taxable purchasable product-type-simple\"\n\t\t\t\t\t\n\t\t\t\tdata-wp-interactive=\"woocommerce\/product-collection\"\n\t\t\t\tdata-wp-context='{\"productId\":53024}'\n\t\t\t\tdata-wp-key=\"product-item-53024\"\n\t\t\t\n\t\t\t\t>\n\t\t\t\t\t\n<div data-block-name=\"woocommerce\/product-image\" data-image-sizing=\"thumbnail\" data-is-descendent-of-query-loop=\"true\" data-show-sale-badge=\"false\" class=\"wc-block-components-product-image wc-block-grid__product-image wc-block-components-product-image--aspect-ratio-auto wp-block-woocommerce-product-image\"><a href=\"https:\/\/www.fokussrl.com\/fr\/produit\/cheminee-electrique-skope-outset-70-w\/\" style=\"\" data-wp-on--click=\"woocommerce\/product-collection::actions.viewProduct\"><img decoding=\"async\" width=\"300\" height=\"300\" src=\"https:\/\/www.fokussrl.com\/wp-content\/uploads\/2025\/01\/70423a_a59b630d81194ca4978f1e21454af3dfmv2-300x300.jpg\" class=\"attachment-woocommerce_thumbnail size-woocommerce_thumbnail\" alt=\"Chemin\u00e9e \u00e9lectrique SKOPE OUTSET 70 W - Gazco\" data-testid=\"product-image\" data-image-id=\"53025\" style=\"object-fit:cover;\" loading=\"lazy\" srcset=\"https:\/\/www.fokussrl.com\/wp-content\/uploads\/2025\/01\/70423a_a59b630d81194ca4978f1e21454af3dfmv2-300x300.jpg 300w, https:\/\/www.fokussrl.com\/wp-content\/uploads\/2025\/01\/70423a_a59b630d81194ca4978f1e21454af3dfmv2-150x150.jpg 150w, https:\/\/www.fokussrl.com\/wp-content\/uploads\/2025\/01\/70423a_a59b630d81194ca4978f1e21454af3dfmv2-100x100.jpg 100w\" sizes=\"auto, (max-width: 300px) 100vw, 300px\" \/><div class=\"wc-block-components-product-image__inner-container\">\n\n<\/div><\/a><\/div>\n\n<h3 style=\"font-size:13px;font-style:normal;font-weight:500;text-transform:uppercase; margin-bottom:0.75rem;margin-top:0;\" class=\"has-text-align-center has-link-color wp-elements-f49df5a45cd9fc927f3a9fccc3b84773 wp-block-post-title has-text-color has-contrast-color\"><a data-wp-on--click=\"woocommerce\/product-collection::actions.viewProduct\" href=\"https:\/\/www.fokussrl.com\/fr\/produit\/cheminee-electrique-skope-outset-70-w\/\" target=\"_self\" >Chemin\u00e9e \u00e9lectrique SKOPE OUTSET 70 W &#8211; Gazco<\/a><\/h3>\n\n<div data-block-name=\"woocommerce\/product-price\" data-is-descendent-of-query-loop=\"true\" data-style=\"{&quot;typography&quot;:{&quot;fontSize&quot;:&quot;14px&quot;},&quot;elements&quot;:{&quot;link&quot;:{&quot;color&quot;:{&quot;text&quot;:&quot;var:preset|color|prezzo&quot;}}}}\" data-text-align=\"center\" data-text-color=\"prezzo\" style=\"font-size: 14px; font-size:14px;\" class=\"has-text-align-center has-text-color has-prezzo-color wp-elements-8cdf4749307a23b4b49ac430d9b5e2e6 wp-elements-8cdf4749307a23b4b49ac430d9b5e2e6 wp-block-woocommerce-product-price has-text-color has-prezzo-color\" ><div class=\"wc-block-components-product-price wc-block-grid__product-price\" >\n\t\t\t\t\t<span class=\"woocommerce-Price-amount amount\"><bdi>2.421,02&nbsp;<span class=\"woocommerce-Price-currencySymbol\">&euro;<\/span><\/bdi><\/span> <small class=\"woocommerce-price-suffix\">HT<\/small>\n\t\t\t\t<\/div><\/div>\n\n\t\t\t\t<\/li><\/ul><\/div>\n\n<\/div>\n\n<div class=\"gb-container gb-container-248070bf\">\n\n<a class=\"gb-button gb-button-4c4f9f91 gb-button-text\" href=\"https:\/\/www.fokussrl.com\/fr\/categorie-produit\/cheminees\/cheminees-electriques\/\">Voir toutes les chemin\u00e9es \u00e9lectriques<\/a>\n\n<\/div>\n<\/div><div class=\"gb-container gb-container-854ece1e\">\n<div class=\"gb-container gb-container-4d2b4588\">\n\n<h2 class=\"gb-headline gb-headline-0526a890 gb-headline-text\"><a href=\"https:\/\/www.fokussrl.com\/fr\/categorie-produit\/poeles\/poeles-au-bois\/\" data-type=\"product_cat\" data-id=\"4546\">Po\u00eales au bois<\/a><\/h2>\n\n<\/div>\n\n<div class=\"gb-container gb-container-7a4c8bcf\">\n\n<div data-wp-context=\"{&quot;notices&quot;:[],&quot;hideNextPreviousButtons&quot;:false,&quot;isDisabledPrevious&quot;:true,&quot;isDisabledNext&quot;:false,&quot;ariaLabelPrevious&quot;:&quot;Produits pr\\u00e9c\\u00e9dents&quot;,&quot;ariaLabelNext&quot;:&quot;Produits suivants&quot;}\" data-wp-init=\"callbacks.onRender\" data-wp-interactive=\"woocommerce\/product-collection\" data-wp-router-region=\"wc-product-collection-3\" data-__private-preview-state=\"{&quot;isPreview&quot;:false,&quot;previewMessage&quot;:&quot;I prodotti effettivi variano a seconda della pagina visualizzata.&quot;}\" data-block-name=\"woocommerce\/product-collection\" data-dimensions=\"{&quot;widthType&quot;:&quot;fill&quot;}\" data-display-layout=\"{&quot;type&quot;:&quot;flex&quot;,&quot;columns&quot;:3,&quot;shrinkColumns&quot;:true}\" data-query-context-includes=\"[&quot;collection&quot;]\" data-query-id=\"3\" data-query=\"{&quot;perPage&quot;:9,&quot;pages&quot;:0,&quot;offset&quot;:0,&quot;postType&quot;:&quot;product&quot;,&quot;order&quot;:&quot;desc&quot;,&quot;orderBy&quot;:&quot;date&quot;,&quot;search&quot;:&quot;&quot;,&quot;exclude&quot;:[],&quot;inherit&quot;:false,&quot;taxQuery&quot;:{&quot;product_cat&quot;:[4546]},&quot;isProductCollectionBlock&quot;:true,&quot;featured&quot;:false,&quot;woocommerceOnSale&quot;:false,&quot;woocommerceStockStatus&quot;:[&quot;instock&quot;,&quot;outofstock&quot;,&quot;onbackorder&quot;],&quot;woocommerceAttributes&quot;:[],&quot;woocommerceHandPickedProducts&quot;:[],&quot;filterable&quot;:false,&quot;relatedBy&quot;:{&quot;categories&quot;:true,&quot;tags&quot;:true}}\" data-tag-name=\"div\" class=\"wp-block-woocommerce-product-collection is-layout-flow wp-block-woocommerce-product-collection-is-layout-flow\">\t\t<div data-wp-interactive=\"woocommerce\/store-notices\" class=\"wc-block-components-notices alignwide\">\n\t\t\t<template data-wp-each--notice=\"state.notices\" data-wp-each-key=\"context.notice.id\">\n\t\t\t\t<div\n\t\t\t\t\tclass=\"wc-block-components-notice-banner\"\n\t\t\t\t\tdata-wp-init=\"callbacks.scrollIntoView\"\n\t\t\t\t\tdata-wp-class--is-error=\"state.isError\"\n\t\t\t\t\tdata-wp-class--is-success=\"state.isSuccess\"\n\t\t\t\t\tdata-wp-class--is-info=\"state.isInfo\"\n\t\t\t\t\tdata-wp-class--is-dismissible=\"context.notice.dismissible\"\n\t\t\t\t\tdata-wp-bind--role=\"state.role\"\n\t\t\t\t\tdata-wp-watch=\"callbacks.injectIcon\"\n\t\t\t\t>\n\t\t\t\t\t<div class=\"wc-block-components-notice-banner__content\">\n\t\t\t\t\t\t<span data-wp-init=\"callbacks.renderNoticeContent\" aria-live=\"assertive\" aria-atomic=\"true\"><\/span>\n\t\t\t\t\t<\/div>\n\t\t\t\t\t<button\n\t\t\t\t\t\tdata-wp-bind--hidden=\"!context.notice.dismissible\"\n\t\t\t\t\t\tclass=\"wc-block-components-button wp-element-button wc-block-components-notice-banner__dismiss contained\"\n\t\t\t\t\t\taria-label=\"D\u00e9sactiver cette notification\"\n\t\t\t\t\t\tdata-wp-on--click=\"actions.removeNotice\"\n\t\t\t\t\t>\n\t\t\t\t\t\t<svg xmlns=\"http:\/\/www.w3.org\/2000\/svg\" viewBox=\"0 0 24 24\">\n\t\t\t\t\t\t\t<path d=\"M13 11.8l6.1-6.3-1-1-6.1 6.2-6.1-6.2-1 1 6.1 6.3-6.5 6.7 1 1 6.5-6.6 6.5 6.6 1-1z\" \/>\n\t\t\t\t\t\t<\/svg>\n\t\t\t\t\t<\/button>\n\t\t\t\t<\/div>\n\t\t\t<\/template>\n\t\t<\/div>\n\t\t<ul data-block-name=\"woocommerce\/product-template\" class=\"wc-block-product-template__responsive columns-3 wc-block-product-template wp-block-woocommerce-product-template is-layout-flow wp-block-woocommerce-product-template-is-layout-flow\" data-wp-on--scroll=\"actions.watchScroll\" data-wp-init=\"callbacks.initResizeObserver\"><li class=\"wc-block-product post-69731 product type-product status-publish has-post-thumbnail product_brand-bronpi-fr product_cat-poeles-au-bois product_shipping_class-stufe-a-legna-2-2 sales-flash-overlay woocommerce-text-align-center woocommerce-image-align-center do-quantity-buttons  instock taxable shipping-taxable purchasable product-type-simple\"\n\t\t\t\t\t\n\t\t\t\tdata-wp-interactive=\"woocommerce\/product-collection\"\n\t\t\t\tdata-wp-context='{\"productId\":69731}'\n\t\t\t\tdata-wp-key=\"product-item-69731\"\n\t\t\t\n\t\t\t\t>\n\t\t\t\t\t\n<div data-block-name=\"woocommerce\/product-image\" data-image-sizing=\"thumbnail\" data-is-descendent-of-query-loop=\"true\" data-show-sale-badge=\"false\" class=\"wc-block-components-product-image wc-block-grid__product-image wc-block-components-product-image--aspect-ratio-auto wp-block-woocommerce-product-image\"><a href=\"https:\/\/www.fokussrl.com\/fr\/produit\/poele-a-bois-dangle-en-fonte-lira-63-kw-bronpi\/\" style=\"\" data-wp-on--click=\"woocommerce\/product-collection::actions.viewProduct\"><img decoding=\"async\" width=\"300\" height=\"300\" src=\"https:\/\/www.fokussrl.com\/wp-content\/uploads\/2026\/02\/lira-foto-300x300.jpg\" class=\"attachment-woocommerce_thumbnail size-woocommerce_thumbnail\" alt=\"Po\u00eale \u00e0 bois d&#039;angle en fonte LIRA 6,3 kW - Bronpi\" data-testid=\"product-image\" data-image-id=\"69734\" style=\"object-fit:cover;\" loading=\"lazy\" srcset=\"https:\/\/www.fokussrl.com\/wp-content\/uploads\/2026\/02\/lira-foto-300x300.jpg 300w, https:\/\/www.fokussrl.com\/wp-content\/uploads\/2026\/02\/lira-foto-150x150.jpg 150w, https:\/\/www.fokussrl.com\/wp-content\/uploads\/2026\/02\/lira-foto-100x100.jpg 100w\" sizes=\"auto, (max-width: 300px) 100vw, 300px\" \/><div class=\"wc-block-components-product-image__inner-container\">\n\n<\/div><\/a><\/div>\n\n<h3 style=\"font-size:13px;font-style:normal;font-weight:500;text-transform:uppercase; margin-bottom:0.75rem;margin-top:0;\" class=\"has-text-align-center has-link-color wp-elements-f49df5a45cd9fc927f3a9fccc3b84773 wp-block-post-title has-text-color has-contrast-color\"><a data-wp-on--click=\"woocommerce\/product-collection::actions.viewProduct\" href=\"https:\/\/www.fokussrl.com\/fr\/produit\/poele-a-bois-dangle-en-fonte-lira-63-kw-bronpi\/\" target=\"_self\" >Po\u00eale \u00e0 bois d&rsquo;angle en fonte LIRA 6,3 kW &#8211; Bronpi<\/a><\/h3>\n\n<div data-block-name=\"woocommerce\/product-price\" data-is-descendent-of-query-loop=\"true\" data-style=\"{&quot;typography&quot;:{&quot;fontSize&quot;:&quot;14px&quot;},&quot;elements&quot;:{&quot;link&quot;:{&quot;color&quot;:{&quot;text&quot;:&quot;var:preset|color|prezzo&quot;}}}}\" data-text-align=\"center\" data-text-color=\"prezzo\" style=\"font-size: 14px; font-size:14px;\" class=\"has-text-align-center has-text-color has-prezzo-color wp-elements-8cdf4749307a23b4b49ac430d9b5e2e6 wp-elements-8cdf4749307a23b4b49ac430d9b5e2e6 wp-block-woocommerce-product-price has-text-color has-prezzo-color\" ><div class=\"wc-block-components-product-price wc-block-grid__product-price\" >\n\t\t\t\t\t<span class=\"woocommerce-Price-amount amount\"><bdi>831,39&nbsp;<span class=\"woocommerce-Price-currencySymbol\">&euro;<\/span><\/bdi><\/span> <small class=\"woocommerce-price-suffix\">HT<\/small>\n\t\t\t\t<\/div><\/div>\n\n\t\t\t\t<\/li><li class=\"wc-block-product post-69713 product type-product status-publish has-post-thumbnail product_brand-bronpi-fr product_cat-poeles-au-bois product_shipping_class-stufe-a-legna-2-2 sales-flash-overlay woocommerce-text-align-center woocommerce-image-align-center do-quantity-buttons last instock taxable shipping-taxable purchasable product-type-simple\"\n\t\t\t\t\t\n\t\t\t\tdata-wp-interactive=\"woocommerce\/product-collection\"\n\t\t\t\tdata-wp-context='{\"productId\":69713}'\n\t\t\t\tdata-wp-key=\"product-item-69713\"\n\t\t\t\n\t\t\t\t>\n\t\t\t\t\t\n<div data-block-name=\"woocommerce\/product-image\" data-image-sizing=\"thumbnail\" data-is-descendent-of-query-loop=\"true\" data-show-sale-badge=\"false\" class=\"wc-block-components-product-image wc-block-grid__product-image wc-block-components-product-image--aspect-ratio-auto wp-block-woocommerce-product-image\"><a href=\"https:\/\/www.fokussrl.com\/fr\/produit\/poele-a-bois-dangle-en-fonte-karen-10-kw-bronpi\/\" style=\"\" data-wp-on--click=\"woocommerce\/product-collection::actions.viewProduct\"><img decoding=\"async\" width=\"300\" height=\"300\" src=\"https:\/\/www.fokussrl.com\/wp-content\/uploads\/2026\/02\/karen-foto-300x300.jpg\" class=\"attachment-woocommerce_thumbnail size-woocommerce_thumbnail\" alt=\"Po\u00eale \u00e0 bois d&#039;angle en fonte KAREN 10 kW - Bronpi\" data-testid=\"product-image\" data-image-id=\"69716\" style=\"object-fit:cover;\" loading=\"lazy\" srcset=\"https:\/\/www.fokussrl.com\/wp-content\/uploads\/2026\/02\/karen-foto-300x300.jpg 300w, https:\/\/www.fokussrl.com\/wp-content\/uploads\/2026\/02\/karen-foto-150x150.jpg 150w, https:\/\/www.fokussrl.com\/wp-content\/uploads\/2026\/02\/karen-foto-100x100.jpg 100w\" sizes=\"auto, (max-width: 300px) 100vw, 300px\" \/><div class=\"wc-block-components-product-image__inner-container\">\n\n<\/div><\/a><\/div>\n\n<h3 style=\"font-size:13px;font-style:normal;font-weight:500;text-transform:uppercase; margin-bottom:0.75rem;margin-top:0;\" class=\"has-text-align-center has-link-color wp-elements-f49df5a45cd9fc927f3a9fccc3b84773 wp-block-post-title has-text-color has-contrast-color\"><a data-wp-on--click=\"woocommerce\/product-collection::actions.viewProduct\" href=\"https:\/\/www.fokussrl.com\/fr\/produit\/poele-a-bois-dangle-en-fonte-karen-10-kw-bronpi\/\" target=\"_self\" >Po\u00eale \u00e0 bois d&rsquo;angle en fonte KAREN 10 kW &#8211; Bronpi<\/a><\/h3>\n\n<div data-block-name=\"woocommerce\/product-price\" data-is-descendent-of-query-loop=\"true\" data-style=\"{&quot;typography&quot;:{&quot;fontSize&quot;:&quot;14px&quot;},&quot;elements&quot;:{&quot;link&quot;:{&quot;color&quot;:{&quot;text&quot;:&quot;var:preset|color|prezzo&quot;}}}}\" data-text-align=\"center\" data-text-color=\"prezzo\" style=\"font-size: 14px; font-size:14px;\" class=\"has-text-align-center has-text-color has-prezzo-color wp-elements-8cdf4749307a23b4b49ac430d9b5e2e6 wp-elements-8cdf4749307a23b4b49ac430d9b5e2e6 wp-block-woocommerce-product-price has-text-color has-prezzo-color\" ><div class=\"wc-block-components-product-price wc-block-grid__product-price\" >\n\t\t\t\t\t<span class=\"woocommerce-Price-amount amount\"><bdi>1.402,87&nbsp;<span class=\"woocommerce-Price-currencySymbol\">&euro;<\/span><\/bdi><\/span> <small class=\"woocommerce-price-suffix\">HT<\/small>\n\t\t\t\t<\/div><\/div>\n\n\t\t\t\t<\/li><li class=\"wc-block-product post-69208 product type-product status-publish has-post-thumbnail product_brand-klover-fr product_cat-poeles-au-bois product_shipping_class-stufe-legna-pellet-2-2 pa_colore-moka-fr pa_colore-pierre-ollaire-naturelle sales-flash-overlay woocommerce-text-align-center woocommerce-image-align-center do-quantity-buttons first instock taxable shipping-taxable purchasable product-type-variable\"\n\t\t\t\t\t\n\t\t\t\tdata-wp-interactive=\"woocommerce\/product-collection\"\n\t\t\t\tdata-wp-context='{\"productId\":69208}'\n\t\t\t\tdata-wp-key=\"product-item-69208\"\n\t\t\t\n\t\t\t\t>\n\t\t\t\t\t\n<div data-block-name=\"woocommerce\/product-image\" data-image-sizing=\"thumbnail\" data-is-descendent-of-query-loop=\"true\" data-show-sale-badge=\"false\" class=\"wc-block-components-product-image wc-block-grid__product-image wc-block-components-product-image--aspect-ratio-auto wp-block-woocommerce-product-image\"><a href=\"https:\/\/www.fokussrl.com\/fr\/produit\/poele-a-bois-a-accumulation-swiss-core-klover\/\" style=\"\" data-wp-on--click=\"woocommerce\/product-collection::actions.viewProduct\"><img decoding=\"async\" width=\"300\" height=\"300\" src=\"https:\/\/www.fokussrl.com\/wp-content\/uploads\/2026\/02\/swiss-core-foto-300x300.jpg\" class=\"attachment-woocommerce_thumbnail size-woocommerce_thumbnail\" alt=\"Po\u00eale \u00e0 bois \u00e0 accumulation SWISS CORE - Klover\" data-testid=\"product-image\" data-image-id=\"69279\" style=\"object-fit:cover;\" loading=\"lazy\" srcset=\"https:\/\/www.fokussrl.com\/wp-content\/uploads\/2026\/02\/swiss-core-foto-300x300.jpg 300w, https:\/\/www.fokussrl.com\/wp-content\/uploads\/2026\/02\/swiss-core-foto-150x150.jpg 150w, https:\/\/www.fokussrl.com\/wp-content\/uploads\/2026\/02\/swiss-core-foto-100x100.jpg 100w\" sizes=\"auto, (max-width: 300px) 100vw, 300px\" \/><div class=\"wc-block-components-product-image__inner-container\">\n\n<\/div><\/a><\/div>\n\n<h3 style=\"font-size:13px;font-style:normal;font-weight:500;text-transform:uppercase; margin-bottom:0.75rem;margin-top:0;\" class=\"has-text-align-center has-link-color wp-elements-f49df5a45cd9fc927f3a9fccc3b84773 wp-block-post-title has-text-color has-contrast-color\"><a data-wp-on--click=\"woocommerce\/product-collection::actions.viewProduct\" href=\"https:\/\/www.fokussrl.com\/fr\/produit\/poele-a-bois-a-accumulation-swiss-core-klover\/\" target=\"_self\" >Po\u00eale \u00e0 bois \u00e0 accumulation SWISS CORE &#8211; Klover<\/a><\/h3>\n\n<div data-block-name=\"woocommerce\/product-price\" data-is-descendent-of-query-loop=\"true\" data-style=\"{&quot;typography&quot;:{&quot;fontSize&quot;:&quot;14px&quot;},&quot;elements&quot;:{&quot;link&quot;:{&quot;color&quot;:{&quot;text&quot;:&quot;var:preset|color|prezzo&quot;}}}}\" data-text-align=\"center\" data-text-color=\"prezzo\" style=\"font-size: 14px; font-size:14px;\" class=\"has-text-align-center has-text-color has-prezzo-color wp-elements-8cdf4749307a23b4b49ac430d9b5e2e6 wp-elements-8cdf4749307a23b4b49ac430d9b5e2e6 wp-block-woocommerce-product-price has-text-color has-prezzo-color\" ><div class=\"wc-block-components-product-price wc-block-grid__product-price\" >\n\t\t\t\t\t<span class=\"woocommerce-Price-amount amount\"><bdi>3.133,65&nbsp;<span class=\"woocommerce-Price-currencySymbol\">&euro;<\/span><\/bdi><\/span> <small class=\"woocommerce-price-suffix\">HT<\/small>\n\t\t\t\t<\/div><\/div>\n\n\t\t\t\t<\/li><li class=\"wc-block-product post-68618 product type-product status-publish has-post-thumbnail product_brand-la-nordica-extraflame-fr product_cat-poeles-au-bois product_shipping_class-stufe-a-legna-2-2 pa_versione-avec-couvercle-et-plaque-de-cuisson pa_versione-chauffage-seul sales-flash-overlay woocommerce-text-align-center woocommerce-image-align-center do-quantity-buttons  instock taxable shipping-taxable purchasable product-type-simple\"\n\t\t\t\t\t\n\t\t\t\tdata-wp-interactive=\"woocommerce\/product-collection\"\n\t\t\t\tdata-wp-context='{\"productId\":68618}'\n\t\t\t\tdata-wp-key=\"product-item-68618\"\n\t\t\t\n\t\t\t\t>\n\t\t\t\t\t\n<div data-block-name=\"woocommerce\/product-image\" data-image-sizing=\"thumbnail\" data-is-descendent-of-query-loop=\"true\" data-show-sale-badge=\"false\" class=\"wc-block-components-product-image wc-block-grid__product-image wc-block-components-product-image--aspect-ratio-auto wp-block-woocommerce-product-image\"><a href=\"https:\/\/www.fokussrl.com\/fr\/produit\/poele-a-bois-en-fonte-lavinia-eos-117-kw-la-nordica-extraflame\/\" style=\"\" data-wp-on--click=\"woocommerce\/product-collection::actions.viewProduct\"><img decoding=\"async\" width=\"300\" height=\"300\" src=\"https:\/\/www.fokussrl.com\/wp-content\/uploads\/2026\/01\/lavinia-foto-300x300.jpg\" class=\"attachment-woocommerce_thumbnail size-woocommerce_thumbnail\" alt=\"Po\u00eale \u00e0 bois en fonte LAVINIA EOS 11,7 Kw. - La Nordica - Extraflame\" data-testid=\"product-image\" data-image-id=\"68631\" style=\"object-fit:cover;\" loading=\"lazy\" srcset=\"https:\/\/www.fokussrl.com\/wp-content\/uploads\/2026\/01\/lavinia-foto-300x300.jpg 300w, https:\/\/www.fokussrl.com\/wp-content\/uploads\/2026\/01\/lavinia-foto-150x150.jpg 150w, https:\/\/www.fokussrl.com\/wp-content\/uploads\/2026\/01\/lavinia-foto-100x100.jpg 100w\" sizes=\"auto, (max-width: 300px) 100vw, 300px\" \/><div class=\"wc-block-components-product-image__inner-container\">\n\n<\/div><\/a><\/div>\n\n<h3 style=\"font-size:13px;font-style:normal;font-weight:500;text-transform:uppercase; margin-bottom:0.75rem;margin-top:0;\" class=\"has-text-align-center has-link-color wp-elements-f49df5a45cd9fc927f3a9fccc3b84773 wp-block-post-title has-text-color has-contrast-color\"><a data-wp-on--click=\"woocommerce\/product-collection::actions.viewProduct\" href=\"https:\/\/www.fokussrl.com\/fr\/produit\/poele-a-bois-en-fonte-lavinia-eos-117-kw-la-nordica-extraflame\/\" target=\"_self\" >Po\u00eale \u00e0 bois en fonte LAVINIA EOS 11,7 Kw. &#8211; La Nordica &#8211; Extraflame<\/a><\/h3>\n\n<div data-block-name=\"woocommerce\/product-price\" data-is-descendent-of-query-loop=\"true\" data-style=\"{&quot;typography&quot;:{&quot;fontSize&quot;:&quot;14px&quot;},&quot;elements&quot;:{&quot;link&quot;:{&quot;color&quot;:{&quot;text&quot;:&quot;var:preset|color|prezzo&quot;}}}}\" data-text-align=\"center\" data-text-color=\"prezzo\" style=\"font-size: 14px; font-size:14px;\" class=\"has-text-align-center has-text-color has-prezzo-color wp-elements-8cdf4749307a23b4b49ac430d9b5e2e6 wp-elements-8cdf4749307a23b4b49ac430d9b5e2e6 wp-block-woocommerce-product-price has-text-color has-prezzo-color\" ><div class=\"wc-block-components-product-price wc-block-grid__product-price\" >\n\t\t\t\t\t<span class=\"woocommerce-Price-amount amount\"><bdi>2.197,25&nbsp;<span class=\"woocommerce-Price-currencySymbol\">&euro;<\/span><\/bdi><\/span> <small class=\"woocommerce-price-suffix\">HT<\/small>\n\t\t\t\t<\/div><\/div>\n\n\t\t\t\t<\/li><li class=\"wc-block-product post-67092 product type-product status-publish has-post-thumbnail product_brand-nobis-fr product_cat-poeles-au-bois product_shipping_class-stufe-legna-pellet-2-2 pa_colore-blanc pa_colore-bronze-fr-2 pa_colore-fonce pa_colore-gris-fr pa_colore-noir pa_colore-travertin pa_modello-flat-300 pa_modello-flat-500 pa_modello-flat-700 pa_potenza-10-kw-fr pa_potenza-8-kw-fr sales-flash-overlay woocommerce-text-align-center woocommerce-image-align-center do-quantity-buttons  instock taxable shipping-taxable purchasable product-type-variable has-default-attributes\"\n\t\t\t\t\t\n\t\t\t\tdata-wp-interactive=\"woocommerce\/product-collection\"\n\t\t\t\tdata-wp-context='{\"productId\":67092}'\n\t\t\t\tdata-wp-key=\"product-item-67092\"\n\t\t\t\n\t\t\t\t>\n\t\t\t\t\t\n<div data-block-name=\"woocommerce\/product-image\" data-image-sizing=\"thumbnail\" data-is-descendent-of-query-loop=\"true\" data-show-sale-badge=\"false\" class=\"wc-block-components-product-image wc-block-grid__product-image wc-block-components-product-image--aspect-ratio-auto wp-block-woocommerce-product-image\"><a href=\"https:\/\/www.fokussrl.com\/fr\/produit\/poele-a-bois-a-accumulation-v-150-s-la-valmarecchia-copia\/\" style=\"\" data-wp-on--click=\"woocommerce\/product-collection::actions.viewProduct\"><img decoding=\"async\" width=\"300\" height=\"300\" src=\"https:\/\/www.fokussrl.com\/wp-content\/uploads\/2025\/10\/flat-300-accumulo-nera-1-300x300.jpg\" class=\"attachment-woocommerce_thumbnail size-woocommerce_thumbnail\" alt=\"Po\u00eale \u00e0 bois \u00e0 accumulation FLAT - Nobis\" data-testid=\"product-image\" data-image-id=\"67276\" style=\"object-fit:cover;\" loading=\"lazy\" srcset=\"https:\/\/www.fokussrl.com\/wp-content\/uploads\/2025\/10\/flat-300-accumulo-nera-1-300x300.jpg 300w, https:\/\/www.fokussrl.com\/wp-content\/uploads\/2025\/10\/flat-300-accumulo-nera-1-150x150.jpg 150w, https:\/\/www.fokussrl.com\/wp-content\/uploads\/2025\/10\/flat-300-accumulo-nera-1-100x100.jpg 100w\" sizes=\"auto, (max-width: 300px) 100vw, 300px\" \/><div class=\"wc-block-components-product-image__inner-container\">\n\n<\/div><\/a><\/div>\n\n<h3 style=\"font-size:13px;font-style:normal;font-weight:500;text-transform:uppercase; margin-bottom:0.75rem;margin-top:0;\" class=\"has-text-align-center has-link-color wp-elements-f49df5a45cd9fc927f3a9fccc3b84773 wp-block-post-title has-text-color has-contrast-color\"><a data-wp-on--click=\"woocommerce\/product-collection::actions.viewProduct\" href=\"https:\/\/www.fokussrl.com\/fr\/produit\/poele-a-bois-a-accumulation-v-150-s-la-valmarecchia-copia\/\" target=\"_self\" >Po\u00eale \u00e0 bois \u00e0 accumulation FLAT &#8211; Nobis<\/a><\/h3>\n\n<div data-block-name=\"woocommerce\/product-price\" data-is-descendent-of-query-loop=\"true\" data-style=\"{&quot;typography&quot;:{&quot;fontSize&quot;:&quot;14px&quot;},&quot;elements&quot;:{&quot;link&quot;:{&quot;color&quot;:{&quot;text&quot;:&quot;var:preset|color|prezzo&quot;}}}}\" data-text-align=\"center\" data-text-color=\"prezzo\" style=\"font-size: 14px; font-size:14px;\" class=\"has-text-align-center has-text-color has-prezzo-color wp-elements-8cdf4749307a23b4b49ac430d9b5e2e6 wp-elements-8cdf4749307a23b4b49ac430d9b5e2e6 wp-block-woocommerce-product-price has-text-color has-prezzo-color\" ><div class=\"wc-block-components-product-price wc-block-grid__product-price\" >\n\t\t\t\t\t<span class=\"woocommerce-Price-amount amount\"><bdi>2.502,79&nbsp;<span class=\"woocommerce-Price-currencySymbol\">&euro;<\/span><\/bdi><\/span> <small class=\"woocommerce-price-suffix\">HT<\/small>\n\t\t\t\t<\/div><\/div>\n\n\t\t\t\t<\/li><li class=\"wc-block-product post-61404 product type-product status-publish has-post-thumbnail product_brand-laminox-idro-fr product_cat-poeles-au-bois product_shipping_class-stufe-a-legna-2-2 pa_colore-blanc pa_colore-bordeaux-fr pa_colore-bronze-fr pa_colore-noir-lustre sales-flash-overlay woocommerce-text-align-center woocommerce-image-align-center do-quantity-buttons last instock taxable shipping-taxable purchasable product-type-variable\"\n\t\t\t\t\t\n\t\t\t\tdata-wp-interactive=\"woocommerce\/product-collection\"\n\t\t\t\tdata-wp-context='{\"productId\":61404}'\n\t\t\t\tdata-wp-key=\"product-item-61404\"\n\t\t\t\n\t\t\t\t>\n\t\t\t\t\t\n<div data-block-name=\"woocommerce\/product-image\" data-image-sizing=\"thumbnail\" data-is-descendent-of-query-loop=\"true\" data-show-sale-badge=\"false\" class=\"wc-block-components-product-image wc-block-grid__product-image wc-block-components-product-image--aspect-ratio-auto wp-block-woocommerce-product-image\"><a href=\"https:\/\/www.fokussrl.com\/fr\/produit\/poele-bois-nadia-8-kw\/\" style=\"\" data-wp-on--click=\"woocommerce\/product-collection::actions.viewProduct\"><img decoding=\"async\" width=\"300\" height=\"300\" src=\"https:\/\/www.fokussrl.com\/wp-content\/uploads\/2025\/01\/70423a_d290f028b650412081091bb071af8149mv2-300x300.jpg\" class=\"attachment-woocommerce_thumbnail size-woocommerce_thumbnail\" alt=\"Po\u00eale \u00e0 bois NADIA 8 kW - Laminox\" data-testid=\"product-image\" data-image-id=\"60612\" style=\"object-fit:cover;\" loading=\"lazy\" srcset=\"https:\/\/www.fokussrl.com\/wp-content\/uploads\/2025\/01\/70423a_d290f028b650412081091bb071af8149mv2-300x300.jpg 300w, https:\/\/www.fokussrl.com\/wp-content\/uploads\/2025\/01\/70423a_d290f028b650412081091bb071af8149mv2-150x150.jpg 150w, https:\/\/www.fokussrl.com\/wp-content\/uploads\/2025\/01\/70423a_d290f028b650412081091bb071af8149mv2-100x100.jpg 100w\" sizes=\"auto, (max-width: 300px) 100vw, 300px\" \/><div class=\"wc-block-components-product-image__inner-container\">\n\n<\/div><\/a><\/div>\n\n<h3 style=\"font-size:13px;font-style:normal;font-weight:500;text-transform:uppercase; margin-bottom:0.75rem;margin-top:0;\" class=\"has-text-align-center has-link-color wp-elements-f49df5a45cd9fc927f3a9fccc3b84773 wp-block-post-title has-text-color has-contrast-color\"><a data-wp-on--click=\"woocommerce\/product-collection::actions.viewProduct\" href=\"https:\/\/www.fokussrl.com\/fr\/produit\/poele-bois-nadia-8-kw\/\" target=\"_self\" >Po\u00eale \u00e0 bois NADIA 8 kW &#8211; Laminox<\/a><\/h3>\n\n<div data-block-name=\"woocommerce\/product-price\" data-is-descendent-of-query-loop=\"true\" data-style=\"{&quot;typography&quot;:{&quot;fontSize&quot;:&quot;14px&quot;},&quot;elements&quot;:{&quot;link&quot;:{&quot;color&quot;:{&quot;text&quot;:&quot;var:preset|color|prezzo&quot;}}}}\" data-text-align=\"center\" data-text-color=\"prezzo\" style=\"font-size: 14px; font-size:14px;\" class=\"has-text-align-center has-text-color has-prezzo-color wp-elements-8cdf4749307a23b4b49ac430d9b5e2e6 wp-elements-8cdf4749307a23b4b49ac430d9b5e2e6 wp-block-woocommerce-product-price has-text-color has-prezzo-color\" ><div class=\"wc-block-components-product-price wc-block-grid__product-price\" >\n\t\t\t\t\t<span class=\"woocommerce-Price-amount amount\"><bdi>1.970,04&nbsp;<span class=\"woocommerce-Price-currencySymbol\">&euro;<\/span><\/bdi><\/span> <small class=\"woocommerce-price-suffix\">HT<\/small>\n\t\t\t\t<\/div><\/div>\n\n\t\t\t\t<\/li><li class=\"wc-block-product post-59151 product type-product status-publish has-post-thumbnail product_brand-la-nordica-extraflame-fr product_cat-poeles-au-bois product_shipping_class-stufe-a-legna-2-2 pa_versione-isotta-avec-cercles-evo pa_versione-isotta-evo-fr sales-flash-overlay woocommerce-text-align-center woocommerce-image-align-center do-quantity-buttons first instock taxable shipping-taxable purchasable product-type-variable\"\n\t\t\t\t\t\n\t\t\t\tdata-wp-interactive=\"woocommerce\/product-collection\"\n\t\t\t\tdata-wp-context='{\"productId\":59151}'\n\t\t\t\tdata-wp-key=\"product-item-59151\"\n\t\t\t\n\t\t\t\t>\n\t\t\t\t\t\n<div data-block-name=\"woocommerce\/product-image\" data-image-sizing=\"thumbnail\" data-is-descendent-of-query-loop=\"true\" data-show-sale-badge=\"false\" class=\"wc-block-components-product-image wc-block-grid__product-image wc-block-components-product-image--aspect-ratio-auto wp-block-woocommerce-product-image\"><a href=\"https:\/\/www.fokussrl.com\/fr\/produit\/poele-bois-isotta-11-9-kw\/\" style=\"\" data-wp-on--click=\"woocommerce\/product-collection::actions.viewProduct\"><img decoding=\"async\" width=\"300\" height=\"300\" src=\"https:\/\/www.fokussrl.com\/wp-content\/uploads\/2025\/01\/70423a_2293442b8701444b80ade4bd3b7eafdamv2-300x300.jpg\" class=\"attachment-woocommerce_thumbnail size-woocommerce_thumbnail\" alt=\"Po\u00eale \u00e0 bois ISOTTA 11,9 kW - La Nordica - Extraflame\" data-testid=\"product-image\" data-image-id=\"56145\" style=\"object-fit:cover;\" loading=\"lazy\" srcset=\"https:\/\/www.fokussrl.com\/wp-content\/uploads\/2025\/01\/70423a_2293442b8701444b80ade4bd3b7eafdamv2-300x300.jpg 300w, https:\/\/www.fokussrl.com\/wp-content\/uploads\/2025\/01\/70423a_2293442b8701444b80ade4bd3b7eafdamv2-150x150.jpg 150w, https:\/\/www.fokussrl.com\/wp-content\/uploads\/2025\/01\/70423a_2293442b8701444b80ade4bd3b7eafdamv2-100x100.jpg 100w\" sizes=\"auto, (max-width: 300px) 100vw, 300px\" \/><div class=\"wc-block-components-product-image__inner-container\">\n\n<\/div><\/a><\/div>\n\n<h3 style=\"font-size:13px;font-style:normal;font-weight:500;text-transform:uppercase; margin-bottom:0.75rem;margin-top:0;\" class=\"has-text-align-center has-link-color wp-elements-f49df5a45cd9fc927f3a9fccc3b84773 wp-block-post-title has-text-color has-contrast-color\"><a data-wp-on--click=\"woocommerce\/product-collection::actions.viewProduct\" href=\"https:\/\/www.fokussrl.com\/fr\/produit\/poele-bois-isotta-11-9-kw\/\" target=\"_self\" >Po\u00eale \u00e0 bois ISOTTA 11,9 kW &#8211; La Nordica &#8211; Extraflame<\/a><\/h3>\n\n<div data-block-name=\"woocommerce\/product-price\" data-is-descendent-of-query-loop=\"true\" data-style=\"{&quot;typography&quot;:{&quot;fontSize&quot;:&quot;14px&quot;},&quot;elements&quot;:{&quot;link&quot;:{&quot;color&quot;:{&quot;text&quot;:&quot;var:preset|color|prezzo&quot;}}}}\" data-text-align=\"center\" data-text-color=\"prezzo\" style=\"font-size: 14px; font-size:14px;\" class=\"has-text-align-center has-text-color has-prezzo-color wp-elements-8cdf4749307a23b4b49ac430d9b5e2e6 wp-elements-8cdf4749307a23b4b49ac430d9b5e2e6 wp-block-woocommerce-product-price has-text-color has-prezzo-color\" ><div class=\"wc-block-components-product-price wc-block-grid__product-price\" >\n\t\t\t\t\t<span class=\"woocommerce-Price-amount amount\" aria-hidden=\"true\"><bdi>1.811,68&nbsp;<span class=\"woocommerce-Price-currencySymbol\">&euro;<\/span><\/bdi><\/span> <span aria-hidden=\"true\">\u00a0\u2013\u00a0<\/span> <span class=\"woocommerce-Price-amount amount\" aria-hidden=\"true\"><bdi>1.984,67&nbsp;<span class=\"woocommerce-Price-currencySymbol\">&euro;<\/span><\/bdi><\/span><span class=\"screen-reader-text\">Plage de prix\u00a0: 1.811,68&nbsp;&euro; \u00e0 1.984,67&nbsp;&euro;<\/span> <small class=\"woocommerce-price-suffix\">HT<\/small>\n\t\t\t\t<\/div><\/div>\n\n\t\t\t\t<\/li><li class=\"wc-block-product post-59154 product type-product status-publish has-post-thumbnail product_brand-fm-calefaccion-fr product_cat-poeles-au-bois product_shipping_class-stufe-a-legna-2-2 pa_modello-m-103-lk-fr pa_modello-m-173-lk-fr pa_modello-m-183-lk-fr sales-flash-overlay woocommerce-text-align-center woocommerce-image-align-center do-quantity-buttons  instock taxable shipping-taxable purchasable product-type-variable\"\n\t\t\t\t\t\n\t\t\t\tdata-wp-interactive=\"woocommerce\/product-collection\"\n\t\t\t\tdata-wp-context='{\"productId\":59154}'\n\t\t\t\tdata-wp-key=\"product-item-59154\"\n\t\t\t\n\t\t\t\t>\n\t\t\t\t\t\n<div data-block-name=\"woocommerce\/product-image\" data-image-sizing=\"thumbnail\" data-is-descendent-of-query-loop=\"true\" data-show-sale-badge=\"false\" class=\"wc-block-components-product-image wc-block-grid__product-image wc-block-components-product-image--aspect-ratio-auto wp-block-woocommerce-product-image\"><a href=\"https:\/\/www.fokussrl.com\/fr\/produit\/poele-bois-m-173-lk-m-183-lk-m-103-lk\/\" style=\"\" data-wp-on--click=\"woocommerce\/product-collection::actions.viewProduct\"><img decoding=\"async\" width=\"300\" height=\"300\" src=\"https:\/\/www.fokussrl.com\/wp-content\/uploads\/2025\/01\/70423a_ac38796fe29b4c408671b0533277fad7mv2-300x300.jpg\" class=\"attachment-woocommerce_thumbnail size-woocommerce_thumbnail\" alt=\"Po\u00eale \u00e0 bois M-173 LK M-183 LK M-103 LK - FM Calefacci\u00f3n\" data-testid=\"product-image\" data-image-id=\"56168\" style=\"object-fit:cover;\" loading=\"lazy\" srcset=\"https:\/\/www.fokussrl.com\/wp-content\/uploads\/2025\/01\/70423a_ac38796fe29b4c408671b0533277fad7mv2-300x300.jpg 300w, https:\/\/www.fokussrl.com\/wp-content\/uploads\/2025\/01\/70423a_ac38796fe29b4c408671b0533277fad7mv2-150x150.jpg 150w, https:\/\/www.fokussrl.com\/wp-content\/uploads\/2025\/01\/70423a_ac38796fe29b4c408671b0533277fad7mv2-100x100.jpg 100w, https:\/\/www.fokussrl.com\/wp-content\/uploads\/2025\/01\/70423a_ac38796fe29b4c408671b0533277fad7mv2-64x63.jpg 64w\" sizes=\"auto, (max-width: 300px) 100vw, 300px\" \/><div class=\"wc-block-components-product-image__inner-container\">\n\n<\/div><\/a><\/div>\n\n<h3 style=\"font-size:13px;font-style:normal;font-weight:500;text-transform:uppercase; margin-bottom:0.75rem;margin-top:0;\" class=\"has-text-align-center has-link-color wp-elements-f49df5a45cd9fc927f3a9fccc3b84773 wp-block-post-title has-text-color has-contrast-color\"><a data-wp-on--click=\"woocommerce\/product-collection::actions.viewProduct\" href=\"https:\/\/www.fokussrl.com\/fr\/produit\/poele-bois-m-173-lk-m-183-lk-m-103-lk\/\" target=\"_self\" >Po\u00eale \u00e0 bois M-173 LK M-183 LK M-103 LK &#8211; FM Calefacci\u00f3n<\/a><\/h3>\n\n<div data-block-name=\"woocommerce\/product-price\" data-is-descendent-of-query-loop=\"true\" data-style=\"{&quot;typography&quot;:{&quot;fontSize&quot;:&quot;14px&quot;},&quot;elements&quot;:{&quot;link&quot;:{&quot;color&quot;:{&quot;text&quot;:&quot;var:preset|color|prezzo&quot;}}}}\" data-text-align=\"center\" data-text-color=\"prezzo\" style=\"font-size: 14px; font-size:14px;\" class=\"has-text-align-center has-text-color has-prezzo-color wp-elements-8cdf4749307a23b4b49ac430d9b5e2e6 wp-elements-8cdf4749307a23b4b49ac430d9b5e2e6 wp-block-woocommerce-product-price has-text-color has-prezzo-color\" ><div class=\"wc-block-components-product-price wc-block-grid__product-price\" >\n\t\t\t\t\t<span class=\"woocommerce-Price-amount amount\" aria-hidden=\"true\"><bdi>1.965,74&nbsp;<span class=\"woocommerce-Price-currencySymbol\">&euro;<\/span><\/bdi><\/span> <span aria-hidden=\"true\">\u00a0\u2013\u00a0<\/span> <span class=\"woocommerce-Price-amount amount\" aria-hidden=\"true\"><bdi>2.948,61&nbsp;<span class=\"woocommerce-Price-currencySymbol\">&euro;<\/span><\/bdi><\/span><span class=\"screen-reader-text\">Plage de prix\u00a0: 1.965,74&nbsp;&euro; \u00e0 2.948,61&nbsp;&euro;<\/span> <small class=\"woocommerce-price-suffix\">HT<\/small>\n\t\t\t\t<\/div><\/div>\n\n\t\t\t\t<\/li><li class=\"wc-block-product post-59158 product type-product status-publish has-post-thumbnail product_brand-dovre-fr product_cat-poeles-au-bois product_shipping_class-stufe-a-legna-2-2 pa_modello-rock-350-tb-fr pa_modello-rock-350-wb-fr pa_modello-rock-500-tb-fr pa_modello-rock-500-wb-fr sales-flash-overlay woocommerce-text-align-center woocommerce-image-align-center do-quantity-buttons  instock taxable shipping-taxable purchasable product-type-variable\"\n\t\t\t\t\t\n\t\t\t\tdata-wp-interactive=\"woocommerce\/product-collection\"\n\t\t\t\tdata-wp-context='{\"productId\":59158}'\n\t\t\t\tdata-wp-key=\"product-item-59158\"\n\t\t\t\n\t\t\t\t>\n\t\t\t\t\t\n<div data-block-name=\"woocommerce\/product-image\" data-image-sizing=\"thumbnail\" data-is-descendent-of-query-loop=\"true\" data-show-sale-badge=\"false\" class=\"wc-block-components-product-image wc-block-grid__product-image wc-block-components-product-image--aspect-ratio-auto wp-block-woocommerce-product-image\"><a href=\"https:\/\/www.fokussrl.com\/fr\/produit\/poele-bois-rock\/\" style=\"\" data-wp-on--click=\"woocommerce\/product-collection::actions.viewProduct\"><img decoding=\"async\" width=\"300\" height=\"300\" src=\"https:\/\/www.fokussrl.com\/wp-content\/uploads\/2025\/01\/70423a_5579f66878a54da1a5d5a6ec1c72c341mv2-300x300.jpg\" class=\"attachment-woocommerce_thumbnail size-woocommerce_thumbnail\" alt=\"Po\u00eale \u00e0 bois ROCK - Dovre\" data-testid=\"product-image\" data-image-id=\"56196\" style=\"object-fit:cover;\" loading=\"lazy\" srcset=\"https:\/\/www.fokussrl.com\/wp-content\/uploads\/2025\/01\/70423a_5579f66878a54da1a5d5a6ec1c72c341mv2-300x300.jpg 300w, https:\/\/www.fokussrl.com\/wp-content\/uploads\/2025\/01\/70423a_5579f66878a54da1a5d5a6ec1c72c341mv2-150x150.jpg 150w, https:\/\/www.fokussrl.com\/wp-content\/uploads\/2025\/01\/70423a_5579f66878a54da1a5d5a6ec1c72c341mv2-100x100.jpg 100w\" sizes=\"auto, (max-width: 300px) 100vw, 300px\" \/><div class=\"wc-block-components-product-image__inner-container\">\n\n<\/div><\/a><\/div>\n\n<h3 style=\"font-size:13px;font-style:normal;font-weight:500;text-transform:uppercase; margin-bottom:0.75rem;margin-top:0;\" class=\"has-text-align-center has-link-color wp-elements-f49df5a45cd9fc927f3a9fccc3b84773 wp-block-post-title has-text-color has-contrast-color\"><a data-wp-on--click=\"woocommerce\/product-collection::actions.viewProduct\" href=\"https:\/\/www.fokussrl.com\/fr\/produit\/poele-bois-rock\/\" target=\"_self\" >Po\u00eale \u00e0 bois ROCK &#8211; Dovre<\/a><\/h3>\n\n<div data-block-name=\"woocommerce\/product-price\" data-is-descendent-of-query-loop=\"true\" data-style=\"{&quot;typography&quot;:{&quot;fontSize&quot;:&quot;14px&quot;},&quot;elements&quot;:{&quot;link&quot;:{&quot;color&quot;:{&quot;text&quot;:&quot;var:preset|color|prezzo&quot;}}}}\" data-text-align=\"center\" data-text-color=\"prezzo\" style=\"font-size: 14px; font-size:14px;\" class=\"has-text-align-center has-text-color has-prezzo-color wp-elements-8cdf4749307a23b4b49ac430d9b5e2e6 wp-elements-8cdf4749307a23b4b49ac430d9b5e2e6 wp-block-woocommerce-product-price has-text-color has-prezzo-color\" ><div class=\"wc-block-components-product-price wc-block-grid__product-price\" >\n\t\t\t\t\t<span class=\"woocommerce-Price-amount amount\" aria-hidden=\"true\"><bdi>2.093,98&nbsp;<span class=\"woocommerce-Price-currencySymbol\">&euro;<\/span><\/bdi><\/span> <span aria-hidden=\"true\">\u00a0\u2013\u00a0<\/span> <span class=\"woocommerce-Price-amount amount\" aria-hidden=\"true\"><bdi>2.627,58&nbsp;<span class=\"woocommerce-Price-currencySymbol\">&euro;<\/span><\/bdi><\/span><span class=\"screen-reader-text\">Plage de prix\u00a0: 2.093,98&nbsp;&euro; \u00e0 2.627,58&nbsp;&euro;<\/span> <small class=\"woocommerce-price-suffix\">HT<\/small>\n\t\t\t\t<\/div><\/div>\n\n\t\t\t\t<\/li><\/ul><\/div>\n\n<\/div>\n\n<div class=\"gb-container gb-container-b75c756d\">\n\n<a class=\"gb-button gb-button-6f28108f gb-button-text\" href=\"https:\/\/www.fokussrl.com\/fr\/categorie-produit\/poeles\/poeles-au-bois\/\">Voir tous les po\u00eales au bois<\/a>\n\n<\/div>\n<\/div><div class=\"gb-container gb-container-81d06b6b\">\n<div class=\"gb-container gb-container-3641d64e\">\n\n<h2 class=\"gb-headline gb-headline-3a787735 gb-headline-text\"><a href=\"http:\/\/fokussrl.com\/it\/categoria-prodotto\/stufe\/stufe-a-pellet\/\" data-type=\"product_cat\" data-id=\"4550\" rel=\"nofollow noopener\" target=\"_blank\">Po\u00eales \u00e0 granul\u00e9s<\/a><\/h2>\n\n<\/div>\n\n<div class=\"gb-container gb-container-d1f92292\">\n\n<div data-wp-context=\"{&quot;notices&quot;:[],&quot;hideNextPreviousButtons&quot;:false,&quot;isDisabledPrevious&quot;:true,&quot;isDisabledNext&quot;:false,&quot;ariaLabelPrevious&quot;:&quot;Produits pr\\u00e9c\\u00e9dents&quot;,&quot;ariaLabelNext&quot;:&quot;Produits suivants&quot;}\" data-wp-init=\"callbacks.onRender\" data-wp-interactive=\"woocommerce\/product-collection\" data-wp-router-region=\"wc-product-collection-4\" data-__private-preview-state=\"{&quot;isPreview&quot;:false,&quot;previewMessage&quot;:&quot;I prodotti effettivi variano a seconda della pagina visualizzata.&quot;}\" data-block-name=\"woocommerce\/product-collection\" data-dimensions=\"{&quot;widthType&quot;:&quot;fill&quot;}\" data-display-layout=\"{&quot;type&quot;:&quot;flex&quot;,&quot;columns&quot;:3,&quot;shrinkColumns&quot;:true}\" data-query-context-includes=\"[&quot;collection&quot;]\" data-query-id=\"4\" data-query=\"{&quot;perPage&quot;:9,&quot;pages&quot;:0,&quot;offset&quot;:0,&quot;postType&quot;:&quot;product&quot;,&quot;order&quot;:&quot;desc&quot;,&quot;orderBy&quot;:&quot;date&quot;,&quot;search&quot;:&quot;&quot;,&quot;exclude&quot;:[],&quot;inherit&quot;:false,&quot;taxQuery&quot;:{&quot;product_cat&quot;:[4550]},&quot;isProductCollectionBlock&quot;:true,&quot;featured&quot;:false,&quot;woocommerceOnSale&quot;:false,&quot;woocommerceStockStatus&quot;:[&quot;instock&quot;,&quot;outofstock&quot;,&quot;onbackorder&quot;],&quot;woocommerceAttributes&quot;:[],&quot;woocommerceHandPickedProducts&quot;:[],&quot;filterable&quot;:false,&quot;relatedBy&quot;:{&quot;categories&quot;:true,&quot;tags&quot;:true}}\" data-tag-name=\"div\" class=\"wp-block-woocommerce-product-collection is-layout-flow wp-block-woocommerce-product-collection-is-layout-flow\">\t\t<div data-wp-interactive=\"woocommerce\/store-notices\" class=\"wc-block-components-notices alignwide\">\n\t\t\t<template data-wp-each--notice=\"state.notices\" data-wp-each-key=\"context.notice.id\">\n\t\t\t\t<div\n\t\t\t\t\tclass=\"wc-block-components-notice-banner\"\n\t\t\t\t\tdata-wp-init=\"callbacks.scrollIntoView\"\n\t\t\t\t\tdata-wp-class--is-error=\"state.isError\"\n\t\t\t\t\tdata-wp-class--is-success=\"state.isSuccess\"\n\t\t\t\t\tdata-wp-class--is-info=\"state.isInfo\"\n\t\t\t\t\tdata-wp-class--is-dismissible=\"context.notice.dismissible\"\n\t\t\t\t\tdata-wp-bind--role=\"state.role\"\n\t\t\t\t\tdata-wp-watch=\"callbacks.injectIcon\"\n\t\t\t\t>\n\t\t\t\t\t<div class=\"wc-block-components-notice-banner__content\">\n\t\t\t\t\t\t<span data-wp-init=\"callbacks.renderNoticeContent\" aria-live=\"assertive\" aria-atomic=\"true\"><\/span>\n\t\t\t\t\t<\/div>\n\t\t\t\t\t<button\n\t\t\t\t\t\tdata-wp-bind--hidden=\"!context.notice.dismissible\"\n\t\t\t\t\t\tclass=\"wc-block-components-button wp-element-button wc-block-components-notice-banner__dismiss contained\"\n\t\t\t\t\t\taria-label=\"D\u00e9sactiver cette notification\"\n\t\t\t\t\t\tdata-wp-on--click=\"actions.removeNotice\"\n\t\t\t\t\t>\n\t\t\t\t\t\t<svg xmlns=\"http:\/\/www.w3.org\/2000\/svg\" viewBox=\"0 0 24 24\">\n\t\t\t\t\t\t\t<path d=\"M13 11.8l6.1-6.3-1-1-6.1 6.2-6.1-6.2-1 1 6.1 6.3-6.5 6.7 1 1 6.5-6.6 6.5 6.6 1-1z\" \/>\n\t\t\t\t\t\t<\/svg>\n\t\t\t\t\t<\/button>\n\t\t\t\t<\/div>\n\t\t\t<\/template>\n\t\t<\/div>\n\t\t<ul data-block-name=\"woocommerce\/product-template\" class=\"wc-block-product-template__responsive columns-3 wc-block-product-template wp-block-woocommerce-product-template is-layout-flow wp-block-woocommerce-product-template-is-layout-flow\" data-wp-on--scroll=\"actions.watchScroll\" data-wp-init=\"callbacks.initResizeObserver\"><li class=\"wc-block-product post-70187 product type-product status-publish has-post-thumbnail product_cat-poeles-a-granules product_cat-poeles-a-granules-ventiles product_shipping_class-stufe-a-pellet-2-2 pa_colore-blanc pa_colore-bordeaux-fr pa_colore-noir-lustre pa_versione-avec-kit-de-canalisation pa_versione-sans-canalisation sales-flash-overlay woocommerce-text-align-center woocommerce-image-align-center do-quantity-buttons last instock taxable shipping-taxable purchasable product-type-variable\"\n\t\t\t\t\t\n\t\t\t\tdata-wp-interactive=\"woocommerce\/product-collection\"\n\t\t\t\tdata-wp-context='{\"productId\":70187}'\n\t\t\t\tdata-wp-key=\"product-item-70187\"\n\t\t\t\n\t\t\t\t>\n\t\t\t\t\t\n<div data-block-name=\"woocommerce\/product-image\" data-image-sizing=\"thumbnail\" data-is-descendent-of-query-loop=\"true\" data-show-sale-badge=\"false\" class=\"wc-block-components-product-image wc-block-grid__product-image wc-block-components-product-image--aspect-ratio-auto wp-block-woocommerce-product-image\"><a href=\"https:\/\/www.fokussrl.com\/fr\/produit\/poele-a-granules-avec-four-emy-11-age-stufe\/\" style=\"\" data-wp-on--click=\"woocommerce\/product-collection::actions.viewProduct\"><img decoding=\"async\" width=\"300\" height=\"300\" src=\"https:\/\/www.fokussrl.com\/wp-content\/uploads\/2026\/03\/emy-11-nera-300x300.jpg\" class=\"attachment-woocommerce_thumbnail size-woocommerce_thumbnail\" alt=\"Po\u00eale \u00e0 granul\u00e9s avec four EMY 11 - Age Stufe\" data-testid=\"product-image\" data-image-id=\"70194\" style=\"object-fit:cover;\" loading=\"lazy\" srcset=\"https:\/\/www.fokussrl.com\/wp-content\/uploads\/2026\/03\/emy-11-nera-300x300.jpg 300w, https:\/\/www.fokussrl.com\/wp-content\/uploads\/2026\/03\/emy-11-nera-150x150.jpg 150w, https:\/\/www.fokussrl.com\/wp-content\/uploads\/2026\/03\/emy-11-nera-100x100.jpg 100w\" sizes=\"auto, (max-width: 300px) 100vw, 300px\" \/><div class=\"wc-block-components-product-image__inner-container\">\n\n<\/div><\/a><\/div>\n\n<h3 style=\"font-size:13px;font-style:normal;font-weight:500;text-transform:uppercase; margin-bottom:0.75rem;margin-top:0;\" class=\"has-text-align-center has-link-color wp-elements-f49df5a45cd9fc927f3a9fccc3b84773 wp-block-post-title has-text-color has-contrast-color\"><a data-wp-on--click=\"woocommerce\/product-collection::actions.viewProduct\" href=\"https:\/\/www.fokussrl.com\/fr\/produit\/poele-a-granules-avec-four-emy-11-age-stufe\/\" target=\"_self\">Po\u00eale \u00e0 granul\u00e9s avec four EMY 11 &#8211; Age Stufe<\/a><\/h3>\n\n<div data-block-name=\"woocommerce\/product-price\" data-is-descendent-of-query-loop=\"true\" data-style=\"{&quot;typography&quot;:{&quot;fontSize&quot;:&quot;14px&quot;},&quot;elements&quot;:{&quot;link&quot;:{&quot;color&quot;:{&quot;text&quot;:&quot;var:preset|color|prezzo&quot;}}}}\" data-text-align=\"center\" data-text-color=\"prezzo\" style=\"font-size: 14px; font-size:14px;\" class=\"has-text-align-center has-text-color has-prezzo-color wp-elements-8cdf4749307a23b4b49ac430d9b5e2e6 wp-elements-8cdf4749307a23b4b49ac430d9b5e2e6 wp-block-woocommerce-product-price has-text-color has-prezzo-color\" ><div class=\"wc-block-components-product-price wc-block-grid__product-price\" >\n\t\t\t\t\t<span class=\"woocommerce-Price-amount amount\" aria-hidden=\"true\"><bdi>2.007,91&nbsp;<span class=\"woocommerce-Price-currencySymbol\">&euro;<\/span><\/bdi><\/span> <span aria-hidden=\"true\">\u00a0\u2013\u00a0<\/span> <span class=\"woocommerce-Price-amount amount\" aria-hidden=\"true\"><bdi>2.165,41&nbsp;<span class=\"woocommerce-Price-currencySymbol\">&euro;<\/span><\/bdi><\/span><span class=\"screen-reader-text\">Plage de prix\u00a0: 2.007,91&nbsp;&euro; \u00e0 2.165,41&nbsp;&euro;<\/span> <small class=\"woocommerce-price-suffix\">HT<\/small>\n\t\t\t\t<\/div><\/div>\n\n\t\t\t\t<\/li><li class=\"wc-block-product post-69892 product type-product status-publish has-post-thumbnail product_cat-poeles-a-granules product_cat-poeles-a-granules-ventiles product_shipping_class-stufe-a-pellet-2-2 pa_colore-beige-fr pa_colore-bordeaux-fr pa_versione-avec-kit-de-canalisation pa_versione-sans-canalisation sales-flash-overlay woocommerce-text-align-center woocommerce-image-align-center do-quantity-buttons first outofstock taxable shipping-taxable purchasable product-type-variable\"\n\t\t\t\t\t\n\t\t\t\tdata-wp-interactive=\"woocommerce\/product-collection\"\n\t\t\t\tdata-wp-context='{\"productId\":69892}'\n\t\t\t\tdata-wp-key=\"product-item-69892\"\n\t\t\t\n\t\t\t\t>\n\t\t\t\t\t\n<div data-block-name=\"woocommerce\/product-image\" data-image-sizing=\"thumbnail\" data-is-descendent-of-query-loop=\"true\" data-show-sale-badge=\"false\" class=\"wc-block-components-product-image wc-block-grid__product-image wc-block-components-product-image--aspect-ratio-auto wp-block-woocommerce-product-image\"><a href=\"https:\/\/www.fokussrl.com\/fr\/produit\/poele-a-granules-avec-four-vanity-135-kw-age-stufe\/\" style=\"\" data-wp-on--click=\"woocommerce\/product-collection::actions.viewProduct\"><img decoding=\"async\" width=\"300\" height=\"300\" src=\"https:\/\/www.fokussrl.com\/wp-content\/uploads\/2026\/02\/vanity-beige-300x300.jpg\" class=\"attachment-woocommerce_thumbnail size-woocommerce_thumbnail\" alt=\"Po\u00eale \u00e0 granul\u00e9s avec four VANITY 13,5 kW - Age Stufe\" data-testid=\"product-image\" data-image-id=\"69903\" style=\"object-fit:cover;\" loading=\"lazy\" srcset=\"https:\/\/www.fokussrl.com\/wp-content\/uploads\/2026\/02\/vanity-beige-300x300.jpg 300w, https:\/\/www.fokussrl.com\/wp-content\/uploads\/2026\/02\/vanity-beige-150x150.jpg 150w, https:\/\/www.fokussrl.com\/wp-content\/uploads\/2026\/02\/vanity-beige-100x100.jpg 100w\" sizes=\"auto, (max-width: 300px) 100vw, 300px\" \/><div class=\"wc-block-components-product-image__inner-container\">\n\n<\/div><\/a><\/div>\n\n<h3 style=\"font-size:13px;font-style:normal;font-weight:500;text-transform:uppercase; margin-bottom:0.75rem;margin-top:0;\" class=\"has-text-align-center has-link-color wp-elements-f49df5a45cd9fc927f3a9fccc3b84773 wp-block-post-title has-text-color has-contrast-color\"><a data-wp-on--click=\"woocommerce\/product-collection::actions.viewProduct\" href=\"https:\/\/www.fokussrl.com\/fr\/produit\/poele-a-granules-avec-four-vanity-135-kw-age-stufe\/\" target=\"_self\">Po\u00eale \u00e0 granul\u00e9s avec four VANITY 13,5 kW &#8211; Age Stufe<\/a><\/h3>\n\n<div data-block-name=\"woocommerce\/product-price\" data-is-descendent-of-query-loop=\"true\" data-style=\"{&quot;typography&quot;:{&quot;fontSize&quot;:&quot;14px&quot;},&quot;elements&quot;:{&quot;link&quot;:{&quot;color&quot;:{&quot;text&quot;:&quot;var:preset|color|prezzo&quot;}}}}\" data-text-align=\"center\" data-text-color=\"prezzo\" style=\"font-size: 14px; font-size:14px;\" class=\"has-text-align-center has-text-color has-prezzo-color wp-elements-8cdf4749307a23b4b49ac430d9b5e2e6 wp-elements-8cdf4749307a23b4b49ac430d9b5e2e6 wp-block-woocommerce-product-price has-text-color has-prezzo-color\" ><div class=\"wc-block-components-product-price wc-block-grid__product-price\" >\n\t\t\t\t\t<span class=\"woocommerce-Price-amount amount\" aria-hidden=\"true\"><bdi>2.267,83&nbsp;<span class=\"woocommerce-Price-currencySymbol\">&euro;<\/span><\/bdi><\/span> <span aria-hidden=\"true\">\u00a0\u2013\u00a0<\/span> <span class=\"woocommerce-Price-amount amount\" aria-hidden=\"true\"><bdi>2.751,52&nbsp;<span class=\"woocommerce-Price-currencySymbol\">&euro;<\/span><\/bdi><\/span><span class=\"screen-reader-text\">Plage de prix\u00a0: 2.267,83&nbsp;&euro; \u00e0 2.751,52&nbsp;&euro;<\/span> <small class=\"woocommerce-price-suffix\">HT<\/small>\n\t\t\t\t<\/div><\/div>\n\n\t\t\t\t<\/li><li class=\"wc-block-product post-69676 product type-product status-publish has-post-thumbnail product_brand-bronpi-fr product_cat-poeles-a-granules product_cat-poeles-a-granules-ventiles product_shipping_class-stufe-a-pellet-2-2 pa_colore-blanc pa_colore-noir pa_versione-avec-kit-de-canalisation pa_versione-sans-canalisation sales-flash-overlay woocommerce-text-align-center woocommerce-image-align-center do-quantity-buttons  instock taxable shipping-taxable purchasable product-type-variable\"\n\t\t\t\t\t\n\t\t\t\tdata-wp-interactive=\"woocommerce\/product-collection\"\n\t\t\t\tdata-wp-context='{\"productId\":69676}'\n\t\t\t\tdata-wp-key=\"product-item-69676\"\n\t\t\t\n\t\t\t\t>\n\t\t\t\t\t\n<div data-block-name=\"woocommerce\/product-image\" data-image-sizing=\"thumbnail\" data-is-descendent-of-query-loop=\"true\" data-show-sale-badge=\"false\" class=\"wc-block-components-product-image wc-block-grid__product-image wc-block-components-product-image--aspect-ratio-auto wp-block-woocommerce-product-image\"><a href=\"https:\/\/www.fokussrl.com\/fr\/produit\/nules-avec-four-noa-forno-115-kw-bronpi\/\" style=\"\" data-wp-on--click=\"woocommerce\/product-collection::actions.viewProduct\"><img decoding=\"async\" width=\"300\" height=\"300\" src=\"https:\/\/www.fokussrl.com\/wp-content\/uploads\/2026\/02\/noa-foto-300x300.jpg\" class=\"attachment-woocommerce_thumbnail size-woocommerce_thumbnail\" alt=\"Po\u00eale \u00e0 granul\u00e9s avec four NOA FORNO 11,5 kW - Bronpi\" data-testid=\"product-image\" data-image-id=\"69679\" style=\"object-fit:cover;\" loading=\"lazy\" srcset=\"https:\/\/www.fokussrl.com\/wp-content\/uploads\/2026\/02\/noa-foto-300x300.jpg 300w, https:\/\/www.fokussrl.com\/wp-content\/uploads\/2026\/02\/noa-foto-150x150.jpg 150w, https:\/\/www.fokussrl.com\/wp-content\/uploads\/2026\/02\/noa-foto-100x100.jpg 100w\" sizes=\"auto, (max-width: 300px) 100vw, 300px\" \/><div class=\"wc-block-components-product-image__inner-container\">\n\n<\/div><\/a><\/div>\n\n<h3 style=\"font-size:13px;font-style:normal;font-weight:500;text-transform:uppercase; margin-bottom:0.75rem;margin-top:0;\" class=\"has-text-align-center has-link-color wp-elements-f49df5a45cd9fc927f3a9fccc3b84773 wp-block-post-title has-text-color has-contrast-color\"><a data-wp-on--click=\"woocommerce\/product-collection::actions.viewProduct\" href=\"https:\/\/www.fokussrl.com\/fr\/produit\/nules-avec-four-noa-forno-115-kw-bronpi\/\" target=\"_self\">Po\u00eale \u00e0 granul\u00e9s avec four NOA FORNO 11,5 kW &#8211; Bronpi<\/a><\/h3>\n\n<div data-block-name=\"woocommerce\/product-price\" data-is-descendent-of-query-loop=\"true\" data-style=\"{&quot;typography&quot;:{&quot;fontSize&quot;:&quot;14px&quot;},&quot;elements&quot;:{&quot;link&quot;:{&quot;color&quot;:{&quot;text&quot;:&quot;var:preset|color|prezzo&quot;}}}}\" data-text-align=\"center\" data-text-color=\"prezzo\" style=\"font-size: 14px; font-size:14px;\" class=\"has-text-align-center has-text-color has-prezzo-color wp-elements-8cdf4749307a23b4b49ac430d9b5e2e6 wp-elements-8cdf4749307a23b4b49ac430d9b5e2e6 wp-block-woocommerce-product-price has-text-color has-prezzo-color\" ><div class=\"wc-block-components-product-price wc-block-grid__product-price\" >\n\t\t\t\t\t<span class=\"woocommerce-Price-amount amount\" aria-hidden=\"true\"><bdi>3.103,52&nbsp;<span class=\"woocommerce-Price-currencySymbol\">&euro;<\/span><\/bdi><\/span> <span aria-hidden=\"true\">\u00a0\u2013\u00a0<\/span> <span class=\"woocommerce-Price-amount amount\" aria-hidden=\"true\"><bdi>3.250,70&nbsp;<span class=\"woocommerce-Price-currencySymbol\">&euro;<\/span><\/bdi><\/span><span class=\"screen-reader-text\">Plage de prix\u00a0: 3.103,52&nbsp;&euro; \u00e0 3.250,70&nbsp;&euro;<\/span> <small class=\"woocommerce-price-suffix\">HT<\/small>\n\t\t\t\t<\/div><\/div>\n\n\t\t\t\t<\/li><li class=\"wc-block-product post-67019 product type-product status-publish has-post-thumbnail product_brand-bronpi-fr product_cat-poeles-a-granules product_shipping_class-stufe-a-pellet-2-2 sales-flash-overlay woocommerce-text-align-center woocommerce-image-align-center do-quantity-buttons  instock taxable shipping-taxable purchasable product-type-simple\"\n\t\t\t\t\t\n\t\t\t\tdata-wp-interactive=\"woocommerce\/product-collection\"\n\t\t\t\tdata-wp-context='{\"productId\":67019}'\n\t\t\t\tdata-wp-key=\"product-item-67019\"\n\t\t\t\n\t\t\t\t>\n\t\t\t\t\t\n<div data-block-name=\"woocommerce\/product-image\" data-image-sizing=\"thumbnail\" data-is-descendent-of-query-loop=\"true\" data-show-sale-badge=\"false\" class=\"wc-block-components-product-image wc-block-grid__product-image wc-block-components-product-image--aspect-ratio-auto wp-block-woocommerce-product-image\"><a href=\"https:\/\/www.fokussrl.com\/fr\/produit\/poele-a-granules-ventile-teodora-evo-la-nordica-extraflame-copia\/\" style=\"\" data-wp-on--click=\"woocommerce\/product-collection::actions.viewProduct\"><img decoding=\"async\" width=\"300\" height=\"300\" src=\"https:\/\/www.fokussrl.com\/wp-content\/uploads\/2025\/10\/immagine_2025-10-14_154122982-300x300.png\" class=\"attachment-woocommerce_thumbnail size-woocommerce_thumbnail\" alt=\"Po\u00eale \u00e0 granul\u00e9s ventil\u00e9 TEODORA EVO - La Nordica - Extraflame (Copia)\" data-testid=\"product-image\" data-image-id=\"67022\" style=\"object-fit:cover;\" loading=\"lazy\" srcset=\"https:\/\/www.fokussrl.com\/wp-content\/uploads\/2025\/10\/immagine_2025-10-14_154122982-300x300.png 300w, https:\/\/www.fokussrl.com\/wp-content\/uploads\/2025\/10\/immagine_2025-10-14_154122982-150x150.png 150w, https:\/\/www.fokussrl.com\/wp-content\/uploads\/2025\/10\/immagine_2025-10-14_154122982-100x100.png 100w\" sizes=\"auto, (max-width: 300px) 100vw, 300px\" \/><div class=\"wc-block-components-product-image__inner-container\">\n\n<\/div><\/a><\/div>\n\n<h3 style=\"font-size:13px;font-style:normal;font-weight:500;text-transform:uppercase; margin-bottom:0.75rem;margin-top:0;\" class=\"has-text-align-center has-link-color wp-elements-f49df5a45cd9fc927f3a9fccc3b84773 wp-block-post-title has-text-color has-contrast-color\"><a data-wp-on--click=\"woocommerce\/product-collection::actions.viewProduct\" href=\"https:\/\/www.fokussrl.com\/fr\/produit\/poele-a-granules-ventile-teodora-evo-la-nordica-extraflame-copia\/\" target=\"_self\">Po\u00eale \u00e0 granul\u00e9s ventil\u00e9 TEODORA EVO &#8211; La Nordica &#8211; Extraflame (Copia)<\/a><\/h3>\n\n<div data-block-name=\"woocommerce\/product-price\" data-is-descendent-of-query-loop=\"true\" data-style=\"{&quot;typography&quot;:{&quot;fontSize&quot;:&quot;14px&quot;},&quot;elements&quot;:{&quot;link&quot;:{&quot;color&quot;:{&quot;text&quot;:&quot;var:preset|color|prezzo&quot;}}}}\" data-text-align=\"center\" data-text-color=\"prezzo\" style=\"font-size: 14px; font-size:14px;\" class=\"has-text-align-center has-text-color has-prezzo-color wp-elements-8cdf4749307a23b4b49ac430d9b5e2e6 wp-elements-8cdf4749307a23b4b49ac430d9b5e2e6 wp-block-woocommerce-product-price has-text-color has-prezzo-color\" ><div class=\"wc-block-components-product-price wc-block-grid__product-price\" >\n\t\t\t\t\t<span class=\"woocommerce-Price-amount amount\"><bdi>2.506,23&nbsp;<span class=\"woocommerce-Price-currencySymbol\">&euro;<\/span><\/bdi><\/span> <small class=\"woocommerce-price-suffix\">HT<\/small>\n\t\t\t\t<\/div><\/div>\n\n\t\t\t\t<\/li><li class=\"wc-block-product post-61476 product type-product status-publish has-post-thumbnail product_brand-la-nordica-extraflame-fr product_cat-poeles-a-granules product_shipping_class-stufe-a-pellet-2-2 pa_colore-bordeaux-fr pa_colore-gris-graphite pa_colore-noir sales-flash-overlay woocommerce-text-align-center woocommerce-image-align-center do-quantity-buttons last instock taxable shipping-taxable purchasable product-type-variable\"\n\t\t\t\t\t\n\t\t\t\tdata-wp-interactive=\"woocommerce\/product-collection\"\n\t\t\t\tdata-wp-context='{\"productId\":61476}'\n\t\t\t\tdata-wp-key=\"product-item-61476\"\n\t\t\t\n\t\t\t\t>\n\t\t\t\t\t\n<div data-block-name=\"woocommerce\/product-image\" data-image-sizing=\"thumbnail\" data-is-descendent-of-query-loop=\"true\" data-show-sale-badge=\"false\" class=\"wc-block-components-product-image wc-block-grid__product-image wc-block-components-product-image--aspect-ratio-auto wp-block-woocommerce-product-image\"><a href=\"https:\/\/www.fokussrl.com\/fr\/produit\/poele-granules-ventilee-luisella\/\" style=\"\" data-wp-on--click=\"woocommerce\/product-collection::actions.viewProduct\"><img decoding=\"async\" width=\"300\" height=\"300\" src=\"https:\/\/www.fokussrl.com\/wp-content\/uploads\/2025\/01\/70423a_763605eb144e4ad1af95d0baafcc1de0mv2-300x300.jpg\" class=\"attachment-woocommerce_thumbnail size-woocommerce_thumbnail\" alt=\"Po\u00eale \u00e0 granul\u00e9s ventil\u00e9e LUISELLA - La Nordica - Extraflame\" data-testid=\"product-image\" data-image-id=\"60884\" style=\"object-fit:cover;\" loading=\"lazy\" srcset=\"https:\/\/www.fokussrl.com\/wp-content\/uploads\/2025\/01\/70423a_763605eb144e4ad1af95d0baafcc1de0mv2-300x300.jpg 300w, https:\/\/www.fokussrl.com\/wp-content\/uploads\/2025\/01\/70423a_763605eb144e4ad1af95d0baafcc1de0mv2-150x150.jpg 150w, https:\/\/www.fokussrl.com\/wp-content\/uploads\/2025\/01\/70423a_763605eb144e4ad1af95d0baafcc1de0mv2-100x100.jpg 100w\" sizes=\"auto, (max-width: 300px) 100vw, 300px\" \/><div class=\"wc-block-components-product-image__inner-container\">\n\n<\/div><\/a><\/div>\n\n<h3 style=\"font-size:13px;font-style:normal;font-weight:500;text-transform:uppercase; margin-bottom:0.75rem;margin-top:0;\" class=\"has-text-align-center has-link-color wp-elements-f49df5a45cd9fc927f3a9fccc3b84773 wp-block-post-title has-text-color has-contrast-color\"><a data-wp-on--click=\"woocommerce\/product-collection::actions.viewProduct\" href=\"https:\/\/www.fokussrl.com\/fr\/produit\/poele-granules-ventilee-luisella\/\" target=\"_self\">Po\u00eale \u00e0 granul\u00e9s ventil\u00e9e LUISELLA &#8211; La Nordica &#8211; Extraflame<\/a><\/h3>\n\n<div data-block-name=\"woocommerce\/product-price\" data-is-descendent-of-query-loop=\"true\" data-style=\"{&quot;typography&quot;:{&quot;fontSize&quot;:&quot;14px&quot;},&quot;elements&quot;:{&quot;link&quot;:{&quot;color&quot;:{&quot;text&quot;:&quot;var:preset|color|prezzo&quot;}}}}\" data-text-align=\"center\" data-text-color=\"prezzo\" style=\"font-size: 14px; font-size:14px;\" class=\"has-text-align-center has-text-color has-prezzo-color wp-elements-8cdf4749307a23b4b49ac430d9b5e2e6 wp-elements-8cdf4749307a23b4b49ac430d9b5e2e6 wp-block-woocommerce-product-price has-text-color has-prezzo-color\" ><div class=\"wc-block-components-product-price wc-block-grid__product-price\" >\n\t\t\t\t\t<span class=\"woocommerce-Price-amount amount\"><bdi>1.173,93&nbsp;<span class=\"woocommerce-Price-currencySymbol\">&euro;<\/span><\/bdi><\/span> <small class=\"woocommerce-price-suffix\">HT<\/small>\n\t\t\t\t<\/div><\/div>\n\n\t\t\t\t<\/li><li class=\"wc-block-product post-61473 product type-product status-publish has-post-thumbnail product_brand-bronpi-fr product_cat-poeles-a-granules product_shipping_class-stufe-a-pellet-2-2 pa_colore-ivoire pa_colore-noir sales-flash-overlay woocommerce-text-align-center woocommerce-image-align-center do-quantity-buttons first instock taxable shipping-taxable product-type-variable\"\n\t\t\t\t\t\n\t\t\t\tdata-wp-interactive=\"woocommerce\/product-collection\"\n\t\t\t\tdata-wp-context='{\"productId\":61473}'\n\t\t\t\tdata-wp-key=\"product-item-61473\"\n\t\t\t\n\t\t\t\t>\n\t\t\t\t\t\n<div data-block-name=\"woocommerce\/product-image\" data-image-sizing=\"thumbnail\" data-is-descendent-of-query-loop=\"true\" data-show-sale-badge=\"false\" class=\"wc-block-components-product-image wc-block-grid__product-image wc-block-components-product-image--aspect-ratio-auto wp-block-woocommerce-product-image\"><a href=\"https:\/\/www.fokussrl.com\/fr\/produit\/poele-granules-suspendue-minerva-slim-6-7-kw\/\" style=\"\" data-wp-on--click=\"woocommerce\/product-collection::actions.viewProduct\"><img decoding=\"async\" width=\"300\" height=\"300\" src=\"https:\/\/www.fokussrl.com\/wp-content\/uploads\/2025\/01\/70423a_76e20c1ce4574d1fa94b972e79c1927bmv2-300x300.jpg\" class=\"attachment-woocommerce_thumbnail size-woocommerce_thumbnail\" alt=\"Po\u00eale \u00e0 granul\u00e9s suspendue MINERVA SLIM 6,7 kW - Bronpi\" data-testid=\"product-image\" data-image-id=\"60865\" style=\"object-fit:cover;\" loading=\"lazy\" srcset=\"https:\/\/www.fokussrl.com\/wp-content\/uploads\/2025\/01\/70423a_76e20c1ce4574d1fa94b972e79c1927bmv2-300x300.jpg 300w, https:\/\/www.fokussrl.com\/wp-content\/uploads\/2025\/01\/70423a_76e20c1ce4574d1fa94b972e79c1927bmv2-1024x1024.jpg 1024w, https:\/\/www.fokussrl.com\/wp-content\/uploads\/2025\/01\/70423a_76e20c1ce4574d1fa94b972e79c1927bmv2-150x150.jpg 150w, https:\/\/www.fokussrl.com\/wp-content\/uploads\/2025\/01\/70423a_76e20c1ce4574d1fa94b972e79c1927bmv2-768x768.jpg 768w, https:\/\/www.fokussrl.com\/wp-content\/uploads\/2025\/01\/70423a_76e20c1ce4574d1fa94b972e79c1927bmv2-600x600.jpg 600w, https:\/\/www.fokussrl.com\/wp-content\/uploads\/2025\/01\/70423a_76e20c1ce4574d1fa94b972e79c1927bmv2-100x100.jpg 100w, https:\/\/www.fokussrl.com\/wp-content\/uploads\/2025\/01\/70423a_76e20c1ce4574d1fa94b972e79c1927bmv2-64x64.jpg 64w, https:\/\/www.fokussrl.com\/wp-content\/uploads\/2025\/01\/70423a_76e20c1ce4574d1fa94b972e79c1927bmv2.jpg 1200w\" sizes=\"auto, (max-width: 300px) 100vw, 300px\" \/><div class=\"wc-block-components-product-image__inner-container\">\n\n<\/div><\/a><\/div>\n\n<h3 style=\"font-size:13px;font-style:normal;font-weight:500;text-transform:uppercase; margin-bottom:0.75rem;margin-top:0;\" class=\"has-text-align-center has-link-color wp-elements-f49df5a45cd9fc927f3a9fccc3b84773 wp-block-post-title has-text-color has-contrast-color\"><a data-wp-on--click=\"woocommerce\/product-collection::actions.viewProduct\" href=\"https:\/\/www.fokussrl.com\/fr\/produit\/poele-granules-suspendue-minerva-slim-6-7-kw\/\" target=\"_self\">Po\u00eale \u00e0 granul\u00e9s suspendue MINERVA SLIM 6,7 kW &#8211; Bronpi<\/a><\/h3>\n\n<div data-block-name=\"woocommerce\/product-price\" data-is-descendent-of-query-loop=\"true\" data-style=\"{&quot;typography&quot;:{&quot;fontSize&quot;:&quot;14px&quot;},&quot;elements&quot;:{&quot;link&quot;:{&quot;color&quot;:{&quot;text&quot;:&quot;var:preset|color|prezzo&quot;}}}}\" data-text-align=\"center\" data-text-color=\"prezzo\" style=\"font-size: 14px; font-size:14px;\" class=\"has-text-align-center has-text-color has-prezzo-color wp-elements-8cdf4749307a23b4b49ac430d9b5e2e6 wp-elements-8cdf4749307a23b4b49ac430d9b5e2e6 wp-block-woocommerce-product-price has-text-color has-prezzo-color\" ><div class=\"wc-block-components-product-price wc-block-grid__product-price\" >\n\t\t\t\t\t<span class=\"woocommerce-Price-amount amount\"><bdi>1.772,09&nbsp;<span class=\"woocommerce-Price-currencySymbol\">&euro;<\/span><\/bdi><\/span> <small class=\"woocommerce-price-suffix\">HT<\/small>\n\t\t\t\t<\/div><\/div>\n\n\t\t\t\t<\/li><li class=\"wc-block-product post-59313 product type-product status-publish has-post-thumbnail product_brand-kalor-fr product_cat-poeles-a-granules product_shipping_class-stufe-a-pellet-2-2 pa_colore-blanc pa_colore-bordeaux-fr pa_colore-gris pa_potenza-10-kw-fr pa_potenza-12-kw-fr pa_potenza-8-kw-fr sales-flash-overlay woocommerce-text-align-center woocommerce-image-align-center do-quantity-buttons  instock taxable shipping-taxable purchasable product-type-variable\"\n\t\t\t\t\t\n\t\t\t\tdata-wp-interactive=\"woocommerce\/product-collection\"\n\t\t\t\tdata-wp-context='{\"productId\":59313}'\n\t\t\t\tdata-wp-key=\"product-item-59313\"\n\t\t\t\n\t\t\t\t>\n\t\t\t\t\t\n<div data-block-name=\"woocommerce\/product-image\" data-image-sizing=\"thumbnail\" data-is-descendent-of-query-loop=\"true\" data-show-sale-badge=\"false\" class=\"wc-block-components-product-image wc-block-grid__product-image wc-block-components-product-image--aspect-ratio-auto wp-block-woocommerce-product-image\"><a href=\"https:\/\/www.fokussrl.com\/fr\/produit\/poele-granules-acier-perfecta\/\" style=\"\" data-wp-on--click=\"woocommerce\/product-collection::actions.viewProduct\"><img decoding=\"async\" width=\"300\" height=\"300\" src=\"https:\/\/www.fokussrl.com\/wp-content\/uploads\/2025\/01\/70423a_d7dbd3ca402640dfbc045de50d17f6dcmv2-300x300.jpg\" class=\"attachment-woocommerce_thumbnail size-woocommerce_thumbnail\" alt=\"Po\u00eale \u00e0 granul\u00e9s acier PERFECTA - Kalor\" data-testid=\"product-image\" data-image-id=\"56679\" style=\"object-fit:cover;\" loading=\"lazy\" srcset=\"https:\/\/www.fokussrl.com\/wp-content\/uploads\/2025\/01\/70423a_d7dbd3ca402640dfbc045de50d17f6dcmv2-300x300.jpg 300w, https:\/\/www.fokussrl.com\/wp-content\/uploads\/2025\/01\/70423a_d7dbd3ca402640dfbc045de50d17f6dcmv2-150x150.jpg 150w, https:\/\/www.fokussrl.com\/wp-content\/uploads\/2025\/01\/70423a_d7dbd3ca402640dfbc045de50d17f6dcmv2-100x100.jpg 100w\" sizes=\"auto, (max-width: 300px) 100vw, 300px\" \/><div class=\"wc-block-components-product-image__inner-container\">\n\n<\/div><\/a><\/div>\n\n<h3 style=\"font-size:13px;font-style:normal;font-weight:500;text-transform:uppercase; margin-bottom:0.75rem;margin-top:0;\" class=\"has-text-align-center has-link-color wp-elements-f49df5a45cd9fc927f3a9fccc3b84773 wp-block-post-title has-text-color has-contrast-color\"><a data-wp-on--click=\"woocommerce\/product-collection::actions.viewProduct\" href=\"https:\/\/www.fokussrl.com\/fr\/produit\/poele-granules-acier-perfecta\/\" target=\"_self\">Po\u00eale \u00e0 granul\u00e9s acier PERFECTA &#8211; Kalor<\/a><\/h3>\n\n<div data-block-name=\"woocommerce\/product-price\" data-is-descendent-of-query-loop=\"true\" data-style=\"{&quot;typography&quot;:{&quot;fontSize&quot;:&quot;14px&quot;},&quot;elements&quot;:{&quot;link&quot;:{&quot;color&quot;:{&quot;text&quot;:&quot;var:preset|color|prezzo&quot;}}}}\" data-text-align=\"center\" data-text-color=\"prezzo\" style=\"font-size: 14px; font-size:14px;\" class=\"has-text-align-center has-text-color has-prezzo-color wp-elements-8cdf4749307a23b4b49ac430d9b5e2e6 wp-elements-8cdf4749307a23b4b49ac430d9b5e2e6 wp-block-woocommerce-product-price has-text-color has-prezzo-color\" ><div class=\"wc-block-components-product-price wc-block-grid__product-price\" >\n\t\t\t\t\t<span class=\"woocommerce-Price-amount amount\" aria-hidden=\"true\"><bdi>1.173,93&nbsp;<span class=\"woocommerce-Price-currencySymbol\">&euro;<\/span><\/bdi><\/span> <span aria-hidden=\"true\">\u00a0\u2013\u00a0<\/span> <span class=\"woocommerce-Price-amount amount\" aria-hidden=\"true\"><bdi>1.438,16&nbsp;<span class=\"woocommerce-Price-currencySymbol\">&euro;<\/span><\/bdi><\/span><span class=\"screen-reader-text\">Plage de prix\u00a0: 1.173,93&nbsp;&euro; \u00e0 1.438,16&nbsp;&euro;<\/span> <small class=\"woocommerce-price-suffix\">HT<\/small>\n\t\t\t\t<\/div><\/div>\n\n\t\t\t\t<\/li><li class=\"wc-block-product post-59263 product type-product status-publish has-post-thumbnail product_brand-kalor-fr product_cat-poeles-a-granules product_shipping_class-stufe-a-pellet-2-2 pa_colore-blanc pa_colore-bordeaux-fr pa_colore-noir pa_potenza-11-kw-fr pa_potenza-7-kw-fr pa_potenza-9-kw-fr sales-flash-overlay woocommerce-text-align-center woocommerce-image-align-center do-quantity-buttons  instock taxable shipping-taxable product-type-variable\"\n\t\t\t\t\t\n\t\t\t\tdata-wp-interactive=\"woocommerce\/product-collection\"\n\t\t\t\tdata-wp-context='{\"productId\":59263}'\n\t\t\t\tdata-wp-key=\"product-item-59263\"\n\t\t\t\n\t\t\t\t>\n\t\t\t\t\t\n<div data-block-name=\"woocommerce\/product-image\" data-image-sizing=\"thumbnail\" data-is-descendent-of-query-loop=\"true\" data-show-sale-badge=\"false\" class=\"wc-block-components-product-image wc-block-grid__product-image wc-block-components-product-image--aspect-ratio-auto wp-block-woocommerce-product-image\"><a href=\"https:\/\/www.fokussrl.com\/fr\/produit\/poele-granules-futura-evo-5-0\/\" style=\"\" data-wp-on--click=\"woocommerce\/product-collection::actions.viewProduct\"><img decoding=\"async\" width=\"300\" height=\"300\" src=\"https:\/\/www.fokussrl.com\/wp-content\/uploads\/2025\/01\/70423a_460334061e3a48c7963cd4cffdc67a79mv2-300x300.jpg\" class=\"attachment-woocommerce_thumbnail size-woocommerce_thumbnail\" alt=\"Po\u00eale \u00e0 granul\u00e9s FUTURA EVO 5.0 - Kalor\" data-testid=\"product-image\" data-image-id=\"56573\" style=\"object-fit:cover;\" loading=\"lazy\" srcset=\"https:\/\/www.fokussrl.com\/wp-content\/uploads\/2025\/01\/70423a_460334061e3a48c7963cd4cffdc67a79mv2-300x300.jpg 300w, https:\/\/www.fokussrl.com\/wp-content\/uploads\/2025\/01\/70423a_460334061e3a48c7963cd4cffdc67a79mv2-150x150.jpg 150w, https:\/\/www.fokussrl.com\/wp-content\/uploads\/2025\/01\/70423a_460334061e3a48c7963cd4cffdc67a79mv2-100x100.jpg 100w\" sizes=\"auto, (max-width: 300px) 100vw, 300px\" \/><div class=\"wc-block-components-product-image__inner-container\">\n\n<\/div><\/a><\/div>\n\n<h3 style=\"font-size:13px;font-style:normal;font-weight:500;text-transform:uppercase; margin-bottom:0.75rem;margin-top:0;\" class=\"has-text-align-center has-link-color wp-elements-f49df5a45cd9fc927f3a9fccc3b84773 wp-block-post-title has-text-color has-contrast-color\"><a data-wp-on--click=\"woocommerce\/product-collection::actions.viewProduct\" href=\"https:\/\/www.fokussrl.com\/fr\/produit\/poele-granules-futura-evo-5-0\/\" target=\"_self\">Po\u00eale \u00e0 granul\u00e9s FUTURA EVO 5.0 &#8211; Kalor<\/a><\/h3>\n\n<div data-block-name=\"woocommerce\/product-price\" data-is-descendent-of-query-loop=\"true\" data-style=\"{&quot;typography&quot;:{&quot;fontSize&quot;:&quot;14px&quot;},&quot;elements&quot;:{&quot;link&quot;:{&quot;color&quot;:{&quot;text&quot;:&quot;var:preset|color|prezzo&quot;}}}}\" data-text-align=\"center\" data-text-color=\"prezzo\" style=\"font-size: 14px; font-size:14px;\" class=\"has-text-align-center has-text-color has-prezzo-color wp-elements-8cdf4749307a23b4b49ac430d9b5e2e6 wp-elements-8cdf4749307a23b4b49ac430d9b5e2e6 wp-block-woocommerce-product-price has-text-color has-prezzo-color\" ><div class=\"wc-block-components-product-price wc-block-grid__product-price\" >\n\t\t\t\t\t<span class=\"woocommerce-Price-amount amount\" aria-hidden=\"true\"><bdi>1.872,79&nbsp;<span class=\"woocommerce-Price-currencySymbol\">&euro;<\/span><\/bdi><\/span> <span aria-hidden=\"true\">\u00a0\u2013\u00a0<\/span> <span class=\"woocommerce-Price-amount amount\" aria-hidden=\"true\"><bdi>2.205,00&nbsp;<span class=\"woocommerce-Price-currencySymbol\">&euro;<\/span><\/bdi><\/span><span class=\"screen-reader-text\">Plage de prix\u00a0: 1.872,79&nbsp;&euro; \u00e0 2.205,00&nbsp;&euro;<\/span> <small class=\"woocommerce-price-suffix\">HT<\/small>\n\t\t\t\t<\/div><\/div>\n\n\t\t\t\t<\/li><li class=\"wc-block-product post-59206 product type-product status-publish has-post-thumbnail product_brand-laminox-idro-fr product_cat-poeles-a-granules product_shipping_class-stufe-a-pellet-2-2 pa_colore-blanc pa_colore-bordeaux-fr pa_colore-gris-aluminium pa_colore-ivoire pa_colore-pierre-travertin sales-flash-overlay woocommerce-text-align-center woocommerce-image-align-center do-quantity-buttons last instock taxable shipping-taxable product-type-variable\"\n\t\t\t\t\t\n\t\t\t\tdata-wp-interactive=\"woocommerce\/product-collection\"\n\t\t\t\tdata-wp-context='{\"productId\":59206}'\n\t\t\t\tdata-wp-key=\"product-item-59206\"\n\t\t\t\n\t\t\t\t>\n\t\t\t\t\t\n<div data-block-name=\"woocommerce\/product-image\" data-image-sizing=\"thumbnail\" data-is-descendent-of-query-loop=\"true\" data-show-sale-badge=\"false\" class=\"wc-block-components-product-image wc-block-grid__product-image wc-block-components-product-image--aspect-ratio-auto wp-block-woocommerce-product-image\"><a href=\"https:\/\/www.fokussrl.com\/fr\/produit\/poele-granules-dafne-air\/\" style=\"\" data-wp-on--click=\"woocommerce\/product-collection::actions.viewProduct\"><img decoding=\"async\" width=\"300\" height=\"300\" src=\"https:\/\/www.fokussrl.com\/wp-content\/uploads\/2025\/01\/70423a_9f551f0881cc4384831bc7f8cfcc7948mv2-300x300.jpg\" class=\"attachment-woocommerce_thumbnail size-woocommerce_thumbnail\" alt=\"Po\u00eale \u00e0 granul\u00e9s DAFNE AIR - Laminox\" data-testid=\"product-image\" data-image-id=\"56368\" style=\"object-fit:cover;\" loading=\"lazy\" srcset=\"https:\/\/www.fokussrl.com\/wp-content\/uploads\/2025\/01\/70423a_9f551f0881cc4384831bc7f8cfcc7948mv2-300x300.jpg 300w, https:\/\/www.fokussrl.com\/wp-content\/uploads\/2025\/01\/70423a_9f551f0881cc4384831bc7f8cfcc7948mv2-150x150.jpg 150w, https:\/\/www.fokussrl.com\/wp-content\/uploads\/2025\/01\/70423a_9f551f0881cc4384831bc7f8cfcc7948mv2-768x765.jpg 768w, https:\/\/www.fokussrl.com\/wp-content\/uploads\/2025\/01\/70423a_9f551f0881cc4384831bc7f8cfcc7948mv2-600x598.jpg 600w, https:\/\/www.fokussrl.com\/wp-content\/uploads\/2025\/01\/70423a_9f551f0881cc4384831bc7f8cfcc7948mv2-100x100.jpg 100w, https:\/\/www.fokussrl.com\/wp-content\/uploads\/2025\/01\/70423a_9f551f0881cc4384831bc7f8cfcc7948mv2-64x64.jpg 64w, https:\/\/www.fokussrl.com\/wp-content\/uploads\/2025\/01\/70423a_9f551f0881cc4384831bc7f8cfcc7948mv2.jpg 771w\" sizes=\"auto, (max-width: 300px) 100vw, 300px\" \/><div class=\"wc-block-components-product-image__inner-container\">\n\n<\/div><\/a><\/div>\n\n<h3 style=\"font-size:13px;font-style:normal;font-weight:500;text-transform:uppercase; margin-bottom:0.75rem;margin-top:0;\" class=\"has-text-align-center has-link-color wp-elements-f49df5a45cd9fc927f3a9fccc3b84773 wp-block-post-title has-text-color has-contrast-color\"><a data-wp-on--click=\"woocommerce\/product-collection::actions.viewProduct\" href=\"https:\/\/www.fokussrl.com\/fr\/produit\/poele-granules-dafne-air\/\" target=\"_self\">Po\u00eale \u00e0 granul\u00e9s DAFNE AIR &#8211; Laminox<\/a><\/h3>\n\n<div data-block-name=\"woocommerce\/product-price\" data-is-descendent-of-query-loop=\"true\" data-style=\"{&quot;typography&quot;:{&quot;fontSize&quot;:&quot;14px&quot;},&quot;elements&quot;:{&quot;link&quot;:{&quot;color&quot;:{&quot;text&quot;:&quot;var:preset|color|prezzo&quot;}}}}\" data-text-align=\"center\" data-text-color=\"prezzo\" style=\"font-size: 14px; font-size:14px;\" class=\"has-text-align-center has-text-color has-prezzo-color wp-elements-8cdf4749307a23b4b49ac430d9b5e2e6 wp-elements-8cdf4749307a23b4b49ac430d9b5e2e6 wp-block-woocommerce-product-price has-text-color has-prezzo-color\" ><div class=\"wc-block-components-product-price wc-block-grid__product-price\" >\n\t\t\t\t\t<span class=\"woocommerce-Price-amount amount\" aria-hidden=\"true\"><bdi>2.592,30&nbsp;<span class=\"woocommerce-Price-currencySymbol\">&euro;<\/span><\/bdi><\/span> <span aria-hidden=\"true\">\u00a0\u2013\u00a0<\/span> <span class=\"woocommerce-Price-amount amount\" aria-hidden=\"true\"><bdi>2.813,48&nbsp;<span class=\"woocommerce-Price-currencySymbol\">&euro;<\/span><\/bdi><\/span><span class=\"screen-reader-text\">Plage de prix\u00a0: 2.592,30&nbsp;&euro; \u00e0 2.813,48&nbsp;&euro;<\/span> <small class=\"woocommerce-price-suffix\">HT<\/small>\n\t\t\t\t<\/div><\/div>\n\n\t\t\t\t<\/li><\/ul><\/div>\n\n<\/div>\n\n<div class=\"gb-container gb-container-a0b47248\">\n\n<a class=\"gb-button gb-button-ed0942ac gb-button-text\" href=\"https:\/\/www.fokussrl.com\/fr\/categorie-produit\/poeles\/poeles-a-granules\/\">Voir tous les po\u00eales \u00e0 granul\u00e9s<\/a>\n\n<\/div>\n<\/div><div class=\"gb-container gb-container-a2895c43\">\n<div class=\"gb-container gb-container-16ea0e19\">\n\n<h2 class=\"gb-headline gb-headline-8097bac2 gb-headline-text\"><a href=\"https:\/\/www.fokussrl.com\/fr\/categorie-produit\/poeles\/poeles-au-bois-avec-four\/\" data-type=\"product_cat\" data-id=\"4548\">Po\u00eales au bois avec four<\/a><\/h2>\n\n<\/div>\n\n<div class=\"gb-container gb-container-8c82c7c9\">\n\n<div data-wp-context=\"{&quot;notices&quot;:[],&quot;hideNextPreviousButtons&quot;:false,&quot;isDisabledPrevious&quot;:true,&quot;isDisabledNext&quot;:false,&quot;ariaLabelPrevious&quot;:&quot;Produits pr\\u00e9c\\u00e9dents&quot;,&quot;ariaLabelNext&quot;:&quot;Produits suivants&quot;}\" data-wp-init=\"callbacks.onRender\" data-wp-interactive=\"woocommerce\/product-collection\" data-wp-router-region=\"wc-product-collection-5\" data-__private-preview-state=\"{&quot;isPreview&quot;:false,&quot;previewMessage&quot;:&quot;I prodotti effettivi variano a seconda della pagina visualizzata.&quot;}\" data-block-name=\"woocommerce\/product-collection\" data-dimensions=\"{&quot;widthType&quot;:&quot;fill&quot;}\" data-display-layout=\"{&quot;type&quot;:&quot;flex&quot;,&quot;columns&quot;:3,&quot;shrinkColumns&quot;:true}\" data-query-context-includes=\"[&quot;collection&quot;]\" data-query-id=\"5\" data-query=\"{&quot;perPage&quot;:9,&quot;pages&quot;:0,&quot;offset&quot;:0,&quot;postType&quot;:&quot;product&quot;,&quot;order&quot;:&quot;desc&quot;,&quot;orderBy&quot;:&quot;date&quot;,&quot;search&quot;:&quot;&quot;,&quot;exclude&quot;:[],&quot;inherit&quot;:false,&quot;taxQuery&quot;:{&quot;product_cat&quot;:[4548]},&quot;isProductCollectionBlock&quot;:true,&quot;featured&quot;:false,&quot;woocommerceOnSale&quot;:false,&quot;woocommerceStockStatus&quot;:[&quot;instock&quot;,&quot;outofstock&quot;,&quot;onbackorder&quot;],&quot;woocommerceAttributes&quot;:[],&quot;woocommerceHandPickedProducts&quot;:[],&quot;filterable&quot;:false,&quot;relatedBy&quot;:{&quot;categories&quot;:true,&quot;tags&quot;:true}}\" data-tag-name=\"div\" class=\"wp-block-woocommerce-product-collection is-layout-flow wp-block-woocommerce-product-collection-is-layout-flow\">\t\t<div data-wp-interactive=\"woocommerce\/store-notices\" class=\"wc-block-components-notices alignwide\">\n\t\t\t<template data-wp-each--notice=\"state.notices\" data-wp-each-key=\"context.notice.id\">\n\t\t\t\t<div\n\t\t\t\t\tclass=\"wc-block-components-notice-banner\"\n\t\t\t\t\tdata-wp-init=\"callbacks.scrollIntoView\"\n\t\t\t\t\tdata-wp-class--is-error=\"state.isError\"\n\t\t\t\t\tdata-wp-class--is-success=\"state.isSuccess\"\n\t\t\t\t\tdata-wp-class--is-info=\"state.isInfo\"\n\t\t\t\t\tdata-wp-class--is-dismissible=\"context.notice.dismissible\"\n\t\t\t\t\tdata-wp-bind--role=\"state.role\"\n\t\t\t\t\tdata-wp-watch=\"callbacks.injectIcon\"\n\t\t\t\t>\n\t\t\t\t\t<div class=\"wc-block-components-notice-banner__content\">\n\t\t\t\t\t\t<span data-wp-init=\"callbacks.renderNoticeContent\" aria-live=\"assertive\" aria-atomic=\"true\"><\/span>\n\t\t\t\t\t<\/div>\n\t\t\t\t\t<button\n\t\t\t\t\t\tdata-wp-bind--hidden=\"!context.notice.dismissible\"\n\t\t\t\t\t\tclass=\"wc-block-components-button wp-element-button wc-block-components-notice-banner__dismiss contained\"\n\t\t\t\t\t\taria-label=\"D\u00e9sactiver cette notification\"\n\t\t\t\t\t\tdata-wp-on--click=\"actions.removeNotice\"\n\t\t\t\t\t>\n\t\t\t\t\t\t<svg xmlns=\"http:\/\/www.w3.org\/2000\/svg\" viewBox=\"0 0 24 24\">\n\t\t\t\t\t\t\t<path d=\"M13 11.8l6.1-6.3-1-1-6.1 6.2-6.1-6.2-1 1 6.1 6.3-6.5 6.7 1 1 6.5-6.6 6.5 6.6 1-1z\" \/>\n\t\t\t\t\t\t<\/svg>\n\t\t\t\t\t<\/button>\n\t\t\t\t<\/div>\n\t\t\t<\/template>\n\t\t<\/div>\n\t\t<ul data-block-name=\"woocommerce\/product-template\" class=\"wc-block-product-template__responsive columns-3 wc-block-product-template wp-block-woocommerce-product-template is-layout-flow wp-block-woocommerce-product-template-is-layout-flow\" data-wp-on--scroll=\"actions.watchScroll\" data-wp-init=\"callbacks.initResizeObserver\"><li class=\"wc-block-product post-69630 product type-product status-publish has-post-thumbnail product_brand-fm-calefaccion-fr product_cat-poeles-au-bois-avec-four product_shipping_class-stufe-a-legna-con-forno-2-2 sales-flash-overlay woocommerce-text-align-center woocommerce-image-align-center do-quantity-buttons first instock taxable shipping-taxable purchasable product-type-simple\"\n\t\t\t\t\t\n\t\t\t\tdata-wp-interactive=\"woocommerce\/product-collection\"\n\t\t\t\tdata-wp-context='{\"productId\":69630}'\n\t\t\t\tdata-wp-key=\"product-item-69630\"\n\t\t\t\n\t\t\t\t>\n\t\t\t\t\t\n<div data-block-name=\"woocommerce\/product-image\" data-image-sizing=\"thumbnail\" data-is-descendent-of-query-loop=\"true\" data-show-sale-badge=\"false\" class=\"wc-block-components-product-image wc-block-grid__product-image wc-block-components-product-image--aspect-ratio-auto wp-block-woocommerce-product-image\"><a href=\"https:\/\/www.fokussrl.com\/fr\/produit\/poele-dangle-avec-four-ventile-m-107-rt-10-kw-fm-calefaccion\/\" style=\"\" data-wp-on--click=\"woocommerce\/product-collection::actions.viewProduct\"><img decoding=\"async\" width=\"300\" height=\"300\" src=\"https:\/\/www.fokussrl.com\/wp-content\/uploads\/2026\/02\/m-107-rt-foto-300x300.jpg\" class=\"attachment-woocommerce_thumbnail size-woocommerce_thumbnail\" alt=\"Po\u00eale d\u2019angle avec four ventil\u00e9 M-107 RT 10 kW \u2013 FM Calefacci\u00f3n\" data-testid=\"product-image\" data-image-id=\"69633\" style=\"object-fit:cover;\" loading=\"lazy\" srcset=\"https:\/\/www.fokussrl.com\/wp-content\/uploads\/2026\/02\/m-107-rt-foto-300x300.jpg 300w, https:\/\/www.fokussrl.com\/wp-content\/uploads\/2026\/02\/m-107-rt-foto-150x150.jpg 150w, https:\/\/www.fokussrl.com\/wp-content\/uploads\/2026\/02\/m-107-rt-foto-100x100.jpg 100w\" sizes=\"auto, (max-width: 300px) 100vw, 300px\" \/><div class=\"wc-block-components-product-image__inner-container\">\n\n<\/div><\/a><\/div>\n\n<h3 style=\"font-size:13px;font-style:normal;font-weight:500;text-transform:uppercase; margin-bottom:0.75rem;margin-top:0;\" class=\"has-text-align-center has-link-color wp-elements-f49df5a45cd9fc927f3a9fccc3b84773 wp-block-post-title has-text-color has-contrast-color\"><a data-wp-on--click=\"woocommerce\/product-collection::actions.viewProduct\" href=\"https:\/\/www.fokussrl.com\/fr\/produit\/poele-dangle-avec-four-ventile-m-107-rt-10-kw-fm-calefaccion\/\" target=\"_self\">Po\u00eale d\u2019angle avec four ventil\u00e9 M-107 RT 10 kW \u2013 FM Calefacci\u00f3n<\/a><\/h3>\n\n<div data-block-name=\"woocommerce\/product-price\" data-is-descendent-of-query-loop=\"true\" data-style=\"{&quot;typography&quot;:{&quot;fontSize&quot;:&quot;14px&quot;},&quot;elements&quot;:{&quot;link&quot;:{&quot;color&quot;:{&quot;text&quot;:&quot;var:preset|color|prezzo&quot;}}}}\" data-text-align=\"center\" data-text-color=\"prezzo\" style=\"font-size: 14px; font-size:14px;\" class=\"has-text-align-center has-text-color has-prezzo-color wp-elements-8cdf4749307a23b4b49ac430d9b5e2e6 wp-elements-8cdf4749307a23b4b49ac430d9b5e2e6 wp-block-woocommerce-product-price has-text-color has-prezzo-color\" ><div class=\"wc-block-components-product-price wc-block-grid__product-price\" >\n\t\t\t\t\t<span class=\"woocommerce-Price-amount amount\"><bdi>2.184,34&nbsp;<span class=\"woocommerce-Price-currencySymbol\">&euro;<\/span><\/bdi><\/span> <small class=\"woocommerce-price-suffix\">HT<\/small>\n\t\t\t\t<\/div><\/div>\n\n\t\t\t\t<\/li><li class=\"wc-block-product post-69610 product type-product status-publish has-post-thumbnail product_brand-fm-calefaccion-fr product_cat-poeles-au-bois-avec-four product_shipping_class-stufe-a-legna-con-forno-2-2 sales-flash-overlay woocommerce-text-align-center woocommerce-image-align-center do-quantity-buttons  instock taxable shipping-taxable purchasable product-type-simple\"\n\t\t\t\t\t\n\t\t\t\tdata-wp-interactive=\"woocommerce\/product-collection\"\n\t\t\t\tdata-wp-context='{\"productId\":69610}'\n\t\t\t\tdata-wp-key=\"product-item-69610\"\n\t\t\t\n\t\t\t\t>\n\t\t\t\t\t\n<div data-block-name=\"woocommerce\/product-image\" data-image-sizing=\"thumbnail\" data-is-descendent-of-query-loop=\"true\" data-show-sale-badge=\"false\" class=\"wc-block-components-product-image wc-block-grid__product-image wc-block-components-product-image--aspect-ratio-auto wp-block-woocommerce-product-image\"><a href=\"https:\/\/www.fokussrl.com\/fr\/produit\/poele-avec-four-et-plaque-de-cuisson-m-107-c-115-kw-fm-calefaccion\/\" style=\"\" data-wp-on--click=\"woocommerce\/product-collection::actions.viewProduct\"><img decoding=\"async\" width=\"300\" height=\"300\" src=\"https:\/\/www.fokussrl.com\/wp-content\/uploads\/2026\/02\/m-107-c-foto-300x300.jpg\" class=\"attachment-woocommerce_thumbnail size-woocommerce_thumbnail\" alt=\"Po\u00eale avec four et plaque de cuisson M-107-C 11,5 kW \u2013 FM Calefacci\u00f3n\" data-testid=\"product-image\" data-image-id=\"69613\" style=\"object-fit:cover;\" loading=\"lazy\" srcset=\"https:\/\/www.fokussrl.com\/wp-content\/uploads\/2026\/02\/m-107-c-foto-300x300.jpg 300w, https:\/\/www.fokussrl.com\/wp-content\/uploads\/2026\/02\/m-107-c-foto-150x150.jpg 150w, https:\/\/www.fokussrl.com\/wp-content\/uploads\/2026\/02\/m-107-c-foto-100x100.jpg 100w\" sizes=\"auto, (max-width: 300px) 100vw, 300px\" \/><div class=\"wc-block-components-product-image__inner-container\">\n\n<\/div><\/a><\/div>\n\n<h3 style=\"font-size:13px;font-style:normal;font-weight:500;text-transform:uppercase; margin-bottom:0.75rem;margin-top:0;\" class=\"has-text-align-center has-link-color wp-elements-f49df5a45cd9fc927f3a9fccc3b84773 wp-block-post-title has-text-color has-contrast-color\"><a data-wp-on--click=\"woocommerce\/product-collection::actions.viewProduct\" href=\"https:\/\/www.fokussrl.com\/fr\/produit\/poele-avec-four-et-plaque-de-cuisson-m-107-c-115-kw-fm-calefaccion\/\" target=\"_self\">Po\u00eale avec four et plaque de cuisson M-107-C 11,5 kW \u2013 FM Calefacci\u00f3n<\/a><\/h3>\n\n<div data-block-name=\"woocommerce\/product-price\" data-is-descendent-of-query-loop=\"true\" data-style=\"{&quot;typography&quot;:{&quot;fontSize&quot;:&quot;14px&quot;},&quot;elements&quot;:{&quot;link&quot;:{&quot;color&quot;:{&quot;text&quot;:&quot;var:preset|color|prezzo&quot;}}}}\" data-text-align=\"center\" data-text-color=\"prezzo\" style=\"font-size: 14px; font-size:14px;\" class=\"has-text-align-center has-text-color has-prezzo-color wp-elements-8cdf4749307a23b4b49ac430d9b5e2e6 wp-elements-8cdf4749307a23b4b49ac430d9b5e2e6 wp-block-woocommerce-product-price has-text-color has-prezzo-color\" ><div class=\"wc-block-components-product-price wc-block-grid__product-price\" >\n\t\t\t\t\t<span class=\"woocommerce-Price-amount amount\"><bdi>1.501,84&nbsp;<span class=\"woocommerce-Price-currencySymbol\">&euro;<\/span><\/bdi><\/span> <small class=\"woocommerce-price-suffix\">HT<\/small>\n\t\t\t\t<\/div><\/div>\n\n\t\t\t\t<\/li><li class=\"wc-block-product post-69548 product type-product status-publish has-post-thumbnail product_brand-bronpi-fr product_cat-poeles-au-bois-avec-four product_shipping_class-stufe-a-legna-con-forno-2-2 sales-flash-overlay woocommerce-text-align-center woocommerce-image-align-center do-quantity-buttons  instock taxable shipping-taxable purchasable product-type-simple\"\n\t\t\t\t\t\n\t\t\t\tdata-wp-interactive=\"woocommerce\/product-collection\"\n\t\t\t\tdata-wp-context='{\"productId\":69548}'\n\t\t\t\tdata-wp-key=\"product-item-69548\"\n\t\t\t\n\t\t\t\t>\n\t\t\t\t\t\n<div data-block-name=\"woocommerce\/product-image\" data-image-sizing=\"thumbnail\" data-is-descendent-of-query-loop=\"true\" data-show-sale-badge=\"false\" class=\"wc-block-components-product-image wc-block-grid__product-image wc-block-components-product-image--aspect-ratio-auto wp-block-woocommerce-product-image\"><a href=\"https:\/\/www.fokussrl.com\/fr\/produit\/poele-a-bois-avec-four-hilton-c-bronpi\/\" style=\"\" data-wp-on--click=\"woocommerce\/product-collection::actions.viewProduct\"><img decoding=\"async\" width=\"300\" height=\"300\" src=\"https:\/\/www.fokussrl.com\/wp-content\/uploads\/2026\/02\/hilton-c-foto-300x300.jpg\" class=\"attachment-woocommerce_thumbnail size-woocommerce_thumbnail\" alt=\"Po\u00eale \u00e0 bois avec four HILTON C - Bronpi\" data-testid=\"product-image\" data-image-id=\"69551\" style=\"object-fit:cover;\" loading=\"lazy\" srcset=\"https:\/\/www.fokussrl.com\/wp-content\/uploads\/2026\/02\/hilton-c-foto-300x300.jpg 300w, https:\/\/www.fokussrl.com\/wp-content\/uploads\/2026\/02\/hilton-c-foto-150x150.jpg 150w, https:\/\/www.fokussrl.com\/wp-content\/uploads\/2026\/02\/hilton-c-foto-100x100.jpg 100w\" sizes=\"auto, (max-width: 300px) 100vw, 300px\" \/><div class=\"wc-block-components-product-image__inner-container\">\n\n<\/div><\/a><\/div>\n\n<h3 style=\"font-size:13px;font-style:normal;font-weight:500;text-transform:uppercase; margin-bottom:0.75rem;margin-top:0;\" class=\"has-text-align-center has-link-color wp-elements-f49df5a45cd9fc927f3a9fccc3b84773 wp-block-post-title has-text-color has-contrast-color\"><a data-wp-on--click=\"woocommerce\/product-collection::actions.viewProduct\" href=\"https:\/\/www.fokussrl.com\/fr\/produit\/poele-a-bois-avec-four-hilton-c-bronpi\/\" target=\"_self\">Po\u00eale \u00e0 bois avec four HILTON C &#8211; Bronpi<\/a><\/h3>\n\n<div data-block-name=\"woocommerce\/product-price\" data-is-descendent-of-query-loop=\"true\" data-style=\"{&quot;typography&quot;:{&quot;fontSize&quot;:&quot;14px&quot;},&quot;elements&quot;:{&quot;link&quot;:{&quot;color&quot;:{&quot;text&quot;:&quot;var:preset|color|prezzo&quot;}}}}\" data-text-align=\"center\" data-text-color=\"prezzo\" style=\"font-size: 14px; font-size:14px;\" class=\"has-text-align-center has-text-color has-prezzo-color wp-elements-8cdf4749307a23b4b49ac430d9b5e2e6 wp-elements-8cdf4749307a23b4b49ac430d9b5e2e6 wp-block-woocommerce-product-price has-text-color has-prezzo-color\" ><div class=\"wc-block-components-product-price wc-block-grid__product-price\" >\n\t\t\t\t\t<span class=\"woocommerce-Price-amount amount\"><bdi>1.903,77&nbsp;<span class=\"woocommerce-Price-currencySymbol\">&euro;<\/span><\/bdi><\/span> <small class=\"woocommerce-price-suffix\">HT<\/small>\n\t\t\t\t<\/div><\/div>\n\n\t\t\t\t<\/li><li class=\"wc-block-product post-67941 product type-product status-publish has-post-thumbnail product_brand-carinci-fr product_cat-poeles-au-bois-avec-four product_shipping_class-stufe-legna-pellet-2-2 pa_colore-blanc pa_colore-bordeaux-fr pa_colore-noir pa_potenza-12-kw-fr pa_potenza-14-kw-fr pa_potenza-16-kw-fr pa_potenza-18-kw-fr pa_potenza-20-kw-fr pa_potenza-22-kw-fr pa_versione-2-canalisations pa_versione-convection-naturelle pa_versione-ventilation-frontale sales-flash-overlay woocommerce-text-align-center woocommerce-image-align-center do-quantity-buttons last instock taxable shipping-taxable purchasable product-type-variable\"\n\t\t\t\t\t\n\t\t\t\tdata-wp-interactive=\"woocommerce\/product-collection\"\n\t\t\t\tdata-wp-context='{\"productId\":67941}'\n\t\t\t\tdata-wp-key=\"product-item-67941\"\n\t\t\t\n\t\t\t\t>\n\t\t\t\t\t\n<div data-block-name=\"woocommerce\/product-image\" data-image-sizing=\"thumbnail\" data-is-descendent-of-query-loop=\"true\" data-show-sale-badge=\"false\" class=\"wc-block-components-product-image wc-block-grid__product-image wc-block-components-product-image--aspect-ratio-auto wp-block-woocommerce-product-image\"><a href=\"https:\/\/www.fokussrl.com\/fr\/produit\/poele-a-bois-air-wood-avec-four-carinci\/\" style=\"\" data-wp-on--click=\"woocommerce\/product-collection::actions.viewProduct\"><img decoding=\"async\" width=\"300\" height=\"300\" src=\"https:\/\/www.fokussrl.com\/wp-content\/uploads\/2025\/11\/air-wood-forno-16-18-nero-300x300.jpg\" class=\"attachment-woocommerce_thumbnail size-woocommerce_thumbnail\" alt=\"Po\u00eale \u00e0 bois AIR WOOD avec four - Carinci\" data-testid=\"product-image\" data-image-id=\"68124\" style=\"object-fit:cover;\" loading=\"lazy\" srcset=\"https:\/\/www.fokussrl.com\/wp-content\/uploads\/2025\/11\/air-wood-forno-16-18-nero-300x300.jpg 300w, https:\/\/www.fokussrl.com\/wp-content\/uploads\/2025\/11\/air-wood-forno-16-18-nero-150x150.jpg 150w, https:\/\/www.fokussrl.com\/wp-content\/uploads\/2025\/11\/air-wood-forno-16-18-nero-100x100.jpg 100w\" sizes=\"auto, (max-width: 300px) 100vw, 300px\" \/><div class=\"wc-block-components-product-image__inner-container\">\n\n<\/div><\/a><\/div>\n\n<h3 style=\"font-size:13px;font-style:normal;font-weight:500;text-transform:uppercase; margin-bottom:0.75rem;margin-top:0;\" class=\"has-text-align-center has-link-color wp-elements-f49df5a45cd9fc927f3a9fccc3b84773 wp-block-post-title has-text-color has-contrast-color\"><a data-wp-on--click=\"woocommerce\/product-collection::actions.viewProduct\" href=\"https:\/\/www.fokussrl.com\/fr\/produit\/poele-a-bois-air-wood-avec-four-carinci\/\" target=\"_self\">Po\u00eale \u00e0 bois AIR WOOD avec four &#8211; Carinci<\/a><\/h3>\n\n<div data-block-name=\"woocommerce\/product-price\" data-is-descendent-of-query-loop=\"true\" data-style=\"{&quot;typography&quot;:{&quot;fontSize&quot;:&quot;14px&quot;},&quot;elements&quot;:{&quot;link&quot;:{&quot;color&quot;:{&quot;text&quot;:&quot;var:preset|color|prezzo&quot;}}}}\" data-text-align=\"center\" data-text-color=\"prezzo\" style=\"font-size: 14px; font-size:14px;\" class=\"has-text-align-center has-text-color has-prezzo-color wp-elements-8cdf4749307a23b4b49ac430d9b5e2e6 wp-elements-8cdf4749307a23b4b49ac430d9b5e2e6 wp-block-woocommerce-product-price has-text-color has-prezzo-color\" ><div class=\"wc-block-components-product-price wc-block-grid__product-price\" >\n\t\t\t\t\t<span class=\"woocommerce-Price-amount amount\" aria-hidden=\"true\"><bdi>3.782,58&nbsp;<span class=\"woocommerce-Price-currencySymbol\">&euro;<\/span><\/bdi><\/span> <span aria-hidden=\"true\">\u00a0\u2013\u00a0<\/span> <span class=\"woocommerce-Price-amount amount\" aria-hidden=\"true\"><bdi>4.986,64&nbsp;<span class=\"woocommerce-Price-currencySymbol\">&euro;<\/span><\/bdi><\/span><span class=\"screen-reader-text\">Plage de prix\u00a0: 3.782,58&nbsp;&euro; \u00e0 4.986,64&nbsp;&euro;<\/span> <small class=\"woocommerce-price-suffix\">HT<\/small>\n\t\t\t\t<\/div><\/div>\n\n\t\t\t\t<\/li><li class=\"wc-block-product post-67341 product type-product status-publish has-post-thumbnail product_brand-nobis-fr product_cat-poeles-au-bois-avec-four product_shipping_class-stufe-legna-pellet-2-2 pa_colore-blanc pa_colore-bronze-fr-2 pa_colore-fonce pa_colore-gris-fr pa_colore-noir pa_colore-travertin pa_modello-flat-300 pa_modello-flat-500 pa_modello-flat-700 pa_potenza-10-kw-fr pa_potenza-8-kw-fr pa_versione-avec-porte-buches pa_versione-avec-tiroir sales-flash-overlay woocommerce-text-align-center woocommerce-image-align-center do-quantity-buttons first instock taxable shipping-taxable purchasable product-type-variable has-default-attributes\"\n\t\t\t\t\t\n\t\t\t\tdata-wp-interactive=\"woocommerce\/product-collection\"\n\t\t\t\tdata-wp-context='{\"productId\":67341}'\n\t\t\t\tdata-wp-key=\"product-item-67341\"\n\t\t\t\n\t\t\t\t>\n\t\t\t\t\t\n<div data-block-name=\"woocommerce\/product-image\" data-image-sizing=\"thumbnail\" data-is-descendent-of-query-loop=\"true\" data-show-sale-badge=\"false\" class=\"wc-block-components-product-image wc-block-grid__product-image wc-block-components-product-image--aspect-ratio-auto wp-block-woocommerce-product-image\"><a href=\"https:\/\/www.fokussrl.com\/fr\/produit\/poele-a-bois-avec-four-flat-nobis\/\" style=\"\" data-wp-on--click=\"woocommerce\/product-collection::actions.viewProduct\"><img decoding=\"async\" width=\"300\" height=\"300\" src=\"https:\/\/www.fokussrl.com\/wp-content\/uploads\/2025\/10\/Flat-300-forno-nero-300x300.jpg\" class=\"attachment-woocommerce_thumbnail size-woocommerce_thumbnail\" alt=\"Po\u00eale \u00e0 bois avec four FLAT \u2013 Nobis\" data-testid=\"product-image\" data-image-id=\"67366\" style=\"object-fit:cover;\" loading=\"lazy\" srcset=\"https:\/\/www.fokussrl.com\/wp-content\/uploads\/2025\/10\/Flat-300-forno-nero-300x300.jpg 300w, https:\/\/www.fokussrl.com\/wp-content\/uploads\/2025\/10\/Flat-300-forno-nero-150x150.jpg 150w, https:\/\/www.fokussrl.com\/wp-content\/uploads\/2025\/10\/Flat-300-forno-nero-100x100.jpg 100w\" sizes=\"auto, (max-width: 300px) 100vw, 300px\" \/><div class=\"wc-block-components-product-image__inner-container\">\n\n<\/div><\/a><\/div>\n\n<h3 style=\"font-size:13px;font-style:normal;font-weight:500;text-transform:uppercase; margin-bottom:0.75rem;margin-top:0;\" class=\"has-text-align-center has-link-color wp-elements-f49df5a45cd9fc927f3a9fccc3b84773 wp-block-post-title has-text-color has-contrast-color\"><a data-wp-on--click=\"woocommerce\/product-collection::actions.viewProduct\" href=\"https:\/\/www.fokussrl.com\/fr\/produit\/poele-a-bois-avec-four-flat-nobis\/\" target=\"_self\">Po\u00eale \u00e0 bois avec four FLAT \u2013 Nobis<\/a><\/h3>\n\n<div data-block-name=\"woocommerce\/product-price\" data-is-descendent-of-query-loop=\"true\" data-style=\"{&quot;typography&quot;:{&quot;fontSize&quot;:&quot;14px&quot;},&quot;elements&quot;:{&quot;link&quot;:{&quot;color&quot;:{&quot;text&quot;:&quot;var:preset|color|prezzo&quot;}}}}\" data-text-align=\"center\" data-text-color=\"prezzo\" style=\"font-size: 14px; font-size:14px;\" class=\"has-text-align-center has-text-color has-prezzo-color wp-elements-8cdf4749307a23b4b49ac430d9b5e2e6 wp-elements-8cdf4749307a23b4b49ac430d9b5e2e6 wp-block-woocommerce-product-price has-text-color has-prezzo-color\" ><div class=\"wc-block-components-product-price wc-block-grid__product-price\" >\n\t\t\t\t\t<span class=\"woocommerce-Price-amount amount\"><bdi>2.600,90&nbsp;<span class=\"woocommerce-Price-currencySymbol\">&euro;<\/span><\/bdi><\/span> <small class=\"woocommerce-price-suffix\">HT<\/small>\n\t\t\t\t<\/div><\/div>\n\n\t\t\t\t<\/li><li class=\"wc-block-product post-61399 product type-product status-publish has-post-thumbnail product_brand-lincar-fr product_cat-poeles-au-bois-avec-four product_shipping_class-stufe-a-legna-con-forno-2-2 pa_colore-beige-fr pa_colore-blanc pa_colore-noir pa_colore-rouge sales-flash-overlay woocommerce-text-align-center woocommerce-image-align-center do-quantity-buttons  instock taxable shipping-taxable purchasable product-type-variable\"\n\t\t\t\t\t\n\t\t\t\tdata-wp-interactive=\"woocommerce\/product-collection\"\n\t\t\t\tdata-wp-context='{\"productId\":61399}'\n\t\t\t\tdata-wp-key=\"product-item-61399\"\n\t\t\t\n\t\t\t\t>\n\t\t\t\t\t\n<div data-block-name=\"woocommerce\/product-image\" data-image-sizing=\"thumbnail\" data-is-descendent-of-query-loop=\"true\" data-show-sale-badge=\"false\" class=\"wc-block-components-product-image wc-block-grid__product-image wc-block-components-product-image--aspect-ratio-auto wp-block-woocommerce-product-image\"><a href=\"https:\/\/www.fokussrl.com\/fr\/produit\/poele-bois-avec-four-monella-185-n\/\" style=\"\" data-wp-on--click=\"woocommerce\/product-collection::actions.viewProduct\"><img decoding=\"async\" width=\"300\" height=\"300\" src=\"https:\/\/www.fokussrl.com\/wp-content\/uploads\/2025\/01\/70423a_3d37e7a0de9f436dbfcc39ffc0cb7ec8mv2-300x300.jpg\" class=\"attachment-woocommerce_thumbnail size-woocommerce_thumbnail\" alt=\"Po\u00eale \u00e0 bois avec four MONELLA 185 N - Lincar\" data-testid=\"product-image\" data-image-id=\"60587\" style=\"object-fit:cover;\" loading=\"lazy\" srcset=\"https:\/\/www.fokussrl.com\/wp-content\/uploads\/2025\/01\/70423a_3d37e7a0de9f436dbfcc39ffc0cb7ec8mv2-300x300.jpg 300w, https:\/\/www.fokussrl.com\/wp-content\/uploads\/2025\/01\/70423a_3d37e7a0de9f436dbfcc39ffc0cb7ec8mv2-150x150.jpg 150w, https:\/\/www.fokussrl.com\/wp-content\/uploads\/2025\/01\/70423a_3d37e7a0de9f436dbfcc39ffc0cb7ec8mv2-100x100.jpg 100w\" sizes=\"auto, (max-width: 300px) 100vw, 300px\" \/><div class=\"wc-block-components-product-image__inner-container\">\n\n<\/div><\/a><\/div>\n\n<h3 style=\"font-size:13px;font-style:normal;font-weight:500;text-transform:uppercase; margin-bottom:0.75rem;margin-top:0;\" class=\"has-text-align-center has-link-color wp-elements-f49df5a45cd9fc927f3a9fccc3b84773 wp-block-post-title has-text-color has-contrast-color\"><a data-wp-on--click=\"woocommerce\/product-collection::actions.viewProduct\" href=\"https:\/\/www.fokussrl.com\/fr\/produit\/poele-bois-avec-four-monella-185-n\/\" target=\"_self\">Po\u00eale \u00e0 bois avec four MONELLA 185 N &#8211; Lincar<\/a><\/h3>\n\n<div data-block-name=\"woocommerce\/product-price\" data-is-descendent-of-query-loop=\"true\" data-style=\"{&quot;typography&quot;:{&quot;fontSize&quot;:&quot;14px&quot;},&quot;elements&quot;:{&quot;link&quot;:{&quot;color&quot;:{&quot;text&quot;:&quot;var:preset|color|prezzo&quot;}}}}\" data-text-align=\"center\" data-text-color=\"prezzo\" style=\"font-size: 14px; font-size:14px;\" class=\"has-text-align-center has-text-color has-prezzo-color wp-elements-8cdf4749307a23b4b49ac430d9b5e2e6 wp-elements-8cdf4749307a23b4b49ac430d9b5e2e6 wp-block-woocommerce-product-price has-text-color has-prezzo-color\" ><div class=\"wc-block-components-product-price wc-block-grid__product-price\" >\n\t\t\t\t\t<span class=\"woocommerce-Price-amount amount\"><bdi>3.144,84&nbsp;<span class=\"woocommerce-Price-currencySymbol\">&euro;<\/span><\/bdi><\/span> <small class=\"woocommerce-price-suffix\">HT<\/small>\n\t\t\t\t<\/div><\/div>\n\n\t\t\t\t<\/li><li class=\"wc-block-product post-59135 product type-product status-publish has-post-thumbnail product_brand-ugo-cadel-fr product_cat-poeles-au-bois-avec-four product_shipping_class-stufe-a-legna-con-forno-2-2 pa_colore-beige-fr pa_colore-blanc pa_colore-bordeaux-fr pa_colore-gris pa_colore-gris-beige pa_colore-gris-bordeaux pa_colore-gris-serpentine pa_colore-ollaire sales-flash-overlay woocommerce-text-align-center woocommerce-image-align-center do-quantity-buttons  instock taxable shipping-taxable purchasable product-type-variable\"\n\t\t\t\t\t\n\t\t\t\tdata-wp-interactive=\"woocommerce\/product-collection\"\n\t\t\t\tdata-wp-context='{\"productId\":59135}'\n\t\t\t\tdata-wp-key=\"product-item-59135\"\n\t\t\t\n\t\t\t\t>\n\t\t\t\t\t\n<div data-block-name=\"woocommerce\/product-image\" data-image-sizing=\"thumbnail\" data-is-descendent-of-query-loop=\"true\" data-show-sale-badge=\"false\" class=\"wc-block-components-product-image wc-block-grid__product-image wc-block-components-product-image--aspect-ratio-auto wp-block-woocommerce-product-image\"><a href=\"https:\/\/www.fokussrl.com\/fr\/produit\/poele-bois-futura-avec-four\/\" style=\"\" data-wp-on--click=\"woocommerce\/product-collection::actions.viewProduct\"><img decoding=\"async\" width=\"300\" height=\"300\" src=\"https:\/\/www.fokussrl.com\/wp-content\/uploads\/2025\/01\/70423a_abfb14f8c250430bb15ab85bc1df6decmv2-300x300.jpg\" class=\"attachment-woocommerce_thumbnail size-woocommerce_thumbnail\" alt=\"Po\u00eale \u00e0 bois FUTURA avec four - Ugo Cadel\" data-testid=\"product-image\" data-image-id=\"56049\" style=\"object-fit:cover;\" loading=\"lazy\" srcset=\"https:\/\/www.fokussrl.com\/wp-content\/uploads\/2025\/01\/70423a_abfb14f8c250430bb15ab85bc1df6decmv2-300x300.jpg 300w, https:\/\/www.fokussrl.com\/wp-content\/uploads\/2025\/01\/70423a_abfb14f8c250430bb15ab85bc1df6decmv2-150x150.jpg 150w, https:\/\/www.fokussrl.com\/wp-content\/uploads\/2025\/01\/70423a_abfb14f8c250430bb15ab85bc1df6decmv2-100x100.jpg 100w\" sizes=\"auto, (max-width: 300px) 100vw, 300px\" \/><div class=\"wc-block-components-product-image__inner-container\">\n\n<\/div><\/a><\/div>\n\n<h3 style=\"font-size:13px;font-style:normal;font-weight:500;text-transform:uppercase; margin-bottom:0.75rem;margin-top:0;\" class=\"has-text-align-center has-link-color wp-elements-f49df5a45cd9fc927f3a9fccc3b84773 wp-block-post-title has-text-color has-contrast-color\"><a data-wp-on--click=\"woocommerce\/product-collection::actions.viewProduct\" href=\"https:\/\/www.fokussrl.com\/fr\/produit\/poele-bois-futura-avec-four\/\" target=\"_self\">Po\u00eale \u00e0 bois FUTURA avec four &#8211; Ugo Cadel<\/a><\/h3>\n\n<div data-block-name=\"woocommerce\/product-price\" data-is-descendent-of-query-loop=\"true\" data-style=\"{&quot;typography&quot;:{&quot;fontSize&quot;:&quot;14px&quot;},&quot;elements&quot;:{&quot;link&quot;:{&quot;color&quot;:{&quot;text&quot;:&quot;var:preset|color|prezzo&quot;}}}}\" data-text-align=\"center\" data-text-color=\"prezzo\" style=\"font-size: 14px; font-size:14px;\" class=\"has-text-align-center has-text-color has-prezzo-color wp-elements-8cdf4749307a23b4b49ac430d9b5e2e6 wp-elements-8cdf4749307a23b4b49ac430d9b5e2e6 wp-block-woocommerce-product-price has-text-color has-prezzo-color\" ><div class=\"wc-block-components-product-price wc-block-grid__product-price\" >\n\t\t\t\t\t<span class=\"woocommerce-Price-amount amount\" aria-hidden=\"true\"><bdi>3.451,23&nbsp;<span class=\"woocommerce-Price-currencySymbol\">&euro;<\/span><\/bdi><\/span> <span aria-hidden=\"true\">\u00a0\u2013\u00a0<\/span> <span class=\"woocommerce-Price-amount amount\" aria-hidden=\"true\"><bdi>4.699,18&nbsp;<span class=\"woocommerce-Price-currencySymbol\">&euro;<\/span><\/bdi><\/span><span class=\"screen-reader-text\">Plage de prix\u00a0: 3.451,23&nbsp;&euro; \u00e0 4.699,18&nbsp;&euro;<\/span> <small class=\"woocommerce-price-suffix\">HT<\/small>\n\t\t\t\t<\/div><\/div>\n\n\t\t\t\t<\/li><li class=\"wc-block-product post-59121 product type-product status-publish has-post-thumbnail product_brand-bellido-fr product_cat-poeles-au-bois-avec-four product_shipping_class-stufe-a-legna-con-forno-2-2 pa_versione-convection-naturelle pa_versione-ventilation-forcee sales-flash-overlay woocommerce-text-align-center woocommerce-image-align-center do-quantity-buttons last instock taxable shipping-taxable purchasable product-type-variable\"\n\t\t\t\t\t\n\t\t\t\tdata-wp-interactive=\"woocommerce\/product-collection\"\n\t\t\t\tdata-wp-context='{\"productId\":59121}'\n\t\t\t\tdata-wp-key=\"product-item-59121\"\n\t\t\t\n\t\t\t\t>\n\t\t\t\t\t\n<div data-block-name=\"woocommerce\/product-image\" data-image-sizing=\"thumbnail\" data-is-descendent-of-query-loop=\"true\" data-show-sale-badge=\"false\" class=\"wc-block-components-product-image wc-block-grid__product-image wc-block-components-product-image--aspect-ratio-auto wp-block-woocommerce-product-image\"><a href=\"https:\/\/www.fokussrl.com\/fr\/produit\/poele-bois-avec-four-bake\/\" style=\"\" data-wp-on--click=\"woocommerce\/product-collection::actions.viewProduct\"><img decoding=\"async\" width=\"300\" height=\"300\" src=\"https:\/\/www.fokussrl.com\/wp-content\/uploads\/2025\/01\/70423a_6b0d808f901b4aca9e1dc6f2b0c14e79mv2-300x300.jpg\" class=\"attachment-woocommerce_thumbnail size-woocommerce_thumbnail\" alt=\"Po\u00eale \u00e0 bois avec four BAKE - Bellido\" data-testid=\"product-image\" data-image-id=\"55975\" style=\"object-fit:cover;\" loading=\"lazy\" srcset=\"https:\/\/www.fokussrl.com\/wp-content\/uploads\/2025\/01\/70423a_6b0d808f901b4aca9e1dc6f2b0c14e79mv2-300x300.jpg 300w, https:\/\/www.fokussrl.com\/wp-content\/uploads\/2025\/01\/70423a_6b0d808f901b4aca9e1dc6f2b0c14e79mv2-150x150.jpg 150w, https:\/\/www.fokussrl.com\/wp-content\/uploads\/2025\/01\/70423a_6b0d808f901b4aca9e1dc6f2b0c14e79mv2-100x100.jpg 100w\" sizes=\"auto, (max-width: 300px) 100vw, 300px\" \/><div class=\"wc-block-components-product-image__inner-container\">\n\n<\/div><\/a><\/div>\n\n<h3 style=\"font-size:13px;font-style:normal;font-weight:500;text-transform:uppercase; margin-bottom:0.75rem;margin-top:0;\" class=\"has-text-align-center has-link-color wp-elements-f49df5a45cd9fc927f3a9fccc3b84773 wp-block-post-title has-text-color has-contrast-color\"><a data-wp-on--click=\"woocommerce\/product-collection::actions.viewProduct\" href=\"https:\/\/www.fokussrl.com\/fr\/produit\/poele-bois-avec-four-bake\/\" target=\"_self\">Po\u00eale \u00e0 bois avec four BAKE &#8211; Bellido<\/a><\/h3>\n\n<div data-block-name=\"woocommerce\/product-price\" data-is-descendent-of-query-loop=\"true\" data-style=\"{&quot;typography&quot;:{&quot;fontSize&quot;:&quot;14px&quot;},&quot;elements&quot;:{&quot;link&quot;:{&quot;color&quot;:{&quot;text&quot;:&quot;var:preset|color|prezzo&quot;}}}}\" data-text-align=\"center\" data-text-color=\"prezzo\" style=\"font-size: 14px; font-size:14px;\" class=\"has-text-align-center has-text-color has-prezzo-color wp-elements-8cdf4749307a23b4b49ac430d9b5e2e6 wp-elements-8cdf4749307a23b4b49ac430d9b5e2e6 wp-block-woocommerce-product-price has-text-color has-prezzo-color\" ><div class=\"wc-block-components-product-price wc-block-grid__product-price\" >\n\t\t\t\t\t<span class=\"woocommerce-Price-amount amount\" aria-hidden=\"true\"><bdi>2.663,73&nbsp;<span class=\"woocommerce-Price-currencySymbol\">&euro;<\/span><\/bdi><\/span> <span aria-hidden=\"true\">\u00a0\u2013\u00a0<\/span> <span class=\"woocommerce-Price-amount amount\" aria-hidden=\"true\"><bdi>2.810,04&nbsp;<span class=\"woocommerce-Price-currencySymbol\">&euro;<\/span><\/bdi><\/span><span class=\"screen-reader-text\">Plage de prix\u00a0: 2.663,73&nbsp;&euro; \u00e0 2.810,04&nbsp;&euro;<\/span> <small class=\"woocommerce-price-suffix\">HT<\/small>\n\t\t\t\t<\/div><\/div>\n\n\t\t\t\t<\/li><li class=\"wc-block-product post-53105 product type-product status-publish has-post-thumbnail product_brand-la-nordica-extraflame-fr product_cat-poeles-au-bois-avec-four product_shipping_class-stufe-a-legna-con-forno-2-2 sales-flash-overlay woocommerce-text-align-center woocommerce-image-align-center do-quantity-buttons first instock taxable shipping-taxable purchasable product-type-simple\"\n\t\t\t\t\t\n\t\t\t\tdata-wp-interactive=\"woocommerce\/product-collection\"\n\t\t\t\tdata-wp-context='{\"productId\":53105}'\n\t\t\t\tdata-wp-key=\"product-item-53105\"\n\t\t\t\n\t\t\t\t>\n\t\t\t\t\t\n<div data-block-name=\"woocommerce\/product-image\" data-image-sizing=\"thumbnail\" data-is-descendent-of-query-loop=\"true\" data-show-sale-badge=\"false\" class=\"wc-block-components-product-image wc-block-grid__product-image wc-block-components-product-image--aspect-ratio-auto wp-block-woocommerce-product-image\"><a href=\"https:\/\/www.fokussrl.com\/fr\/produit\/poele-bois-avec-four-isotta-forno-evo-9-7-kw\/\" style=\"\" data-wp-on--click=\"woocommerce\/product-collection::actions.viewProduct\"><img decoding=\"async\" width=\"300\" height=\"300\" src=\"https:\/\/www.fokussrl.com\/wp-content\/uploads\/2025\/01\/70423a_b542006c6ab544b6b6df6d32294cc88amv2-300x300.jpg\" class=\"attachment-woocommerce_thumbnail size-woocommerce_thumbnail\" alt=\"Po\u00eale \u00e0 bois avec four ISOTTA FORNO EVO 9,7 kW - La Nordica - Extraflame\" data-testid=\"product-image\" data-image-id=\"53106\" style=\"object-fit:cover;\" loading=\"lazy\" srcset=\"https:\/\/www.fokussrl.com\/wp-content\/uploads\/2025\/01\/70423a_b542006c6ab544b6b6df6d32294cc88amv2-300x300.jpg 300w, https:\/\/www.fokussrl.com\/wp-content\/uploads\/2025\/01\/70423a_b542006c6ab544b6b6df6d32294cc88amv2-150x150.jpg 150w, https:\/\/www.fokussrl.com\/wp-content\/uploads\/2025\/01\/70423a_b542006c6ab544b6b6df6d32294cc88amv2-100x100.jpg 100w\" sizes=\"auto, (max-width: 300px) 100vw, 300px\" \/><div class=\"wc-block-components-product-image__inner-container\">\n\n<\/div><\/a><\/div>\n\n<h3 style=\"font-size:13px;font-style:normal;font-weight:500;text-transform:uppercase; margin-bottom:0.75rem;margin-top:0;\" class=\"has-text-align-center has-link-color wp-elements-f49df5a45cd9fc927f3a9fccc3b84773 wp-block-post-title has-text-color has-contrast-color\"><a data-wp-on--click=\"woocommerce\/product-collection::actions.viewProduct\" href=\"https:\/\/www.fokussrl.com\/fr\/produit\/poele-bois-avec-four-isotta-forno-evo-9-7-kw\/\" target=\"_self\">Po\u00eale \u00e0 bois avec four ISOTTA FORNO EVO 9,7 kW &#8211; La Nordica &#8211; Extraflame<\/a><\/h3>\n\n<div data-block-name=\"woocommerce\/product-price\" data-is-descendent-of-query-loop=\"true\" data-style=\"{&quot;typography&quot;:{&quot;fontSize&quot;:&quot;14px&quot;},&quot;elements&quot;:{&quot;link&quot;:{&quot;color&quot;:{&quot;text&quot;:&quot;var:preset|color|prezzo&quot;}}}}\" data-text-align=\"center\" data-text-color=\"prezzo\" style=\"font-size: 14px; font-size:14px;\" class=\"has-text-align-center has-text-color has-prezzo-color wp-elements-8cdf4749307a23b4b49ac430d9b5e2e6 wp-elements-8cdf4749307a23b4b49ac430d9b5e2e6 wp-block-woocommerce-product-price has-text-color has-prezzo-color\" ><div class=\"wc-block-components-product-price wc-block-grid__product-price\" >\n\t\t\t\t\t<span class=\"woocommerce-Price-amount amount\"><bdi>2.724,84&nbsp;<span class=\"woocommerce-Price-currencySymbol\">&euro;<\/span><\/bdi><\/span> <small class=\"woocommerce-price-suffix\">HT<\/small>\n\t\t\t\t<\/div><\/div>\n\n\t\t\t\t<\/li><\/ul><\/div>\n\n<\/div>\n\n<div class=\"gb-container gb-container-ad0945a6\">\n\n<a class=\"gb-button gb-button-63aa8cfd gb-button-text\" href=\"https:\/\/www.fokussrl.com\/fr\/categorie-produit\/poeles\/poeles-au-bois-avec-four\/\">Voir tous les po\u00eales au bois avec four<\/a>\n\n<\/div>\n<\/div>","protected":false},"excerpt":{"rendered":"<p>Chemin\u00e9es design Chemin\u00e9es au bio\u00e9thanol Chemin\u00e9es \u00e9lectriques Po\u00eales au bois Po\u00eales \u00e0 granul\u00e9s Po\u00eales au bois avec four<\/p>\n","protected":false},"author":1,"featured_media":0,"parent":0,"menu_order":1,"comment_status":"closed","ping_status":"closed","template":"","meta":{"_acf_changed":false,"footnotes":""},"class_list":["post-39","page","type-page","status-publish"],"acf":[],"_links":{"self":[{"href":"https:\/\/www.fokussrl.com\/fr\/wp-json\/wp\/v2\/pages\/39","targetHints":{"allow":["GET"]}}],"collection":[{"href":"https:\/\/www.fokussrl.com\/fr\/wp-json\/wp\/v2\/pages"}],"about":[{"href":"https:\/\/www.fokussrl.com\/fr\/wp-json\/wp\/v2\/types\/page"}],"author":[{"embeddable":true,"href":"https:\/\/www.fokussrl.com\/fr\/wp-json\/wp\/v2\/users\/1"}],"replies":[{"embeddable":true,"href":"https:\/\/www.fokussrl.com\/fr\/wp-json\/wp\/v2\/comments?post=39"}],"version-history":[{"count":0,"href":"https:\/\/www.fokussrl.com\/fr\/wp-json\/wp\/v2\/pages\/39\/revisions"}],"wp:attachment":[{"href":"https:\/\/www.fokussrl.com\/fr\/wp-json\/wp\/v2\/media?parent=39"}],"curies":[{"name":"wp","href":"https:\/\/api.w.org\/{rel}","templated":true}]}}