{"id":53064,"date":"2025-01-30T23:02:55","date_gmt":"2025-01-30T22:02:55","guid":{"rendered":"http:\/\/fokussrl.com\/prodotto\/insert-granules-draco-8-kw\/"},"modified":"2025-01-30T22:47:08","modified_gmt":"2025-01-30T21:47:08","slug":"insert-granules-draco-8-kw","status":"publish","type":"product","link":"https:\/\/www.fokussrl.com\/fr\/produit\/insert-granules-draco-8-kw\/","title":{"rendered":"Insert \u00e0 granul\u00e9s DRACO 8 kW &#8211; L&rsquo;artistico"},"content":{"rendered":"<ul>\n<li>Puissance thermique nominale : 7,8 min. 3,8 kW<\/li>\n<li>Rendement max. 91,2 % min 92,2%<\/li>\n<li>Consommation horaire de granul\u00e9s max. 1,8 Kg\/h. min. 0,8 Kg\/h.<\/li>\n<li>Autonomie max. 8 h. \/ min. 19 h.<\/li>\n<li>Capacit\u00e9 du r\u00e9servoir \u00e0 granul\u00e9s 15 kg<\/li>\n<li>Consommation \u00e9lectrique en fonctionnement 33 &#8211; 47 W\/h.<\/li>\n<li>Ventilateur d&rsquo;air 165 m3\/h.<\/li>\n<li>R\u00e9gulation et fonctionnement T\u00e9l\u00e9commande IR<\/li>\n<li>Poids net 108 kg<\/li>\n<li>Complet avec t\u00e9l\u00e9commande et kit de chargement de granul\u00e9s<\/li>\n<li>Certification environnementale DM186 4 \u00e9toiles<\/li>\n<\/ul>\n","protected":false},"excerpt":{"rendered":"<p>Chemin\u00e9e \u00e0 granul\u00e9s silencieuse et minimaliste, DRACO 8 est la solution parfaite pour r\u00e9nover une ancienne chemin\u00e9e ou en cr\u00e9er une nouvelle en parfaite harmonie avec le mur. Esth\u00e9tique et performances techniques cohabitent dans cette chemin\u00e9e, vous offrant la possibilit\u00e9 de chauffer votre environnement sans gaspillage, gr\u00e2ce \u00e0 la programmation des allumages et arr\u00eats. La vitre frontale carr\u00e9e souligne la beaut\u00e9 de la flamme dans une chemin\u00e9e qui r\u00e9chauffe le c\u0153ur et la vue. DRACO 8 apporte \u00e0 votre maison toute la chaleur d\u2019une chemin\u00e9e traditionnelle dans un design nouveau, plus moderne et minimaliste.<\/p>\n","protected":false},"featured_media":53065,"template":"","meta":{"_acf_changed":false},"product_brand":[4822],"product_cat":[4593],"product_tag":[],"class_list":{"0":"post-53064","1":"product","2":"type-product","3":"status-publish","4":"has-post-thumbnail","6":"product_brand-l-artistico-fr","7":"product_cat-inserts-a-granules","8":"product_shipping_class-inserti-a-pellet-2-2","9":"sales-flash-overlay","10":"woocommerce-text-align-center","11":"woocommerce-image-align-center","12":"do-quantity-buttons","14":"first","15":"instock","16":"taxable","17":"shipping-taxable","18":"product-type-simple"},"acf":[],"_links":{"self":[{"href":"https:\/\/www.fokussrl.com\/fr\/wp-json\/wp\/v2\/product\/53064","targetHints":{"allow":["GET"]}}],"collection":[{"href":"https:\/\/www.fokussrl.com\/fr\/wp-json\/wp\/v2\/product"}],"about":[{"href":"https:\/\/www.fokussrl.com\/fr\/wp-json\/wp\/v2\/types\/product"}],"wp:featuredmedia":[{"embeddable":true,"href":"https:\/\/www.fokussrl.com\/fr\/wp-json\/wp\/v2\/media\/53065"}],"wp:attachment":[{"href":"https:\/\/www.fokussrl.com\/fr\/wp-json\/wp\/v2\/media?parent=53064"}],"wp:term":[{"taxonomy":"product_brand","embeddable":true,"href":"https:\/\/www.fokussrl.com\/fr\/wp-json\/wp\/v2\/product_brand?post=53064"},{"taxonomy":"product_cat","embeddable":true,"href":"https:\/\/www.fokussrl.com\/fr\/wp-json\/wp\/v2\/product_cat?post=53064"},{"taxonomy":"product_tag","embeddable":true,"href":"https:\/\/www.fokussrl.com\/fr\/wp-json\/wp\/v2\/product_tag?post=53064"}],"curies":[{"name":"wp","href":"https:\/\/api.w.org\/{rel}","templated":true}]}}