{"id":70187,"date":"2026-03-13T08:50:12","date_gmt":"2026-03-13T07:50:12","guid":{"rendered":"https:\/\/www.fokussrl.com\/?post_type=product&#038;p=70187"},"modified":"2026-03-13T09:09:26","modified_gmt":"2026-03-13T08:09:26","slug":"poele-a-granules-avec-four-emy-11-age-stufe","status":"publish","type":"product","link":"https:\/\/www.fokussrl.com\/fr\/produit\/poele-a-granules-avec-four-emy-11-age-stufe\/","title":{"rendered":"Po\u00eale \u00e0 granul\u00e9s avec four EMY 11 &#8211; Age Stufe"},"content":{"rendered":"<p data-start=\"0\" data-end=\"32\">Puissance introduite : 10,6 kW<\/p>\n<p data-start=\"34\" data-end=\"64\">Puissance nominale : 9,7 kW<\/p>\n<p data-start=\"66\" data-end=\"102\">Sortie des fum\u00e9es : diam\u00e8tre 80 mm<\/p>\n<p data-start=\"104\" data-end=\"142\">Volume chauffable : 190 m\u00e8tres cubes<\/p>\n<p data-start=\"144\" data-end=\"175\">Capacit\u00e9 du r\u00e9servoir : 15 kg<\/p>\n<p data-start=\"177\" data-end=\"217\" data-is-last-node=\"\" data-is-only-node=\"\">Certification environnementale 5 \u00e9toiles<\/p>\n","protected":false},"excerpt":{"rendered":"<p data-start=\"65\" data-end=\"279\">Le <strong data-start=\"68\" data-end=\"97\">po\u00eale \u00e0 air mod\u00e8le EMY 11<\/strong> se distingue par ses <strong data-start=\"119\" data-end=\"155\">dimensions extr\u00eamement compactes<\/strong>, avec seulement <strong data-start=\"172\" data-end=\"195\">28 cm de profondeur<\/strong>, id\u00e9al pour les espaces o\u00f9 la place est limit\u00e9e sans compromettre les performances.<\/p>\n<p data-start=\"281\" data-end=\"709\">Il est \u00e9quip\u00e9 d\u2019un <strong data-start=\"300\" data-end=\"334\">brasero autonettoyant de s\u00e9rie<\/strong>, qui r\u00e9duit la consommation de pellets, garantit une combustion toujours efficace et minimise les op\u00e9rations d\u2019entretien.<br data-start=\"456\" data-end=\"459\" \/>Le <strong data-start=\"462\" data-end=\"496\">tiroir collecteur de poussi\u00e8re<\/strong>, \u00e9galement de s\u00e9rie, est plac\u00e9 \u00e0 l\u2019int\u00e9rieur de la base du po\u00eale. Il limite la chute de cendres sur le sol pendant le nettoyage et lors de l\u2019ouverture de la porte, assurant ainsi plus de propret\u00e9 et de praticit\u00e9.<\/p>\n<p data-start=\"711\" data-end=\"874\">La <strong data-start=\"714\" data-end=\"735\">sortie des fum\u00e9es<\/strong> peut \u00eatre install\u00e9e <strong data-start=\"756\" data-end=\"779\">sur le dessus (top)<\/strong> ou <strong data-start=\"783\" data-end=\"807\">\u00e0 l\u2019arri\u00e8re du po\u00eale<\/strong>, offrant ainsi une plus grande flexibilit\u00e9 lors de l\u2019installation.<\/p>\n<h3 data-section-id=\"t1ncss\" data-start=\"876\" data-end=\"903\">Syst\u00e8me de canalisation<\/h3>\n<p data-start=\"904\" data-end=\"1232\">Le po\u00eale est \u00e9quip\u00e9 d\u2019un <strong data-start=\"929\" data-end=\"979\">syst\u00e8me de canalisation avec deux ventilateurs<\/strong>, permettant de distribuer la chaleur dans d\u2019autres pi\u00e8ces de la maison.<br data-start=\"1051\" data-end=\"1054\" \/><strong data-start=\"1054\" data-end=\"1105\">Cinq configurations de canalisation diff\u00e9rentes<\/strong> sont disponibles et doivent \u00eatre choisies au moment de la commande du po\u00eale. Elles ne peuvent pas \u00eatre modifi\u00e9es par la suite.<\/p>\n<p data-start=\"1234\" data-end=\"1578\">Si l\u2019une des configurations suivantes est choisie : <strong data-start=\"1286\" data-end=\"1302\">C1, C4 ou C5<\/strong>, une quantit\u00e9 significative d\u2019air ne sortira pas de la grille frontale. Dans ce cas, le po\u00eale chauffera la pi\u00e8ce principalement <strong data-start=\"1431\" data-end=\"1459\">par convection naturelle<\/strong>, tandis que <strong data-start=\"1472\" data-end=\"1547\">plus de 50 % de la chaleur sera dirig\u00e9e vers le syst\u00e8me de canalisation<\/strong> pour chauffer d\u2019autres pi\u00e8ces.<\/p>\n","protected":false},"featured_media":70194,"template":"","meta":{"_acf_changed":false},"product_brand":[],"product_cat":[4603,4604],"product_tag":[],"class_list":{"0":"post-70187","1":"product","2":"type-product","3":"status-publish","4":"has-post-thumbnail","6":"product_cat-poeles-a-granules","7":"product_cat-poeles-a-granules-ventiles","8":"product_shipping_class-stufe-a-pellet-2-2","9":"pa_colore-blanc","10":"pa_colore-bordeaux-fr","11":"pa_colore-noir-lustre","12":"pa_versione-avec-kit-de-canalisation","13":"pa_versione-sans-canalisation","14":"sales-flash-overlay","15":"woocommerce-text-align-center","16":"woocommerce-image-align-center","17":"do-quantity-buttons","19":"first","20":"instock","21":"taxable","22":"shipping-taxable","23":"purchasable","24":"product-type-variable"},"acf":[],"_links":{"self":[{"href":"https:\/\/www.fokussrl.com\/fr\/wp-json\/wp\/v2\/product\/70187","targetHints":{"allow":["GET"]}}],"collection":[{"href":"https:\/\/www.fokussrl.com\/fr\/wp-json\/wp\/v2\/product"}],"about":[{"href":"https:\/\/www.fokussrl.com\/fr\/wp-json\/wp\/v2\/types\/product"}],"wp:featuredmedia":[{"embeddable":true,"href":"https:\/\/www.fokussrl.com\/fr\/wp-json\/wp\/v2\/media\/70194"}],"wp:attachment":[{"href":"https:\/\/www.fokussrl.com\/fr\/wp-json\/wp\/v2\/media?parent=70187"}],"wp:term":[{"taxonomy":"product_brand","embeddable":true,"href":"https:\/\/www.fokussrl.com\/fr\/wp-json\/wp\/v2\/product_brand?post=70187"},{"taxonomy":"product_cat","embeddable":true,"href":"https:\/\/www.fokussrl.com\/fr\/wp-json\/wp\/v2\/product_cat?post=70187"},{"taxonomy":"product_tag","embeddable":true,"href":"https:\/\/www.fokussrl.com\/fr\/wp-json\/wp\/v2\/product_tag?post=70187"}],"curies":[{"name":"wp","href":"https:\/\/api.w.org\/{rel}","templated":true}]}}